{"id":196,"date":"2018-04-24T14:44:37","date_gmt":"2018-04-24T14:44:37","guid":{"rendered":"http:\/\/www.icesi.edu.co\/biblioteca\/?post_type=estudiantes&#038;p=196"},"modified":"2026-01-28T21:19:30","modified_gmt":"2026-01-28T21:19:30","slug":"reserva-de-salas","status":"publish","type":"estudiantes","link":"https:\/\/www.icesi.edu.co\/biblioteca\/estudiantes\/reserva-de-salas\/","title":{"rendered":"Reserva de salas"},"content":{"rendered":"\n<hr class=\"wp-block-separator has-text-color has-white-color has-css-opacity has-white-background-color has-background\"\/>\n\n\n\n<p class=\"has-black-color has-text-color\" style=\"font-size:16px\">La Biblioteca de la Universidad Icesi ofrece a la comunidad universitaria el servicio de reserva y pr\u00e9stamo de salas de estudio y video, con el fin de apoyar los procesos de aprendizaje, trabajo colaborativo, comunicaci\u00f3n y esparcimiento.\u00a0<\/p>\n\n\n\n<div class=\"wp-block-columns is-layout-flex wp-container-core-columns-is-layout-9d6595d7 wp-block-columns-is-layout-flex\">\n<div class=\"wp-block-column is-layout-flow wp-block-column-is-layout-flow\" style=\"flex-basis:33.33%\">\n<figure class=\"wp-block-image size-large\"><img fetchpriority=\"high\" decoding=\"async\" width=\"556\" height=\"1024\" src=\"https:\/\/www.icesi.edu.co\/biblioteca\/wp-content\/uploads\/2018\/04\/Reserva-de-salas-1-556x1024.png\" alt=\"\" class=\"wp-image-16931\" srcset=\"https:\/\/www.icesi.edu.co\/biblioteca\/wp-content\/uploads\/2018\/04\/Reserva-de-salas-1-556x1024.png 556w, https:\/\/www.icesi.edu.co\/biblioteca\/wp-content\/uploads\/2018\/04\/Reserva-de-salas-1-163x300.png 163w, https:\/\/www.icesi.edu.co\/biblioteca\/wp-content\/uploads\/2018\/04\/Reserva-de-salas-1-768x1414.png 768w, https:\/\/www.icesi.edu.co\/biblioteca\/wp-content\/uploads\/2018\/04\/Reserva-de-salas-1-834x1536.png 834w, https:\/\/www.icesi.edu.co\/biblioteca\/wp-content\/uploads\/2018\/04\/Reserva-de-salas-1.png 1100w\" sizes=\"(max-width: 556px) 100vw, 556px\" \/><\/figure>\n<\/div>\n\n\n\n<div class=\"wp-block-column is-layout-flow wp-block-column-is-layout-flow\" style=\"flex-basis:66.66%\">\n<div style=\"height:34px\" aria-hidden=\"true\" class=\"wp-block-spacer\"><\/div>\n\n\n\n<figure class=\"wp-block-image size-full is-resized\"><img decoding=\"async\" width=\"838\" height=\"110\" src=\"https:\/\/www.icesi.edu.co\/biblioteca\/wp-content\/uploads\/2018\/04\/reserva-de-salas.png\" alt=\"\" class=\"wp-image-15009\" style=\"width:auto;height:40px\" srcset=\"https:\/\/www.icesi.edu.co\/biblioteca\/wp-content\/uploads\/2018\/04\/reserva-de-salas.png 838w, https:\/\/www.icesi.edu.co\/biblioteca\/wp-content\/uploads\/2018\/04\/reserva-de-salas-300x39.png 300w, https:\/\/www.icesi.edu.co\/biblioteca\/wp-content\/uploads\/2018\/04\/reserva-de-salas-768x101.png 768w\" sizes=\"(max-width: 838px) 100vw, 838px\" \/><\/figure>\n\n\n\n<div style=\"height:24px\" aria-hidden=\"true\" class=\"wp-block-spacer\"><\/div>\n\n\n\n<p class=\"has-black-color has-text-color has-link-color wp-elements-1aedd0d850e1f3950f653ddc83da85fb\" style=\"font-size:16px\">Es un servicio que permite el uso de las salas de estudio y video de la Biblioteca. Estos espacios est\u00e1n pensados para el trabajo colaborativo y las actividades grupales, especialmente aquellas que requieren conversaci\u00f3n, uso de audio o video.\u00a0<\/p>\n\n\n\n<div style=\"height:24px\" aria-hidden=\"true\" class=\"wp-block-spacer\"><\/div>\n\n\n\n<figure class=\"wp-block-image size-full is-resized\"><img decoding=\"async\" width=\"725\" height=\"102\" src=\"https:\/\/www.icesi.edu.co\/biblioteca\/wp-content\/uploads\/2024\/05\/Frame-40007-1.png\" alt=\"\" class=\"wp-image-14860\" style=\"width:auto;height:40px\" srcset=\"https:\/\/www.icesi.edu.co\/biblioteca\/wp-content\/uploads\/2024\/05\/Frame-40007-1.png 725w, https:\/\/www.icesi.edu.co\/biblioteca\/wp-content\/uploads\/2024\/05\/Frame-40007-1-300x42.png 300w\" sizes=\"(max-width: 725px) 100vw, 725px\" \/><\/figure>\n\n\n\n<div style=\"height:24px\" aria-hidden=\"true\" class=\"wp-block-spacer\"><\/div>\n\n\n\n<p class=\"has-black-color has-text-color\" style=\"font-size:16px\">Estudiantes de pregrado, posgrado y profesores.<\/p>\n\n\n\n<div style=\"height:24px\" aria-hidden=\"true\" class=\"wp-block-spacer\"><\/div>\n\n\n\n<figure class=\"wp-block-image size-full is-resized\"><img loading=\"lazy\" decoding=\"async\" width=\"338\" height=\"110\" src=\"https:\/\/www.icesi.edu.co\/biblioteca\/wp-content\/uploads\/2024\/03\/requisitos.png\" alt=\"\" class=\"wp-image-14978\" style=\"width:auto;height:40px\" srcset=\"https:\/\/www.icesi.edu.co\/biblioteca\/wp-content\/uploads\/2024\/03\/requisitos.png 338w, https:\/\/www.icesi.edu.co\/biblioteca\/wp-content\/uploads\/2024\/03\/requisitos-300x98.png 300w\" sizes=\"(max-width: 338px) 100vw, 338px\" \/><\/figure>\n\n\n\n<div style=\"height:35px\" aria-hidden=\"true\" class=\"wp-block-spacer\"><\/div>\n\n\n\n<ul class=\"wp-block-list\">\n<li class=\"has-black-color has-text-color has-link-color wp-elements-ae09123b3a68af3a2f0914d09a839de8\" style=\"font-size:16px\">Ser usuario activo de la Universidad.\u00a0<\/li>\n\n\n\n<li class=\"has-black-color has-text-color has-link-color wp-elements-6f3d6e6fb108b84afac20661b1e9ec6f\" style=\"font-size:16px\">Realizar la reserva a trav\u00e9s del sistema institucional.\u00a0<\/li>\n\n\n\n<li class=\"has-black-color has-text-color has-link-color wp-elements-32ae0af3558f76aa46a5bf0e57d42d2a\" style=\"font-size:16px\">El pr\u00e9stamo est\u00e1 sujeto a disponibilidad.\u00a0<\/li>\n<\/ul>\n\n\n\n<div style=\"height:35px\" aria-hidden=\"true\" class=\"wp-block-spacer\"><\/div>\n\n\n\n<figure class=\"wp-block-image size-medium is-resized\"><img loading=\"lazy\" decoding=\"async\" width=\"300\" height=\"51\" src=\"https:\/\/www.icesi.edu.co\/biblioteca\/wp-content\/uploads\/2018\/04\/condicionesdeuso-300x51.png\" alt=\"\" class=\"wp-image-16933\" style=\"aspect-ratio:5.884155684952498;width:244px;height:auto\" srcset=\"https:\/\/www.icesi.edu.co\/biblioteca\/wp-content\/uploads\/2018\/04\/condicionesdeuso-300x51.png 300w, https:\/\/www.icesi.edu.co\/biblioteca\/wp-content\/uploads\/2018\/04\/condicionesdeuso.png 598w\" sizes=\"(max-width: 300px) 100vw, 300px\" \/><\/figure>\n\n\n\n<div style=\"height:35px\" aria-hidden=\"true\" class=\"wp-block-spacer\"><\/div>\n\n\n\n<ul style=\"font-size:15px\" class=\"wp-block-list has-black-color has-text-color\">\n<li class=\"has-black-color has-text-color has-link-color wp-elements-608157fcac41c13d8f558e6f9c8d7a7f\" style=\"font-size:16px\">Para <strong>estudiantes de pregrado<\/strong>, cada usuario puede realizar una <strong>reserva de hasta 2 horas<\/strong>, con una frecuencia m\u00e1xima de una <strong>reserva cada 3 d\u00edas<\/strong>.\u00a0Si eres de <strong>posgrado<\/strong> podr\u00e1s reservar hasta<strong> 2 horas cada 15 d\u00edas<\/strong>.\u00a0<\/li>\n\n\n\n<li class=\"has-black-color has-text-color has-link-color wp-elements-2efe8654a5bcfe30b5a4b057f0683489\" style=\"font-size:16px\">La sala debe ser utilizada en la fecha y hora reservadas.\u00a0<\/li>\n\n\n\n<li class=\"has-black-color has-text-color has-link-color wp-elements-d850c6ec79807967166b8a49ee399d8b\" style=\"font-size:16px\">Si no vas a utilizar la sala, recuerda cancelar la reserva para permitir el acceso a otros usuarios.\u00a0<\/li>\n<\/ul>\n\n\n\n<div style=\"height:35px\" aria-hidden=\"true\" class=\"wp-block-spacer\"><\/div>\n\n\n<div class=\"wp-block-image\">\n<figure class=\"alignleft size-full is-resized\"><img loading=\"lazy\" decoding=\"async\" width=\"431\" height=\"110\" src=\"https:\/\/www.icesi.edu.co\/biblioteca\/wp-content\/uploads\/2018\/04\/ten-en-cuenta-1.png\" alt=\"\" class=\"wp-image-16938\" style=\"width:auto;height:40px\" srcset=\"https:\/\/www.icesi.edu.co\/biblioteca\/wp-content\/uploads\/2018\/04\/ten-en-cuenta-1.png 431w, https:\/\/www.icesi.edu.co\/biblioteca\/wp-content\/uploads\/2018\/04\/ten-en-cuenta-1-300x77.png 300w\" sizes=\"(max-width: 431px) 100vw, 431px\" \/><\/figure>\n<\/div>\n\n\n<div style=\"height:24px\" aria-hidden=\"true\" class=\"wp-block-spacer\"><\/div>\n\n\n\n<div class=\"wp-block-columns is-layout-flex wp-container-core-columns-is-layout-9d6595d7 wp-block-columns-is-layout-flex\">\n<div class=\"wp-block-column is-layout-flow wp-block-column-is-layout-flow\">\n<figure class=\"wp-block-image size-full is-resized\"><img loading=\"lazy\" decoding=\"async\" width=\"735\" height=\"859\" src=\"https:\/\/www.icesi.edu.co\/biblioteca\/wp-content\/uploads\/2018\/04\/Alimentos.png\" alt=\"\" class=\"wp-image-16941\" style=\"width:200px\" srcset=\"https:\/\/www.icesi.edu.co\/biblioteca\/wp-content\/uploads\/2018\/04\/Alimentos.png 735w, https:\/\/www.icesi.edu.co\/biblioteca\/wp-content\/uploads\/2018\/04\/Alimentos-257x300.png 257w\" sizes=\"(max-width: 735px) 100vw, 735px\" \/><\/figure>\n<\/div>\n\n\n\n<div class=\"wp-block-column is-layout-flow wp-block-column-is-layout-flow\">\n<figure class=\"wp-block-image size-full is-resized\"><img loading=\"lazy\" decoding=\"async\" width=\"735\" height=\"859\" src=\"https:\/\/www.icesi.edu.co\/biblioteca\/wp-content\/uploads\/2018\/04\/Vapeo.png\" alt=\"\" class=\"wp-image-16942\" style=\"width:200px\" srcset=\"https:\/\/www.icesi.edu.co\/biblioteca\/wp-content\/uploads\/2018\/04\/Vapeo.png 735w, https:\/\/www.icesi.edu.co\/biblioteca\/wp-content\/uploads\/2018\/04\/Vapeo-257x300.png 257w\" sizes=\"(max-width: 735px) 100vw, 735px\" \/><\/figure>\n<\/div>\n<\/div>\n\n\n\n<div style=\"height:5px\" aria-hidden=\"true\" class=\"wp-block-spacer\"><\/div>\n\n\n\n<ul style=\"font-size:15px\" class=\"wp-block-list has-black-color has-text-color\">\n<li class=\"has-black-color has-text-color has-link-color wp-elements-6fcbc39e3aaa83552e4502b595c46222\" style=\"font-size:16px\">Mant\u00e9n la sala libre de alimentos y bebidas*.\u00a0<\/li>\n\n\n\n<li class=\"has-black-color has-text-color has-link-color wp-elements-fffc46c3ed7cf212efd60cc1e49bff4b\" style=\"font-size:16px\">La sala es un espacio libre de humo y vapeo*.\u00a0<\/li>\n\n\n\n<li style=\"font-size:16px\">Haz uso continuo de la sala durante el tiempo reservado.\u00a0<\/li>\n\n\n\n<li>Mant\u00e9n un tono de voz acorde con el uso del espacio.\u00a0<\/li>\n\n\n\n<li>Cuida el mobiliario y los recursos disponibles.\u00a0<\/li>\n\n\n\n<li style=\"font-size:16px\">Evita dejar objetos personales sin supervisi\u00f3n.\u00a0<\/li>\n\n\n\n<li class=\"has-black-color has-text-color has-link-color wp-elements-754f5e09ed34499bf3ad6e205f2c7f3a\" style=\"font-size:16px\">Los objetos olvidados ser\u00e1n trasladados a objetos perdidos por el personal de aseo o seguridad de la Universidad.\u00a0<\/li>\n\n\n\n<li class=\"has-black-color has-text-color has-link-color wp-elements-994ad623ad1392954532814e91f66fdc\" style=\"font-size:16px\">Despu\u00e9s de 15 minutos sin uso, la sala podr\u00e1 ser ocupada por otro usuario.<\/li>\n<\/ul>\n\n\n\n<div style=\"height:5px\" aria-hidden=\"true\" class=\"wp-block-spacer\"><\/div>\n\n\n\n<div style=\"height:5px\" aria-hidden=\"true\" class=\"wp-block-spacer\"><\/div>\n\n\n\n<p class=\"has-black-color has-text-color has-link-color wp-elements-237ded35d8e9c96c756a3a673b7cac30\" style=\"font-size:16px\"><strong>El incumplimiento de estas\u00a0condiciones\u00a0podr\u00e1 dar lugar a\u00a0sanciones.\u00a0<\/strong><\/p>\n\n\n\n<div style=\"height:5px\" aria-hidden=\"true\" class=\"wp-block-spacer\"><\/div>\n<\/div>\n<\/div>\n\n\n\n<p><\/p>\n","protected":false},"excerpt":{"rendered":"<p>Conoce acerca de nuestros espacios destinados para trabajo colaborativo e individual o estudio en silencio.<\/p>\n","protected":false},"author":24,"featured_media":0,"parent":0,"comment_status":"open","ping_status":"closed","template":"","categories":[],"tags":[],"class_list":["post-196","estudiantes","type-estudiantes","status-publish","hentry"],"acf":[],"yoast_head":"<!-- This site is optimized with the Yoast SEO plugin v26.7 - https:\/\/yoast.com\/wordpress\/plugins\/seo\/ -->\n<title>Reserva de salas - Biblioteca Universidad Icesi<\/title>\n<meta name=\"description\" content=\"Reserva las salas de estudio de la Biblioteca. Espacios est\u00e1n pensados para el trabajo colaborativo y las actividades grupales.\" \/>\n<meta name=\"robots\" content=\"index, follow, max-snippet:-1, max-image-preview:large, max-video-preview:-1\" \/>\n<link rel=\"canonical\" href=\"https:\/\/www.icesi.edu.co\/biblioteca\/estudiantes\/reserva-de-salas\/\" \/>\n<meta property=\"og:locale\" content=\"es_ES\" \/>\n<meta property=\"og:type\" content=\"article\" \/>\n<meta property=\"og:title\" content=\"Reserva de salas - Biblioteca Universidad Icesi\" \/>\n<meta property=\"og:description\" content=\"Reserva las salas de estudio de la Biblioteca. Espacios est\u00e1n pensados para el trabajo colaborativo y las actividades grupales.\" \/>\n<meta property=\"og:url\" content=\"https:\/\/www.icesi.edu.co\/biblioteca\/estudiantes\/reserva-de-salas\/\" \/>\n<meta property=\"og:site_name\" content=\"Biblioteca Universidad Icesi\" \/>\n<meta property=\"article:publisher\" content=\"https:\/\/www.facebook.com\/biblioicesi\" \/>\n<meta property=\"article:modified_time\" content=\"2026-01-28T21:19:30+00:00\" \/>\n<meta property=\"og:image\" content=\"https:\/\/www.icesi.edu.co\/biblioteca\/wp-content\/uploads\/2018\/04\/Reserva-de-salas-1.png\" \/>\n\t<meta property=\"og:image:width\" content=\"1100\" \/>\n\t<meta property=\"og:image:height\" content=\"2025\" \/>\n\t<meta property=\"og:image:type\" content=\"image\/png\" \/>\n<meta name=\"twitter:card\" content=\"summary_large_image\" \/>\n<meta name=\"twitter:site\" content=\"@BiblioIcesi\" \/>\n<meta name=\"twitter:label1\" content=\"Tiempo de lectura\" \/>\n\t<meta name=\"twitter:data1\" content=\"3 minutos\" \/>\n<script type=\"application\/ld+json\" class=\"yoast-schema-graph\">{\"@context\":\"https:\/\/schema.org\",\"@graph\":[{\"@type\":\"WebPage\",\"@id\":\"https:\/\/www.icesi.edu.co\/biblioteca\/estudiantes\/reserva-de-salas\/\",\"url\":\"https:\/\/www.icesi.edu.co\/biblioteca\/estudiantes\/reserva-de-salas\/\",\"name\":\"Reserva de salas - Biblioteca Universidad Icesi\",\"isPartOf\":{\"@id\":\"https:\/\/www.icesi.edu.co\/biblioteca\/#website\"},\"primaryImageOfPage\":{\"@id\":\"https:\/\/www.icesi.edu.co\/biblioteca\/estudiantes\/reserva-de-salas\/#primaryimage\"},\"image\":{\"@id\":\"https:\/\/www.icesi.edu.co\/biblioteca\/estudiantes\/reserva-de-salas\/#primaryimage\"},\"thumbnailUrl\":\"https:\/\/www.icesi.edu.co\/biblioteca\/wp-content\/uploads\/2018\/04\/Reserva-de-salas-1-556x1024.png\",\"datePublished\":\"2018-04-24T14:44:37+00:00\",\"dateModified\":\"2026-01-28T21:19:30+00:00\",\"description\":\"Reserva las salas de estudio de la Biblioteca. Espacios est\u00e1n pensados para el trabajo colaborativo y las actividades grupales.\",\"breadcrumb\":{\"@id\":\"https:\/\/www.icesi.edu.co\/biblioteca\/estudiantes\/reserva-de-salas\/#breadcrumb\"},\"inLanguage\":\"es\",\"potentialAction\":[{\"@type\":\"ReadAction\",\"target\":[\"https:\/\/www.icesi.edu.co\/biblioteca\/estudiantes\/reserva-de-salas\/\"]}]},{\"@type\":\"ImageObject\",\"inLanguage\":\"es\",\"@id\":\"https:\/\/www.icesi.edu.co\/biblioteca\/estudiantes\/reserva-de-salas\/#primaryimage\",\"url\":\"https:\/\/www.icesi.edu.co\/biblioteca\/wp-content\/uploads\/2018\/04\/Reserva-de-salas-1.png\",\"contentUrl\":\"https:\/\/www.icesi.edu.co\/biblioteca\/wp-content\/uploads\/2018\/04\/Reserva-de-salas-1.png\",\"width\":1100,\"height\":2025},{\"@type\":\"BreadcrumbList\",\"@id\":\"https:\/\/www.icesi.edu.co\/biblioteca\/estudiantes\/reserva-de-salas\/#breadcrumb\",\"itemListElement\":[{\"@type\":\"ListItem\",\"position\":1,\"name\":\"Portada\",\"item\":\"https:\/\/www.icesi.edu.co\/biblioteca\/\"},{\"@type\":\"ListItem\",\"position\":2,\"name\":\"Servicios estudiantes\",\"item\":\"https:\/\/www.icesi.edu.co\/biblioteca\/estudiantes\/\"},{\"@type\":\"ListItem\",\"position\":3,\"name\":\"Reserva de salas\"}]},{\"@type\":\"WebSite\",\"@id\":\"https:\/\/www.icesi.edu.co\/biblioteca\/#website\",\"url\":\"https:\/\/www.icesi.edu.co\/biblioteca\/\",\"name\":\"Biblioteca - Universidad Icesi\",\"description\":\"Somos un lugar de encuentro y experiencias que contribuyen con el \u00e9xito de la formaci\u00f3n activa de los estudiantes y la calidad de las actividades docentes e investigativas. Ofrecemos un portafolio de servicios que integra variadas fuentes de informaci\u00f3n cient\u00edfica, acad\u00e9mica y cultural, respaldado por un excelente equipo de expertos profesionales de la informaci\u00f3n y el conocimiento.\",\"publisher\":{\"@id\":\"https:\/\/www.icesi.edu.co\/biblioteca\/#organization\"},\"potentialAction\":[{\"@type\":\"SearchAction\",\"target\":{\"@type\":\"EntryPoint\",\"urlTemplate\":\"https:\/\/www.icesi.edu.co\/biblioteca\/?s={search_term_string}\"},\"query-input\":{\"@type\":\"PropertyValueSpecification\",\"valueRequired\":true,\"valueName\":\"search_term_string\"}}],\"inLanguage\":\"es\"},{\"@type\":\"Organization\",\"@id\":\"https:\/\/www.icesi.edu.co\/biblioteca\/#organization\",\"name\":\"Universidad Icesi\",\"url\":\"https:\/\/www.icesi.edu.co\/biblioteca\/\",\"logo\":{\"@type\":\"ImageObject\",\"inLanguage\":\"es\",\"@id\":\"https:\/\/www.icesi.edu.co\/biblioteca\/#\/schema\/logo\/image\/\",\"url\":\"\",\"contentUrl\":\"\",\"caption\":\"Universidad Icesi\"},\"image\":{\"@id\":\"https:\/\/www.icesi.edu.co\/biblioteca\/#\/schema\/logo\/image\/\"},\"sameAs\":[\"https:\/\/www.facebook.com\/biblioicesi\",\"https:\/\/x.com\/BiblioIcesi\",\"https:\/\/www.youtube.com\/channel\/UCdrU3JE_YnRw1uBaZVMO4qA\/\"]}]}<\/script>\n<!-- \/ Yoast SEO plugin. -->","yoast_head_json":{"title":"Reserva de salas - Biblioteca Universidad Icesi","description":"Reserva las salas de estudio de la Biblioteca. Espacios est\u00e1n pensados para el trabajo colaborativo y las actividades grupales.","robots":{"index":"index","follow":"follow","max-snippet":"max-snippet:-1","max-image-preview":"max-image-preview:large","max-video-preview":"max-video-preview:-1"},"canonical":"https:\/\/www.icesi.edu.co\/biblioteca\/estudiantes\/reserva-de-salas\/","og_locale":"es_ES","og_type":"article","og_title":"Reserva de salas - Biblioteca Universidad Icesi","og_description":"Reserva las salas de estudio de la Biblioteca. Espacios est\u00e1n pensados para el trabajo colaborativo y las actividades grupales.","og_url":"https:\/\/www.icesi.edu.co\/biblioteca\/estudiantes\/reserva-de-salas\/","og_site_name":"Biblioteca Universidad Icesi","article_publisher":"https:\/\/www.facebook.com\/biblioicesi","article_modified_time":"2026-01-28T21:19:30+00:00","og_image":[{"width":1100,"height":2025,"url":"https:\/\/www.icesi.edu.co\/biblioteca\/wp-content\/uploads\/2018\/04\/Reserva-de-salas-1.png","type":"image\/png"}],"twitter_card":"summary_large_image","twitter_site":"@BiblioIcesi","twitter_misc":{"Tiempo de lectura":"3 minutos"},"schema":{"@context":"https:\/\/schema.org","@graph":[{"@type":"WebPage","@id":"https:\/\/www.icesi.edu.co\/biblioteca\/estudiantes\/reserva-de-salas\/","url":"https:\/\/www.icesi.edu.co\/biblioteca\/estudiantes\/reserva-de-salas\/","name":"Reserva de salas - Biblioteca Universidad Icesi","isPartOf":{"@id":"https:\/\/www.icesi.edu.co\/biblioteca\/#website"},"primaryImageOfPage":{"@id":"https:\/\/www.icesi.edu.co\/biblioteca\/estudiantes\/reserva-de-salas\/#primaryimage"},"image":{"@id":"https:\/\/www.icesi.edu.co\/biblioteca\/estudiantes\/reserva-de-salas\/#primaryimage"},"thumbnailUrl":"https:\/\/www.icesi.edu.co\/biblioteca\/wp-content\/uploads\/2018\/04\/Reserva-de-salas-1-556x1024.png","datePublished":"2018-04-24T14:44:37+00:00","dateModified":"2026-01-28T21:19:30+00:00","description":"Reserva las salas de estudio de la Biblioteca. Espacios est\u00e1n pensados para el trabajo colaborativo y las actividades grupales.","breadcrumb":{"@id":"https:\/\/www.icesi.edu.co\/biblioteca\/estudiantes\/reserva-de-salas\/#breadcrumb"},"inLanguage":"es","potentialAction":[{"@type":"ReadAction","target":["https:\/\/www.icesi.edu.co\/biblioteca\/estudiantes\/reserva-de-salas\/"]}]},{"@type":"ImageObject","inLanguage":"es","@id":"https:\/\/www.icesi.edu.co\/biblioteca\/estudiantes\/reserva-de-salas\/#primaryimage","url":"https:\/\/www.icesi.edu.co\/biblioteca\/wp-content\/uploads\/2018\/04\/Reserva-de-salas-1.png","contentUrl":"https:\/\/www.icesi.edu.co\/biblioteca\/wp-content\/uploads\/2018\/04\/Reserva-de-salas-1.png","width":1100,"height":2025},{"@type":"BreadcrumbList","@id":"https:\/\/www.icesi.edu.co\/biblioteca\/estudiantes\/reserva-de-salas\/#breadcrumb","itemListElement":[{"@type":"ListItem","position":1,"name":"Portada","item":"https:\/\/www.icesi.edu.co\/biblioteca\/"},{"@type":"ListItem","position":2,"name":"Servicios estudiantes","item":"https:\/\/www.icesi.edu.co\/biblioteca\/estudiantes\/"},{"@type":"ListItem","position":3,"name":"Reserva de salas"}]},{"@type":"WebSite","@id":"https:\/\/www.icesi.edu.co\/biblioteca\/#website","url":"https:\/\/www.icesi.edu.co\/biblioteca\/","name":"Biblioteca - Universidad Icesi","description":"Somos un lugar de encuentro y experiencias que contribuyen con el \u00e9xito de la formaci\u00f3n activa de los estudiantes y la calidad de las actividades docentes e investigativas. Ofrecemos un portafolio de servicios que integra variadas fuentes de informaci\u00f3n cient\u00edfica, acad\u00e9mica y cultural, respaldado por un excelente equipo de expertos profesionales de la informaci\u00f3n y el conocimiento.","publisher":{"@id":"https:\/\/www.icesi.edu.co\/biblioteca\/#organization"},"potentialAction":[{"@type":"SearchAction","target":{"@type":"EntryPoint","urlTemplate":"https:\/\/www.icesi.edu.co\/biblioteca\/?s={search_term_string}"},"query-input":{"@type":"PropertyValueSpecification","valueRequired":true,"valueName":"search_term_string"}}],"inLanguage":"es"},{"@type":"Organization","@id":"https:\/\/www.icesi.edu.co\/biblioteca\/#organization","name":"Universidad Icesi","url":"https:\/\/www.icesi.edu.co\/biblioteca\/","logo":{"@type":"ImageObject","inLanguage":"es","@id":"https:\/\/www.icesi.edu.co\/biblioteca\/#\/schema\/logo\/image\/","url":"","contentUrl":"","caption":"Universidad Icesi"},"image":{"@id":"https:\/\/www.icesi.edu.co\/biblioteca\/#\/schema\/logo\/image\/"},"sameAs":["https:\/\/www.facebook.com\/biblioicesi","https:\/\/x.com\/BiblioIcesi","https:\/\/www.youtube.com\/channel\/UCdrU3JE_YnRw1uBaZVMO4qA\/"]}]}},"_links":{"self":[{"href":"https:\/\/www.icesi.edu.co\/biblioteca\/wp-json\/wp\/v2\/estudiantes\/196","targetHints":{"allow":["GET"]}}],"collection":[{"href":"https:\/\/www.icesi.edu.co\/biblioteca\/wp-json\/wp\/v2\/estudiantes"}],"about":[{"href":"https:\/\/www.icesi.edu.co\/biblioteca\/wp-json\/wp\/v2\/types\/estudiantes"}],"author":[{"embeddable":true,"href":"https:\/\/www.icesi.edu.co\/biblioteca\/wp-json\/wp\/v2\/users\/24"}],"replies":[{"embeddable":true,"href":"https:\/\/www.icesi.edu.co\/biblioteca\/wp-json\/wp\/v2\/comments?post=196"}],"version-history":[{"count":57,"href":"https:\/\/www.icesi.edu.co\/biblioteca\/wp-json\/wp\/v2\/estudiantes\/196\/revisions"}],"predecessor-version":[{"id":16951,"href":"https:\/\/www.icesi.edu.co\/biblioteca\/wp-json\/wp\/v2\/estudiantes\/196\/revisions\/16951"}],"wp:attachment":[{"href":"https:\/\/www.icesi.edu.co\/biblioteca\/wp-json\/wp\/v2\/media?parent=196"}],"wp:term":[{"taxonomy":"category","embeddable":true,"href":"https:\/\/www.icesi.edu.co\/biblioteca\/wp-json\/wp\/v2\/categories?post=196"},{"taxonomy":"post_tag","embeddable":true,"href":"https:\/\/www.icesi.edu.co\/biblioteca\/wp-json\/wp\/v2\/tags?post=196"}],"curies":[{"name":"wp","href":"https:\/\/api.w.org\/{rel}","templated":true}]}}