{"id":4,"date":"2025-04-02T20:15:42","date_gmt":"2025-04-02T20:15:42","guid":{"rendered":"https:\/\/www.icesi.edu.co\/blogs\/huertaicesi-systemlivinglab\/community\/"},"modified":"2025-11-20T19:21:34","modified_gmt":"2025-11-20T19:21:34","slug":"community","status":"publish","type":"page","link":"https:\/\/www.icesi.edu.co\/blogs\/huertaicesi-systemlivinglab\/community\/","title":{"rendered":"Nuestro Equipo"},"content":{"rendered":"\n<p>El proyecto&nbsp;<em>Huerta Urbana: Laboratorio vivo en educaci\u00f3n STEM<\/em>&nbsp;es el resultado del esfuerzo colectivo de un equipo interdisciplinario comprometido con la sostenibilidad, la soberan\u00eda alimentaria y la innovaci\u00f3n educativa. Integrado por docentes e investigadores en los campos de las ciencias naturales y la ingenier\u00eda, nuestro equipo combina saberes y experiencias para construir un modelo educativo transformador y sostenible.<\/p>\n\n\n\n<p>Cada integrante aporta una mirada \u00fanica que enriquece la construcci\u00f3n de esta huerta como un espacio vivo de aprendizaje, investigaci\u00f3n y participaci\u00f3n comunitaria. A continuaci\u00f3n, te presentamos a las personas que hacen posible esta iniciativa.<\/p>\n\n\n\n<div class=\"wp-block-media-text is-stacked-on-mobile is-vertically-aligned-center is-image-fill\" style=\"grid-template-columns:47% auto\"><figure class=\"wp-block-media-text__media\" style=\"background-image:url(http:\/\/www.icesi.edu.co\/blogs\/huertaicesi-systemlivinglab\/files\/2025\/07\/Juliana-Rengifo.jpg);background-position:50% 50%\"><img fetchpriority=\"high\" decoding=\"async\" width=\"512\" height=\"512\" src=\"http:\/\/www.icesi.edu.co\/blogs\/huertaicesi-systemlivinglab\/files\/2025\/07\/Juliana-Rengifo.jpg\" alt=\"Juliana Rengifo-G\u00f3mez\" class=\"wp-image-71 size-full\" \/><\/figure><div class=\"wp-block-media-text__content\">\n<blockquote class=\"wp-block-quote is-style-plain has-larger-font-size is-layout-flow wp-block-quote-is-layout-flow\">\n<p class=\"has-large-font-size\"><strong><mark class=\"has-inline-color has-vivid-cyan-blue-color\">Juliana Rengifo-G\u00f3mez<\/mark><\/strong><\/p>\n<\/blockquote>\n\n\n\n<p class=\"has-text-align-left\">La profesora Juliana Rengifo es la jefa del departamento de Ciencias Biol\u00f3gicas, Bioprocesos y Biotecnolog\u00eda de la Facultad de Ingenier\u00eda, Dise\u00f1o y Ciencias Aplicadas. Es bi\u00f3loga de profesi\u00f3n, interesada en las l\u00edneas de fisiolog\u00eda animal y biolog\u00eda molecular. Con su formaci\u00f3n en neurociencia y biolog\u00eda celular, la profesora Juliana aporta una s\u00f3lida trayectoria en investigaci\u00f3n sobre la\u00a0<strong>memoria, aprendizaje asociativo y comportamiento de insectos polinizadores<\/strong>, especialmente en abejas sin aguij\u00f3n (meliponas), trabajo que ha adelantado con la profesora Angie Gua\u00f1arita. Tambi\u00e9n, su trabajo se ha centrado en en el estudio de la\u00a0<strong>O\u2011GlcNAcilaci\u00f3n de prote\u00ednas<\/strong>\u00a0como mecanismo protector contra la\u00a0<strong>isquemia cerebral<\/strong>, empleando modelos animales de infarto cerebral experimental.<\/p>\n<\/div><\/div>\n\n\n\n<hr class=\"wp-block-separator has-alpha-channel-opacity\" \/>\n\n\n\n<div class=\"wp-block-media-text has-media-on-the-right is-stacked-on-mobile is-vertically-aligned-center is-image-fill\" style=\"grid-template-columns:auto 47%\"><div class=\"wp-block-media-text__content\">\n<blockquote class=\"wp-block-quote is-style-plain has-larger-font-size is-layout-flow wp-block-quote-is-layout-flow\">\n<p class=\"has-large-font-size\"><strong><mark class=\"has-inline-color has-vivid-cyan-blue-color\">Mar\u00eda Isabel Rivas-Mar\u00edn<\/mark><\/strong><\/p>\n<\/blockquote>\n\n\n\n<p>Mar\u00eda Isabel Rivas Mar\u00edn es bi\u00f3loga de profesi\u00f3n. Se desempe\u00f1a como la directora del programa de Biolog\u00eda con concentraciones en conservaci\u00f3n y biotecnolog\u00eda. Es tambi\u00e9n coordinadora del programa \u201cPeque\u00f1os Cient\u00edficos\u201d, iniciativa de formaci\u00f3n STEM y aprendizaje por indagaci\u00f3n para ni\u00f1os y docentes en el Valle del Cauca, impactando a miles de estudiantes y promoviendo el pensamiento cient\u00edfico en la comunidad educativa. Su investigaci\u00f3n se centra en la educaci\u00f3n ambiental, el desarrollo de aptitudes cient\u00edficas en ni\u00f1os y el dise\u00f1o de materiales did\u00e1cticos inclusivos, como los libro\u00a0<em>Historias ConCiencia\u00a0<\/em>y\u00a0<em>\u00bfPor qu\u00e9 si el agua es transparente uno ve el mar azul?.\u00a0<\/em>En el contexto del proyecto\u00a0<em>Huerta Urbana<\/em>, aporta su experiencia en dise\u00f1o curricular y metodolog\u00edas participativas para articular enfoques \u00e9ticos, pedag\u00f3gicos y comunitarios con la innovaci\u00f3n agroecol\u00f3gica.<\/p>\n<\/div><figure class=\"wp-block-media-text__media\" style=\"background-image:url(http:\/\/www.icesi.edu.co\/blogs\/huertaicesi-systemlivinglab\/files\/2025\/07\/Maria-Isabel-Rivas-1024x768.jpg);background-position:37% 51%\"><img decoding=\"async\" width=\"1024\" height=\"768\" src=\"http:\/\/www.icesi.edu.co\/blogs\/huertaicesi-systemlivinglab\/files\/2025\/07\/Maria-Isabel-Rivas-1024x768.jpg\" alt=\"\" class=\"wp-image-72 size-full\" \/><\/figure><\/div>\n\n\n\n<hr class=\"wp-block-separator has-alpha-channel-opacity\" \/>\n\n\n\n<div class=\"wp-block-media-text is-stacked-on-mobile is-vertically-aligned-center is-image-fill\" style=\"grid-template-columns:47% auto\"><figure class=\"wp-block-media-text__media\" style=\"background-image:url(http:\/\/www.icesi.edu.co\/blogs\/huertaicesi-systemlivinglab\/files\/2025\/07\/Andres-Navarro.png);background-position:50% 50%\"><img decoding=\"async\" width=\"760\" height=\"950\" src=\"http:\/\/www.icesi.edu.co\/blogs\/huertaicesi-systemlivinglab\/files\/2025\/07\/Andres-Navarro.png\" alt=\"\" class=\"wp-image-73 size-full\" \/><\/figure><div class=\"wp-block-media-text__content\">\n<blockquote class=\"wp-block-quote is-style-plain has-larger-font-size is-layout-flow wp-block-quote-is-layout-flow\">\n<p class=\"has-large-font-size\"><strong><mark class=\"has-inline-color has-vivid-cyan-blue-color\">Andr\u00e9s Navarro-Cadavid<\/mark><\/strong><\/p>\n<\/blockquote>\n\n\n\n<p>Como ingeniero electr\u00f3nico, el profesor Andr\u00e9s Navarro-Cadavid,\u00a0aporta al proyecto una s\u00f3lida trayectoria en tecnolog\u00edas de la informaci\u00f3n, comunicaciones y salud digital. Es profesor titular en la Universidad Icesi y director del centro i2t. Su experiencia le ha permitido\u00a0liderar investigaciones en redes m\u00f3viles, propagaci\u00f3n radioel\u00e9ctrica, espectro y aplicaciones en m\u2011Health. En el marco de este proyecto, su contribuci\u00f3n se enfoca en el dise\u00f1o e implementaci\u00f3n de sistemas IoT para el monitoreo ambiental y de polinizadores en la huerta universitaria. Adem\u00e1s, promueve la integraci\u00f3n de tecnolog\u00edas 4.0 como sensores inteligentes, aprendizaje autom\u00e1tico y conectividad de baja potencia (LoRa, ZigBee) para optimizar procesos agroecol\u00f3gicos. Su enfoque tecnol\u00f3gico fortalece el car\u00e1cter experimental del laboratorio vivo, acercando la ingenier\u00eda a problem\u00e1ticas de sostenibilidad, biodiversidad y seguridad alimentaria.<\/p>\n<\/div><\/div>\n\n\n\n<hr class=\"wp-block-separator has-alpha-channel-opacity\" \/>\n\n\n\n<div class=\"wp-block-media-text has-media-on-the-right is-stacked-on-mobile is-vertically-aligned-center is-image-fill\" style=\"grid-template-columns:auto 47%\"><div class=\"wp-block-media-text__content\">\n<blockquote class=\"wp-block-quote is-style-plain has-larger-font-size is-layout-flow wp-block-quote-is-layout-flow\">\n<p class=\"has-large-font-size\"><strong><mark class=\"has-inline-color has-vivid-cyan-blue-color\">Paola Andrea Olaya-Arenas<\/mark><\/strong><\/p>\n<\/blockquote>\n\n\n\n<p>La profesora Paola Andrea Olaya Arenas es bi\u00f3loga y profesora adjunta en la Universidad Icesi, con amplia experiencia en ecolog\u00eda de insectos, entomolog\u00eda urbana y servicios ecosist\u00e9micos. Su trabajo postdoctoral con el Instituto Alexander von Humboldt y su investigaci\u00f3n sobre comunidades de insectos en \u00e1rboles urbanos (como\u00a0<em>Ficus americana<\/em>\u00a0en Bogot\u00e1) le han permitido explorar funciones de predadores, herb\u00edvoros y parasitoides en entornos urbanos. Con un enfoque en seguridad alimentaria, manejo integrado de plagas y biodiversidad, aporta conocimiento clave sobre el control biol\u00f3gico y la din\u00e1mica poblacional de polinizadores urbanos. En el marco del proyecto\u00a0<em>Huerta Urbana<\/em>, su rol fortalece el componente ecol\u00f3gico y experimental, integrando el comportamiento de abejas nativas y sus interacciones con el entorno urbano-agroecol\u00f3gico para promover agroecosistemas sostenibles y resilientes.<\/p>\n<\/div><figure class=\"wp-block-media-text__media\" style=\"background-image:url(http:\/\/www.icesi.edu.co\/blogs\/huertaicesi-systemlivinglab\/files\/2025\/07\/Paola-Olaya.jpg);background-position:31% 55%\"><img loading=\"lazy\" decoding=\"async\" width=\"250\" height=\"250\" src=\"http:\/\/www.icesi.edu.co\/blogs\/huertaicesi-systemlivinglab\/files\/2025\/07\/Paola-Olaya.jpg\" alt=\"\" class=\"wp-image-75 size-full\" \/><\/figure><\/div>\n\n\n\n<hr class=\"wp-block-separator has-alpha-channel-opacity\" \/>\n\n\n\n<div class=\"wp-block-media-text is-stacked-on-mobile is-vertically-aligned-center is-image-fill\" style=\"grid-template-columns:47% auto\"><figure class=\"wp-block-media-text__media\" style=\"background-image:url(http:\/\/www.icesi.edu.co\/blogs\/huertaicesi-systemlivinglab\/files\/2025\/07\/Captura-de-pantalla-2025-07-28-232944.png);background-position:50% 50%\"><img loading=\"lazy\" decoding=\"async\" width=\"387\" height=\"312\" src=\"http:\/\/www.icesi.edu.co\/blogs\/huertaicesi-systemlivinglab\/files\/2025\/07\/Captura-de-pantalla-2025-07-28-232944.png\" alt=\"\" class=\"wp-image-76 size-full\" \/><\/figure><div class=\"wp-block-media-text__content\">\n<blockquote class=\"wp-block-quote is-style-plain has-larger-font-size is-layout-flow wp-block-quote-is-layout-flow\">\n<p class=\"has-large-font-size\"><strong><mark class=\"has-inline-color has-vivid-cyan-blue-color\">Robin Alberto Castro-Gil<\/mark><\/strong><\/p>\n<\/blockquote>\n\n\n\n<p>El profesor Robin Castro, es ingeniero de sistemas de la Universidad Icesi\u00a0Actualmente es director del Centro Interdisciplinario para las Transformaciones Digitales y la Inteligencia Artificial (CITRADI),\u00a0 y del departamento de Humanidad, Tecnolog\u00eda y Ciencia de la Facultad de Ciencias Humanas.\u00a0Su trabajo se centra en la intersecci\u00f3n de TIC, participaci\u00f3n comunitaria, educaci\u00f3n y mediaci\u00f3n tecnol\u00f3gica, con enfoque en la inteligencia colectiva y la transformaci\u00f3n digital educativa.\u00a0En el contexto del proyecto\u00a0<em>Huerta Urbana: Laboratorio vivo en educaci\u00f3n STEM<\/em>, su contribuci\u00f3n se orienta a fortalecer los componentes de participaci\u00f3n social y apropiaci\u00f3n tecnol\u00f3gica, dise\u00f1ando estrategias colaborativas que integran redes comunitarias, ciencia ciudadana y tecnolog\u00edas digitales para promover pr\u00e1cticas agroecol\u00f3gicas urbanas desde una perspectiva CTS.<\/p>\n<\/div><\/div>\n\n\n\n<hr class=\"wp-block-separator has-alpha-channel-opacity\" \/>\n\n\n\n<div class=\"wp-block-media-text has-media-on-the-right is-stacked-on-mobile is-vertically-aligned-center is-image-fill\" style=\"grid-template-columns:auto 47%\"><div class=\"wp-block-media-text__content\">\n<blockquote class=\"wp-block-quote is-style-plain has-larger-font-size is-layout-flow wp-block-quote-is-layout-flow\">\n<p class=\"has-large-font-size\"><strong><mark class=\"has-inline-color has-vivid-cyan-blue-color\">Angie Marcela Gua\u00f1arita<\/mark><\/strong><\/p>\n<\/blockquote>\n\n\n\n<p>Angie Marcela Gua\u00f1arita es bi\u00f3loga con experiencia en neurociencia, biolog\u00eda molecular y biotecnolog\u00eda, vinculada como docente a la Universidad Icesi. Durante su tr\u00e1nsito por la Maestr\u00eda en Biotecnolog\u00eda modalidad Investigaci\u00f3n de la Universidad, se vincul\u00f3 a su proyecto sobre la memoria olfativa de las abejas nativas sin aguij\u00f3n, con la profesora Juliana Rengifo. Su trabajo se ha enfocado en el estudio de la expresi\u00f3n g\u00e9nica asociada a la memoria de recompensa, empleando t\u00e9cnicas como extracci\u00f3n de ARN y qPCR para analizar genes clave como\u00a0<em>Nrx1<\/em>,\u00a0<em>Nlg4<\/em>\u00a0y el receptor NMDA. En el marco de este proyecto, su participaci\u00f3n fortalece el componente experimental desde una perspectiva molecular, aportando al estudio del comportamiento de polinizadores en sistemas agroecol\u00f3gicos urbanos. Su perfil interdisciplinar conecta la biotecnolog\u00eda con la sostenibilidad, impulsando procesos de investigaci\u00f3n aplicada orientados a la seguridad alimentaria y a la conservaci\u00f3n de la biodiversidad.<\/p>\n<\/div><figure class=\"wp-block-media-text__media\" style=\"background-image:url(http:\/\/www.icesi.edu.co\/blogs\/huertaicesi-systemlivinglab\/files\/2025\/07\/Angie-guanarita.jpg);background-position:51% 46%\"><img loading=\"lazy\" decoding=\"async\" width=\"200\" height=\"200\" src=\"http:\/\/www.icesi.edu.co\/blogs\/huertaicesi-systemlivinglab\/files\/2025\/07\/Angie-guanarita.jpg\" alt=\"\" class=\"wp-image-74 size-full\" \/><\/figure><\/div>\n\n\n\n<hr class=\"wp-block-separator has-alpha-channel-opacity\" \/>\n\n\n\n<div class=\"wp-block-media-text is-stacked-on-mobile is-vertically-aligned-center is-image-fill\" style=\"grid-template-columns:47% auto\"><figure class=\"wp-block-media-text__media\" style=\"background-image:url(http:\/\/www.icesi.edu.co\/blogs\/huertaicesi-systemlivinglab\/files\/2025\/11\/1-81b5ecda-768x1024.jpg);background-position:50% 50%\"><img loading=\"lazy\" decoding=\"async\" width=\"768\" height=\"1024\" src=\"http:\/\/www.icesi.edu.co\/blogs\/huertaicesi-systemlivinglab\/files\/2025\/11\/1-81b5ecda-768x1024.jpg\" alt=\"\" class=\"wp-image-216 size-full\" \/><\/figure><div class=\"wp-block-media-text__content\">\n<blockquote class=\"wp-block-quote is-style-plain has-larger-font-size is-layout-flow wp-block-quote-is-layout-flow\">\n<p class=\"has-large-font-size\"><strong><mark class=\"has-inline-color has-vivid-cyan-blue-color\">Lina Marcela Rivas-Tafurt<\/mark><\/strong><\/p>\n<\/blockquote>\n\n\n\n<p>La profesora Lina Rivas es la coordinadora de formulaci\u00f3n de proyectos del CITRADI (hoy Nodo de Humanidades Digitales) y egresada del programa de Ingenier\u00eda Industrial de la Universidad Icesi. Cuenta con amplia experiencia en la estructuraci\u00f3n de proyectos de investigaci\u00f3n con enfoque interdisciplinario, as\u00ed como en el acompa\u00f1amiento metodol\u00f3gico de convocatorias internas y externas. Adem\u00e1s, es docente de los cursos de la l\u00ednea CTS (Ciencia, Tecnolog\u00eda y Sociedad) ofrecidos por el Departamento de Humanidad, Tecnolog\u00eda y Ciencia, donde promueve una comprensi\u00f3n cr\u00edtica de las tecnolog\u00edas y su impacto social. En el contexto del presente proyecto, su enfoque se centra en consolidar el dise\u00f1o metodol\u00f3gico y los instrumentos de articulaci\u00f3n entre las diferentes \u00e1reas participantes, fortaleciendo la planeaci\u00f3n estrat\u00e9gica, el modelo de sostenibilidad del laboratorio vivo y la sistematizaci\u00f3n de experiencias para su posterior transferencia institucional y comunitaria. Su rol resulta clave en la integraci\u00f3n operativa y la visi\u00f3n prospectiva del proyecto.<\/p>\n\n\n\n<p><\/p>\n<\/div><\/div>\n\n\n\n<hr class=\"wp-block-separator has-alpha-channel-opacity\" \/>\n\n\n\n<div class=\"wp-block-media-text has-media-on-the-right is-stacked-on-mobile is-vertically-aligned-center is-image-fill\" style=\"grid-template-columns:auto 47%\"><div class=\"wp-block-media-text__content\">\n<blockquote class=\"wp-block-quote is-style-plain has-larger-font-size is-layout-flow wp-block-quote-is-layout-flow\">\n<p class=\"has-large-font-size\"><strong><mark class=\"has-inline-color has-vivid-cyan-blue-color\">Valentina Moreno<\/mark><\/strong><\/p>\n<\/blockquote>\n\n\n\n<p>Valentina es practicante de investigaci\u00f3n en el CITRADI y cursa actualmente su \u00faltimo semestre de los programas de Antropolog\u00eda y Sociolog\u00eda en la Universidad Icesi. Se desempe\u00f1a como asistente de investigaci\u00f3n en el proyecto\u00a0<em>Huerta Urbana: Laboratorio vivo en educaci\u00f3n STEM<\/em>, donde aporta una mirada cr\u00edtica y situada desde las ciencias sociales. Su inter\u00e9s se centra en las relaciones multiespecies que emergen entre abejas, humanos y otros seres presentes en espacios de cuidado como huertas y jardines urbanos, particularmente en contextos marcados por el colapso ambiental. Este enfoque, que viene desarrollando en su proyecto de grado, le permite explorar el cuidado, la memoria y la agencia no humana como dimensiones clave en la regeneraci\u00f3n ecosocial. Desde su rol, Valentina apoya tanto la sistematizaci\u00f3n etnogr\u00e1fica como la articulaci\u00f3n comunitaria del laboratorio vivo, coordina la actividad del proyecto desde sus frentes, lleva a cabo las labores operativas del proceso administrativo y modera las sesiones de seminarios del proyecto.<\/p>\n<\/div><figure class=\"wp-block-media-text__media\" style=\"background-image:url(http:\/\/www.icesi.edu.co\/blogs\/huertaicesi-systemlivinglab\/files\/2025\/11\/1-81b5ecda-768x1024.jpg);background-position:50% 50%\"><img loading=\"lazy\" decoding=\"async\" width=\"768\" height=\"1024\" src=\"http:\/\/www.icesi.edu.co\/blogs\/huertaicesi-systemlivinglab\/files\/2025\/11\/1-81b5ecda-768x1024.jpg\" alt=\"\" class=\"wp-image-216 size-full\" \/><\/figure><\/div>\n","protected":false},"excerpt":{"rendered":"<p>El proyecto&nbsp;Huerta Urbana: Laboratorio vivo en educaci\u00f3n STEM&nbsp;es el resultado del esfuerzo colectivo de un equipo interdisciplinario comprometido con la sostenibilidad, la soberan\u00eda alimentaria y la innovaci\u00f3n educativa. Integrado por docentes e investigadores en los campos de las ciencias naturales y la ingenier\u00eda, nuestro equipo combina saberes y experiencias para construir un modelo educativo transformador &hellip; <\/p>\n<p><a class=\"more-link btn\" href=\"https:\/\/www.icesi.edu.co\/blogs\/huertaicesi-systemlivinglab\/community\/\">Continue reading<\/a><\/p>\n","protected":false},"author":42166064,"featured_media":0,"parent":0,"menu_order":0,"comment_status":"close","ping_status":"close","template":"","meta":{"_exactmetrics_skip_tracking":false,"_exactmetrics_sitenote_active":false,"_exactmetrics_sitenote_note":"","_exactmetrics_sitenote_category":0,"footnotes":""},"class_list":["post-4","page","type-page","status-publish","hentry","nodate","item-wrap"],"aioseo_notices":[],"rttpg_featured_image_url":null,"rttpg_author":{"display_name":"JUAN FELIPE CA\u00d1ON ARIAS","author_link":"https:\/\/www.icesi.edu.co\/blogs\/huertaicesi-systemlivinglab\/author\/1108558212\/"},"rttpg_comment":0,"rttpg_category":null,"rttpg_excerpt":"El proyecto&nbsp;Huerta Urbana: Laboratorio vivo en educaci\u00f3n STEM&nbsp;es el resultado del esfuerzo colectivo de un equipo interdisciplinario comprometido con la sostenibilidad, la soberan\u00eda alimentaria y la innovaci\u00f3n educativa. Integrado por docentes e investigadores en los campos de las ciencias naturales y la ingenier\u00eda, nuestro equipo combina saberes y experiencias para construir un modelo educativo transformador&hellip;","_links":{"self":[{"href":"https:\/\/www.icesi.edu.co\/blogs\/huertaicesi-systemlivinglab\/wp-json\/wp\/v2\/pages\/4"}],"collection":[{"href":"https:\/\/www.icesi.edu.co\/blogs\/huertaicesi-systemlivinglab\/wp-json\/wp\/v2\/pages"}],"about":[{"href":"https:\/\/www.icesi.edu.co\/blogs\/huertaicesi-systemlivinglab\/wp-json\/wp\/v2\/types\/page"}],"author":[{"embeddable":true,"href":"https:\/\/www.icesi.edu.co\/blogs\/huertaicesi-systemlivinglab\/wp-json\/wp\/v2\/users\/42166064"}],"replies":[{"embeddable":true,"href":"https:\/\/www.icesi.edu.co\/blogs\/huertaicesi-systemlivinglab\/wp-json\/wp\/v2\/comments?post=4"}],"version-history":[{"count":4,"href":"https:\/\/www.icesi.edu.co\/blogs\/huertaicesi-systemlivinglab\/wp-json\/wp\/v2\/pages\/4\/revisions"}],"predecessor-version":[{"id":302,"href":"https:\/\/www.icesi.edu.co\/blogs\/huertaicesi-systemlivinglab\/wp-json\/wp\/v2\/pages\/4\/revisions\/302"}],"wp:attachment":[{"href":"https:\/\/www.icesi.edu.co\/blogs\/huertaicesi-systemlivinglab\/wp-json\/wp\/v2\/media?parent=4"}],"curies":[{"name":"wp","href":"https:\/\/api.w.org\/{rel}","templated":true}]}}