{"id":7904,"date":"2023-11-03T15:22:07","date_gmt":"2023-11-03T15:22:07","guid":{"rendered":"http:\/\/tiendaorganicayartesanal.com\/oem\/?page_id=7904"},"modified":"2025-05-05T15:49:04","modified_gmt":"2025-05-05T15:49:04","slug":"noticias","status":"publish","type":"page","link":"https:\/\/www.icesi.edu.co\/oem\/noticias\/","title":{"rendered":"Noticias"},"content":{"rendered":"\n\n\t<section class=\"section dark\" id=\"section_1361869859\">\n\t\t<div class=\"section-bg fill\" >\n\t\t\t<img loading=\"lazy\" decoding=\"async\" width=\"305\" height=\"206\" src=\"https:\/\/www.icesi.edu.co\/oem\/wp-content\/uploads\/2023\/06\/image-2-1.png\" class=\"bg attachment- size-\" alt=\"\" \/>\t\t\t\t\t\t<div class=\"section-bg-overlay absolute fill\"><\/div>\n\t\t\t\n\n\t\t<\/div>\n\n\t\t\n\n\t\t<div class=\"section-content relative\">\n\t\t\t\n\n<div class=\"container section-title-container\" ><h1 class=\"section-title section-title-center\"><b aria-hidden=\"true\"><\/b><span class=\"section-title-main\" style=\"font-size:173%;\">BOLETINES DE PRENSA<\/span><b aria-hidden=\"true\"><\/b><\/h1><\/div>\n\n\n\t\t<\/div>\n\n\t\t\n<style>\n#section_1361869859 {\n  padding-top: 30px;\n  padding-bottom: 30px;\n  background-color: rgba(17, 24, 74, 0.599);\n}\n#section_1361869859 .section-bg-overlay {\n  background-color: rgba(34, 61, 86, 0.808);\n}\n<\/style>\n\t<\/section>\n\t\n<div class=\"row\"  id=\"row-1190580538\">\n\n\n\t<div id=\"col-1162876223\" class=\"col small-12 large-12\"  >\n\t\t\t\t<div class=\"col-inner\"  >\n\t\t\t\n\t\t\t\n\n\n  \n    <div class=\"row large-columns-2 medium-columns-1 small-columns-1 has-shadow row-box-shadow-2\" >\n  <div class=\"col post-item\" >\n\t\t\t<div class=\"col-inner\">\n\t\t\t\t<div class=\"box box-vertical box-text-bottom box-blog-post has-hover\">\n            \t\t\t\t\t<div class=\"box-image\" style=\"width:30%;\">\n  \t\t\t\t\t\t<div class=\"image-cover\" style=\"padding-top:56%;\">\n\t\t\t\t\t\t\t<a href=\"https:\/\/www.icesi.edu.co\/oem\/desempleo-y-brechas-economicas-golpean-a-la-poblacion-afro-de-cali\/\" class=\"plain\" aria-label=\"Desempleo y brechas econ\u00f3micas golpean a la poblaci\u00f3n afro de Cali\">\n\t\t\t\t\t\t\t\t<img loading=\"lazy\" decoding=\"async\" width=\"300\" height=\"200\" src=\"https:\/\/www.icesi.edu.co\/oem\/wp-content\/uploads\/2025\/06\/DSC0098-300x200.jpg\" class=\"attachment-medium size-medium wp-post-image\" alt=\"\" srcset=\"https:\/\/www.icesi.edu.co\/oem\/wp-content\/uploads\/2025\/06\/DSC0098-300x200.jpg 300w, https:\/\/www.icesi.edu.co\/oem\/wp-content\/uploads\/2025\/06\/DSC0098-1024x683.jpg 1024w, https:\/\/www.icesi.edu.co\/oem\/wp-content\/uploads\/2025\/06\/DSC0098-768x512.jpg 768w, https:\/\/www.icesi.edu.co\/oem\/wp-content\/uploads\/2025\/06\/DSC0098-1536x1024.jpg 1536w, https:\/\/www.icesi.edu.co\/oem\/wp-content\/uploads\/2025\/06\/DSC0098-2048x1365.jpg 2048w\" sizes=\"auto, (max-width: 300px) 100vw, 300px\" \/>\t\t\t\t\t\t\t<\/a>\n  \t\t\t\t\t\t\t  \t\t\t\t\t\t\t  \t\t\t\t\t\t<\/div>\n  \t\t\t\t\t\t  \t\t\t\t\t<\/div>\n          \t\t\t\t\t<div class=\"box-text text-left is-small\" >\n\t\t\t\t\t<div class=\"box-text-inner blog-post-inner\">\n\n\t\t\t\t\t\n\t\t\t\t\t\t\t\t\t\t\t<p class=\"cat-label tag-label is-xxsmall op-7 uppercase\">\n\t\t\t\t\tboletines de prensa noticias \t\t\t\t\t<\/p>\n\t\t\t\t\t\t\t\t\t\t<h5 class=\"post-title is-large \">\n\t\t\t\t\t\t<a href=\"https:\/\/www.icesi.edu.co\/oem\/desempleo-y-brechas-economicas-golpean-a-la-poblacion-afro-de-cali\/\" class=\"plain\">Desempleo y brechas econ\u00f3micas golpean a la poblaci\u00f3n afro de Cali<\/a>\n\t\t\t\t\t<\/h5>\n\t\t\t\t\t\t\t\t\t\t<div class=\"is-divider\"><\/div>\n\t\t\t\t\t\t\t\t\t\t<p class=\"from_the_blog_excerpt \">\n\t\t\t\t\t\tLa poblaci\u00f3n afrodescendiente de Cali enfrenta tasas de desempleo m\u00e1s altas, ingresos laborales m\u00e1s bajos [...]\t\t\t\t\t<\/p>\n\t\t\t\t\t                    \n\t\t\t\t\t\t\t\t\t\t\t<a href=\"https:\/\/www.icesi.edu.co\/oem\/desempleo-y-brechas-economicas-golpean-a-la-poblacion-afro-de-cali\/\" class=\"button  is-link is-xsmall mb-0\">\n\t\t\t\t\t\t\tLeer m\u00e1s\t\t\t\t\t\t<\/a>\n\t\t\t\t\t\n\t\t\t\t\t\n\t\t\t\t\t<\/div>\n\t\t\t\t\t<\/div>\n\t\t\t\t\t\t\t\t\t\t\t\t\t\t\t\t<div class=\"badge absolute top post-date badge-circle\">\n\t\t\t\t\t\t\t<div class=\"badge-inner\">\n\t\t\t\t\t\t\t\t<span class=\"post-date-day\">21<\/span><br>\n\t\t\t\t\t\t\t\t<span class=\"post-date-month is-xsmall\">May<\/span>\n\t\t\t\t\t\t\t<\/div>\n\t\t\t\t\t\t<\/div>\n\t\t\t\t\t\t\t\t\t<\/div>\n\t\t\t<\/div>\n\t\t<\/div><div class=\"col post-item\" >\n\t\t\t<div class=\"col-inner\">\n\t\t\t\t<div class=\"box box-vertical box-text-bottom box-blog-post has-hover\">\n            \t\t\t\t\t<div class=\"box-image\" style=\"width:30%;\">\n  \t\t\t\t\t\t<div class=\"image-cover\" style=\"padding-top:56%;\">\n\t\t\t\t\t\t\t<a href=\"https:\/\/www.icesi.edu.co\/oem\/como-lograr-empresas-y-negocios-mas-rentables-estas-fueron-las-conclusiones-del-foro-mujeres-que-conectan\/\" class=\"plain\" aria-label=\"\u00bfC\u00f3mo lograr empresas y negocios m\u00e1s rentables? Estas fueron las conclusiones del foro Mujeres que conectan\">\n\t\t\t\t\t\t\t\t<img loading=\"lazy\" decoding=\"async\" width=\"300\" height=\"225\" src=\"https:\/\/www.icesi.edu.co\/oem\/wp-content\/uploads\/2025\/06\/WhatsApp-Image-2025-05-13-at-12.48.46-PM-1-300x225.jpeg\" class=\"attachment-medium size-medium wp-post-image\" alt=\"\" srcset=\"https:\/\/www.icesi.edu.co\/oem\/wp-content\/uploads\/2025\/06\/WhatsApp-Image-2025-05-13-at-12.48.46-PM-1-300x225.jpeg 300w, https:\/\/www.icesi.edu.co\/oem\/wp-content\/uploads\/2025\/06\/WhatsApp-Image-2025-05-13-at-12.48.46-PM-1-1024x768.jpeg 1024w, https:\/\/www.icesi.edu.co\/oem\/wp-content\/uploads\/2025\/06\/WhatsApp-Image-2025-05-13-at-12.48.46-PM-1-768x576.jpeg 768w, https:\/\/www.icesi.edu.co\/oem\/wp-content\/uploads\/2025\/06\/WhatsApp-Image-2025-05-13-at-12.48.46-PM-1-1536x1152.jpeg 1536w, https:\/\/www.icesi.edu.co\/oem\/wp-content\/uploads\/2025\/06\/WhatsApp-Image-2025-05-13-at-12.48.46-PM-1-2048x1536.jpeg 2048w\" sizes=\"auto, (max-width: 300px) 100vw, 300px\" \/>\t\t\t\t\t\t\t<\/a>\n  \t\t\t\t\t\t\t  \t\t\t\t\t\t\t  \t\t\t\t\t\t<\/div>\n  \t\t\t\t\t\t  \t\t\t\t\t<\/div>\n          \t\t\t\t\t<div class=\"box-text text-left is-small\" >\n\t\t\t\t\t<div class=\"box-text-inner blog-post-inner\">\n\n\t\t\t\t\t\n\t\t\t\t\t\t\t\t\t\t\t<p class=\"cat-label tag-label is-xxsmall op-7 uppercase\">\n\t\t\t\t\tboletines de prensa noticias \t\t\t\t\t<\/p>\n\t\t\t\t\t\t\t\t\t\t<h5 class=\"post-title is-large \">\n\t\t\t\t\t\t<a href=\"https:\/\/www.icesi.edu.co\/oem\/como-lograr-empresas-y-negocios-mas-rentables-estas-fueron-las-conclusiones-del-foro-mujeres-que-conectan\/\" class=\"plain\">\u00bfC\u00f3mo lograr empresas y negocios m\u00e1s rentables? Estas fueron las conclusiones del foro Mujeres que conectan<\/a>\n\t\t\t\t\t<\/h5>\n\t\t\t\t\t\t\t\t\t\t<div class=\"is-divider\"><\/div>\n\t\t\t\t\t\t\t\t\t\t<p class=\"from_the_blog_excerpt \">\n\t\t\t\t\t\tVoces expertas, empresarias y representantes gremiales coincidieron en que cerrar brechas de g\u00e9nero impacta directamente [...]\t\t\t\t\t<\/p>\n\t\t\t\t\t                    \n\t\t\t\t\t\t\t\t\t\t\t<a href=\"https:\/\/www.icesi.edu.co\/oem\/como-lograr-empresas-y-negocios-mas-rentables-estas-fueron-las-conclusiones-del-foro-mujeres-que-conectan\/\" class=\"button  is-link is-xsmall mb-0\">\n\t\t\t\t\t\t\tLeer m\u00e1s\t\t\t\t\t\t<\/a>\n\t\t\t\t\t\n\t\t\t\t\t\n\t\t\t\t\t<\/div>\n\t\t\t\t\t<\/div>\n\t\t\t\t\t\t\t\t\t\t\t\t\t\t\t\t<div class=\"badge absolute top post-date badge-circle\">\n\t\t\t\t\t\t\t<div class=\"badge-inner\">\n\t\t\t\t\t\t\t\t<span class=\"post-date-day\">14<\/span><br>\n\t\t\t\t\t\t\t\t<span class=\"post-date-month is-xsmall\">May<\/span>\n\t\t\t\t\t\t\t<\/div>\n\t\t\t\t\t\t<\/div>\n\t\t\t\t\t\t\t\t\t<\/div>\n\t\t\t<\/div>\n\t\t<\/div><div class=\"col post-item\" >\n\t\t\t<div class=\"col-inner\">\n\t\t\t\t<div class=\"box box-vertical box-text-bottom box-blog-post has-hover\">\n            \t\t\t\t\t<div class=\"box-image\" style=\"width:30%;\">\n  \t\t\t\t\t\t<div class=\"image-cover\" style=\"padding-top:56%;\">\n\t\t\t\t\t\t\t<a href=\"https:\/\/www.icesi.edu.co\/oem\/violencia-contra-las-mujeres-en-cali-la-denuncia-baja-pero-la-amenaza-sigue-latente\/\" class=\"plain\" aria-label=\"Violencia contra las mujeres en Cali: la denuncia baja, pero la amenaza sigue latente\">\n\t\t\t\t\t\t\t\t<img loading=\"lazy\" decoding=\"async\" width=\"300\" height=\"169\" src=\"https:\/\/www.icesi.edu.co\/oem\/wp-content\/uploads\/2024\/05\/closeup-diverse-people-joining-their-hands-300x169.jpg\" class=\"attachment-medium size-medium wp-post-image\" alt=\"\" srcset=\"https:\/\/www.icesi.edu.co\/oem\/wp-content\/uploads\/2024\/05\/closeup-diverse-people-joining-their-hands-300x169.jpg 300w, https:\/\/www.icesi.edu.co\/oem\/wp-content\/uploads\/2024\/05\/closeup-diverse-people-joining-their-hands-1024x576.jpg 1024w, https:\/\/www.icesi.edu.co\/oem\/wp-content\/uploads\/2024\/05\/closeup-diverse-people-joining-their-hands-768x432.jpg 768w, https:\/\/www.icesi.edu.co\/oem\/wp-content\/uploads\/2024\/05\/closeup-diverse-people-joining-their-hands-1536x864.jpg 1536w, https:\/\/www.icesi.edu.co\/oem\/wp-content\/uploads\/2024\/05\/closeup-diverse-people-joining-their-hands-2048x1152.jpg 2048w\" sizes=\"auto, (max-width: 300px) 100vw, 300px\" \/>\t\t\t\t\t\t\t<\/a>\n  \t\t\t\t\t\t\t  \t\t\t\t\t\t\t  \t\t\t\t\t\t<\/div>\n  \t\t\t\t\t\t  \t\t\t\t\t<\/div>\n          \t\t\t\t\t<div class=\"box-text text-left is-small\" >\n\t\t\t\t\t<div class=\"box-text-inner blog-post-inner\">\n\n\t\t\t\t\t\n\t\t\t\t\t\t\t\t\t\t\t<p class=\"cat-label tag-label is-xxsmall op-7 uppercase\">\n\t\t\t\t\tboletines de prensa noticias \t\t\t\t\t<\/p>\n\t\t\t\t\t\t\t\t\t\t<h5 class=\"post-title is-large \">\n\t\t\t\t\t\t<a href=\"https:\/\/www.icesi.edu.co\/oem\/violencia-contra-las-mujeres-en-cali-la-denuncia-baja-pero-la-amenaza-sigue-latente\/\" class=\"plain\">Violencia contra las mujeres en Cali: la denuncia baja, pero la amenaza sigue latente<\/a>\n\t\t\t\t\t<\/h5>\n\t\t\t\t\t\t\t\t\t\t<div class=\"is-divider\"><\/div>\n\t\t\t\t\t\t\t\t\t\t<p class=\"from_the_blog_excerpt \">\n\t\t\t\t\t\tLa violencia contra las mujeres sigue siendo una realidad persistente en Cali, aunque cada vez [...]\t\t\t\t\t<\/p>\n\t\t\t\t\t                    \n\t\t\t\t\t\t\t\t\t\t\t<a href=\"https:\/\/www.icesi.edu.co\/oem\/violencia-contra-las-mujeres-en-cali-la-denuncia-baja-pero-la-amenaza-sigue-latente\/\" class=\"button  is-link is-xsmall mb-0\">\n\t\t\t\t\t\t\tLeer m\u00e1s\t\t\t\t\t\t<\/a>\n\t\t\t\t\t\n\t\t\t\t\t\n\t\t\t\t\t<\/div>\n\t\t\t\t\t<\/div>\n\t\t\t\t\t\t\t\t\t\t\t\t\t\t\t\t<div class=\"badge absolute top post-date badge-circle\">\n\t\t\t\t\t\t\t<div class=\"badge-inner\">\n\t\t\t\t\t\t\t\t<span class=\"post-date-day\">02<\/span><br>\n\t\t\t\t\t\t\t\t<span class=\"post-date-month is-xsmall\">May<\/span>\n\t\t\t\t\t\t\t<\/div>\n\t\t\t\t\t\t<\/div>\n\t\t\t\t\t\t\t\t\t<\/div>\n\t\t\t<\/div>\n\t\t<\/div><div class=\"col post-item\" >\n\t\t\t<div class=\"col-inner\">\n\t\t\t\t<div class=\"box box-vertical box-text-bottom box-blog-post has-hover\">\n            \t\t\t\t\t<div class=\"box-image\" style=\"width:30%;\">\n  \t\t\t\t\t\t<div class=\"image-cover\" style=\"padding-top:56%;\">\n\t\t\t\t\t\t\t<a href=\"https:\/\/www.icesi.edu.co\/oem\/las-mujeres-en-cali-cuidan-mucho-y-se-cuidan-poco\/\" class=\"plain\" aria-label=\"Las mujeres en Cali cuidan mucho y se cuidan poco\">\n\t\t\t\t\t\t\t\t<img loading=\"lazy\" decoding=\"async\" width=\"300\" height=\"225\" src=\"https:\/\/www.icesi.edu.co\/oem\/wp-content\/uploads\/2025\/06\/Cuidados-300x225.jpg\" class=\"attachment-medium size-medium wp-post-image\" alt=\"\" srcset=\"https:\/\/www.icesi.edu.co\/oem\/wp-content\/uploads\/2025\/06\/Cuidados-300x225.jpg 300w, https:\/\/www.icesi.edu.co\/oem\/wp-content\/uploads\/2025\/06\/Cuidados-768x576.jpg 768w, https:\/\/www.icesi.edu.co\/oem\/wp-content\/uploads\/2025\/06\/Cuidados.jpg 1008w\" sizes=\"auto, (max-width: 300px) 100vw, 300px\" \/>\t\t\t\t\t\t\t<\/a>\n  \t\t\t\t\t\t\t  \t\t\t\t\t\t\t  \t\t\t\t\t\t<\/div>\n  \t\t\t\t\t\t  \t\t\t\t\t<\/div>\n          \t\t\t\t\t<div class=\"box-text text-left is-small\" >\n\t\t\t\t\t<div class=\"box-text-inner blog-post-inner\">\n\n\t\t\t\t\t\n\t\t\t\t\t\t\t\t\t\t\t<p class=\"cat-label tag-label is-xxsmall op-7 uppercase\">\n\t\t\t\t\tboletines de prensa noticias \t\t\t\t\t<\/p>\n\t\t\t\t\t\t\t\t\t\t<h5 class=\"post-title is-large \">\n\t\t\t\t\t\t<a href=\"https:\/\/www.icesi.edu.co\/oem\/las-mujeres-en-cali-cuidan-mucho-y-se-cuidan-poco\/\" class=\"plain\">Las mujeres en Cali cuidan mucho y se cuidan poco<\/a>\n\t\t\t\t\t<\/h5>\n\t\t\t\t\t\t\t\t\t\t<div class=\"is-divider\"><\/div>\n\t\t\t\t\t\t\t\t\t\t<p class=\"from_the_blog_excerpt \">\n\t\t\t\t\t\tLas mujeres que habitan en la capital vallecaucana dedican en promedio el doble de tiempo [...]\t\t\t\t\t<\/p>\n\t\t\t\t\t                    \n\t\t\t\t\t\t\t\t\t\t\t<a href=\"https:\/\/www.icesi.edu.co\/oem\/las-mujeres-en-cali-cuidan-mucho-y-se-cuidan-poco\/\" class=\"button  is-link is-xsmall mb-0\">\n\t\t\t\t\t\t\tLeer m\u00e1s\t\t\t\t\t\t<\/a>\n\t\t\t\t\t\n\t\t\t\t\t\n\t\t\t\t\t<\/div>\n\t\t\t\t\t<\/div>\n\t\t\t\t\t\t\t\t\t\t\t\t\t\t\t\t<div class=\"badge absolute top post-date badge-circle\">\n\t\t\t\t\t\t\t<div class=\"badge-inner\">\n\t\t\t\t\t\t\t\t<span class=\"post-date-day\">02<\/span><br>\n\t\t\t\t\t\t\t\t<span class=\"post-date-month is-xsmall\">May<\/span>\n\t\t\t\t\t\t\t<\/div>\n\t\t\t\t\t\t<\/div>\n\t\t\t\t\t\t\t\t\t<\/div>\n\t\t\t<\/div>\n\t\t<\/div><div class=\"col post-item\" >\n\t\t\t<div class=\"col-inner\">\n\t\t\t\t<div class=\"box box-vertical box-text-bottom box-blog-post has-hover\">\n            \t\t\t\t\t<div class=\"box-image\" style=\"width:30%;\">\n  \t\t\t\t\t\t<div class=\"image-cover\" style=\"padding-top:56%;\">\n\t\t\t\t\t\t\t<a href=\"https:\/\/www.icesi.edu.co\/oem\/las-mujeres-calenas-lideran-emprendimientos-pero-ganan-30-menos-que-los-hombres\/\" class=\"plain\" aria-label=\"Las mujeres cale\u00f1as lideran emprendimientos, pero ganan 30% menos que los hombres\">\n\t\t\t\t\t\t\t\t<img loading=\"lazy\" decoding=\"async\" width=\"300\" height=\"200\" src=\"https:\/\/www.icesi.edu.co\/oem\/wp-content\/uploads\/2025\/06\/IMG-de-referencia-3-300x200.jpg\" class=\"attachment-medium size-medium wp-post-image\" alt=\"\" srcset=\"https:\/\/www.icesi.edu.co\/oem\/wp-content\/uploads\/2025\/06\/IMG-de-referencia-3-300x200.jpg 300w, https:\/\/www.icesi.edu.co\/oem\/wp-content\/uploads\/2025\/06\/IMG-de-referencia-3-1024x683.jpg 1024w, https:\/\/www.icesi.edu.co\/oem\/wp-content\/uploads\/2025\/06\/IMG-de-referencia-3-768x512.jpg 768w, https:\/\/www.icesi.edu.co\/oem\/wp-content\/uploads\/2025\/06\/IMG-de-referencia-3-1536x1024.jpg 1536w, https:\/\/www.icesi.edu.co\/oem\/wp-content\/uploads\/2025\/06\/IMG-de-referencia-3-2048x1365.jpg 2048w\" sizes=\"auto, (max-width: 300px) 100vw, 300px\" \/>\t\t\t\t\t\t\t<\/a>\n  \t\t\t\t\t\t\t  \t\t\t\t\t\t\t  \t\t\t\t\t\t<\/div>\n  \t\t\t\t\t\t  \t\t\t\t\t<\/div>\n          \t\t\t\t\t<div class=\"box-text text-left is-small\" >\n\t\t\t\t\t<div class=\"box-text-inner blog-post-inner\">\n\n\t\t\t\t\t\n\t\t\t\t\t\t\t\t\t\t\t<p class=\"cat-label tag-label is-xxsmall op-7 uppercase\">\n\t\t\t\t\tboletines de prensa noticias \t\t\t\t\t<\/p>\n\t\t\t\t\t\t\t\t\t\t<h5 class=\"post-title is-large \">\n\t\t\t\t\t\t<a href=\"https:\/\/www.icesi.edu.co\/oem\/las-mujeres-calenas-lideran-emprendimientos-pero-ganan-30-menos-que-los-hombres\/\" class=\"plain\">Las mujeres cale\u00f1as lideran emprendimientos, pero ganan 30% menos que los hombres<\/a>\n\t\t\t\t\t<\/h5>\n\t\t\t\t\t\t\t\t\t\t<div class=\"is-divider\"><\/div>\n\t\t\t\t\t\t\t\t\t\t<p class=\"from_the_blog_excerpt \">\n\t\t\t\t\t\tMientras una mujer en Cali atiende su negocio, tambi\u00e9n cuida a sus hijos, prepara el [...]\t\t\t\t\t<\/p>\n\t\t\t\t\t                    \n\t\t\t\t\t\t\t\t\t\t\t<a href=\"https:\/\/www.icesi.edu.co\/oem\/las-mujeres-calenas-lideran-emprendimientos-pero-ganan-30-menos-que-los-hombres\/\" class=\"button  is-link is-xsmall mb-0\">\n\t\t\t\t\t\t\tLeer m\u00e1s\t\t\t\t\t\t<\/a>\n\t\t\t\t\t\n\t\t\t\t\t\n\t\t\t\t\t<\/div>\n\t\t\t\t\t<\/div>\n\t\t\t\t\t\t\t\t\t\t\t\t\t\t\t\t<div class=\"badge absolute top post-date badge-circle\">\n\t\t\t\t\t\t\t<div class=\"badge-inner\">\n\t\t\t\t\t\t\t\t<span class=\"post-date-day\">08<\/span><br>\n\t\t\t\t\t\t\t\t<span class=\"post-date-month is-xsmall\">Mar<\/span>\n\t\t\t\t\t\t\t<\/div>\n\t\t\t\t\t\t<\/div>\n\t\t\t\t\t\t\t\t\t<\/div>\n\t\t\t<\/div>\n\t\t<\/div><div class=\"col post-item\" >\n\t\t\t<div class=\"col-inner\">\n\t\t\t\t<div class=\"box box-vertical box-text-bottom box-blog-post has-hover\">\n            \t\t\t\t\t<div class=\"box-image\" style=\"width:30%;\">\n  \t\t\t\t\t\t<div class=\"image-cover\" style=\"padding-top:56%;\">\n\t\t\t\t\t\t\t<a href=\"https:\/\/www.icesi.edu.co\/oem\/por-que-en-tiempos-de-crisis-y-de-aumento-de-discursos-de-odio-es-fundamental-pensar-en-la-educacion-con-perspectiva-de-genero-2\/\" class=\"plain\" aria-label=\"El poder de decidir qui\u00e9n vive: negacionismo y dominaci\u00f3n conservadora contra las identidades no hegem\u00f3nicas\">\n\t\t\t\t\t\t\t\t<img loading=\"lazy\" decoding=\"async\" width=\"300\" height=\"169\" src=\"https:\/\/www.icesi.edu.co\/oem\/wp-content\/uploads\/2025\/02\/Linkedin-1024x576-1-300x169.jpg\" class=\"attachment-medium size-medium wp-post-image\" alt=\"\" srcset=\"https:\/\/www.icesi.edu.co\/oem\/wp-content\/uploads\/2025\/02\/Linkedin-1024x576-1-300x169.jpg 300w, https:\/\/www.icesi.edu.co\/oem\/wp-content\/uploads\/2025\/02\/Linkedin-1024x576-1-768x432.jpg 768w, https:\/\/www.icesi.edu.co\/oem\/wp-content\/uploads\/2025\/02\/Linkedin-1024x576-1.jpg 1024w\" sizes=\"auto, (max-width: 300px) 100vw, 300px\" \/>\t\t\t\t\t\t\t<\/a>\n  \t\t\t\t\t\t\t  \t\t\t\t\t\t\t  \t\t\t\t\t\t<\/div>\n  \t\t\t\t\t\t  \t\t\t\t\t<\/div>\n          \t\t\t\t\t<div class=\"box-text text-left is-small\" >\n\t\t\t\t\t<div class=\"box-text-inner blog-post-inner\">\n\n\t\t\t\t\t\n\t\t\t\t\t\t\t\t\t\t\t<p class=\"cat-label tag-label is-xxsmall op-7 uppercase\">\n\t\t\t\t\tboletines de prensa \t\t\t\t\t<\/p>\n\t\t\t\t\t\t\t\t\t\t<h5 class=\"post-title is-large \">\n\t\t\t\t\t\t<a href=\"https:\/\/www.icesi.edu.co\/oem\/por-que-en-tiempos-de-crisis-y-de-aumento-de-discursos-de-odio-es-fundamental-pensar-en-la-educacion-con-perspectiva-de-genero-2\/\" class=\"plain\">El poder de decidir qui\u00e9n vive: negacionismo y dominaci\u00f3n conservadora contra las identidades no hegem\u00f3nicas<\/a>\n\t\t\t\t\t<\/h5>\n\t\t\t\t\t\t\t\t\t\t<div class=\"is-divider\"><\/div>\n\t\t\t\t\t\t\t\t\t\t<p class=\"from_the_blog_excerpt \">\n\t\t\t\t\t\t\t\t\t\t\t<\/p>\n\t\t\t\t\t                    \n\t\t\t\t\t\t\t\t\t\t\t<a href=\"https:\/\/www.icesi.edu.co\/oem\/por-que-en-tiempos-de-crisis-y-de-aumento-de-discursos-de-odio-es-fundamental-pensar-en-la-educacion-con-perspectiva-de-genero-2\/\" class=\"button  is-link is-xsmall mb-0\">\n\t\t\t\t\t\t\tLeer m\u00e1s\t\t\t\t\t\t<\/a>\n\t\t\t\t\t\n\t\t\t\t\t\n\t\t\t\t\t<\/div>\n\t\t\t\t\t<\/div>\n\t\t\t\t\t\t\t\t\t\t\t\t\t\t\t\t<div class=\"badge absolute top post-date badge-circle\">\n\t\t\t\t\t\t\t<div class=\"badge-inner\">\n\t\t\t\t\t\t\t\t<span class=\"post-date-day\">28<\/span><br>\n\t\t\t\t\t\t\t\t<span class=\"post-date-month is-xsmall\">Feb<\/span>\n\t\t\t\t\t\t\t<\/div>\n\t\t\t\t\t\t<\/div>\n\t\t\t\t\t\t\t\t\t<\/div>\n\t\t\t<\/div>\n\t\t<\/div><div class=\"col post-item\" >\n\t\t\t<div class=\"col-inner\">\n\t\t\t\t<div class=\"box box-vertical box-text-bottom box-blog-post has-hover\">\n            \t\t\t\t\t<div class=\"box-image\" style=\"width:30%;\">\n  \t\t\t\t\t\t<div class=\"image-cover\" style=\"padding-top:56%;\">\n\t\t\t\t\t\t\t<a href=\"https:\/\/www.icesi.edu.co\/oem\/por-que-en-tiempos-de-crisis-y-de-aumento-de-discursos-de-odio-es-fundamental-pensar-en-la-educacion-con-perspectiva-de-genero\/\" class=\"plain\" aria-label=\"\u00bfPor qu\u00e9 en tiempos de crisis y de aumento de discursos de odio es fundamental pensar en la educaci\u00f3n con perspectiva de g\u00e9nero?\">\n\t\t\t\t\t\t\t\t<img loading=\"lazy\" decoding=\"async\" width=\"300\" height=\"169\" src=\"https:\/\/www.icesi.edu.co\/oem\/wp-content\/uploads\/2025\/02\/Educacion-con-perspectiva-de-genero-1024x576-1-300x169.jpeg\" class=\"attachment-medium size-medium wp-post-image\" alt=\"\" srcset=\"https:\/\/www.icesi.edu.co\/oem\/wp-content\/uploads\/2025\/02\/Educacion-con-perspectiva-de-genero-1024x576-1-300x169.jpeg 300w, https:\/\/www.icesi.edu.co\/oem\/wp-content\/uploads\/2025\/02\/Educacion-con-perspectiva-de-genero-1024x576-1-768x432.jpeg 768w, https:\/\/www.icesi.edu.co\/oem\/wp-content\/uploads\/2025\/02\/Educacion-con-perspectiva-de-genero-1024x576-1.jpeg 1024w\" sizes=\"auto, (max-width: 300px) 100vw, 300px\" \/>\t\t\t\t\t\t\t<\/a>\n  \t\t\t\t\t\t\t  \t\t\t\t\t\t\t  \t\t\t\t\t\t<\/div>\n  \t\t\t\t\t\t  \t\t\t\t\t<\/div>\n          \t\t\t\t\t<div class=\"box-text text-left is-small\" >\n\t\t\t\t\t<div class=\"box-text-inner blog-post-inner\">\n\n\t\t\t\t\t\n\t\t\t\t\t\t\t\t\t\t\t<p class=\"cat-label tag-label is-xxsmall op-7 uppercase\">\n\t\t\t\t\tboletines de prensa \t\t\t\t\t<\/p>\n\t\t\t\t\t\t\t\t\t\t<h5 class=\"post-title is-large \">\n\t\t\t\t\t\t<a href=\"https:\/\/www.icesi.edu.co\/oem\/por-que-en-tiempos-de-crisis-y-de-aumento-de-discursos-de-odio-es-fundamental-pensar-en-la-educacion-con-perspectiva-de-genero\/\" class=\"plain\">\u00bfPor qu\u00e9 en tiempos de crisis y de aumento de discursos de odio es fundamental pensar en la educaci\u00f3n con perspectiva de g\u00e9nero?<\/a>\n\t\t\t\t\t<\/h5>\n\t\t\t\t\t\t\t\t\t\t<div class=\"is-divider\"><\/div>\n\t\t\t\t\t\t\t\t\t\t<p class=\"from_the_blog_excerpt \">\n\t\t\t\t\t\t\t\t\t\t\t<\/p>\n\t\t\t\t\t                    \n\t\t\t\t\t\t\t\t\t\t\t<a href=\"https:\/\/www.icesi.edu.co\/oem\/por-que-en-tiempos-de-crisis-y-de-aumento-de-discursos-de-odio-es-fundamental-pensar-en-la-educacion-con-perspectiva-de-genero\/\" class=\"button  is-link is-xsmall mb-0\">\n\t\t\t\t\t\t\tLeer m\u00e1s\t\t\t\t\t\t<\/a>\n\t\t\t\t\t\n\t\t\t\t\t\n\t\t\t\t\t<\/div>\n\t\t\t\t\t<\/div>\n\t\t\t\t\t\t\t\t\t\t\t\t\t\t\t\t<div class=\"badge absolute top post-date badge-circle\">\n\t\t\t\t\t\t\t<div class=\"badge-inner\">\n\t\t\t\t\t\t\t\t<span class=\"post-date-day\">13<\/span><br>\n\t\t\t\t\t\t\t\t<span class=\"post-date-month is-xsmall\">Feb<\/span>\n\t\t\t\t\t\t\t<\/div>\n\t\t\t\t\t\t<\/div>\n\t\t\t\t\t\t\t\t\t<\/div>\n\t\t\t<\/div>\n\t\t<\/div><div class=\"col post-item\" >\n\t\t\t<div class=\"col-inner\">\n\t\t\t\t<div class=\"box box-vertical box-text-bottom box-blog-post has-hover\">\n            \t\t\t\t\t<div class=\"box-image\" style=\"width:30%;\">\n  \t\t\t\t\t\t<div class=\"image-cover\" style=\"padding-top:56%;\">\n\t\t\t\t\t\t\t<a href=\"https:\/\/www.icesi.edu.co\/oem\/proteger-la-expresion-o-normalizar-la-agresion-el-reto-de-las-politicas-de-meta\/\" class=\"plain\" aria-label=\"\u00bfProteger la expresi\u00f3n o normalizar la agresi\u00f3n? El reto de las pol\u00edticas de Meta\">\n\t\t\t\t\t\t\t\t<img loading=\"lazy\" decoding=\"async\" width=\"300\" height=\"169\" src=\"https:\/\/www.icesi.edu.co\/oem\/wp-content\/uploads\/2025\/01\/Proteger-la-expresion-1024x576-1-300x169.jpeg\" class=\"attachment-medium size-medium wp-post-image\" alt=\"\" srcset=\"https:\/\/www.icesi.edu.co\/oem\/wp-content\/uploads\/2025\/01\/Proteger-la-expresion-1024x576-1-300x169.jpeg 300w, https:\/\/www.icesi.edu.co\/oem\/wp-content\/uploads\/2025\/01\/Proteger-la-expresion-1024x576-1-768x432.jpeg 768w, https:\/\/www.icesi.edu.co\/oem\/wp-content\/uploads\/2025\/01\/Proteger-la-expresion-1024x576-1.jpeg 1024w\" sizes=\"auto, (max-width: 300px) 100vw, 300px\" \/>\t\t\t\t\t\t\t<\/a>\n  \t\t\t\t\t\t\t  \t\t\t\t\t\t\t  \t\t\t\t\t\t<\/div>\n  \t\t\t\t\t\t  \t\t\t\t\t<\/div>\n          \t\t\t\t\t<div class=\"box-text text-left is-small\" >\n\t\t\t\t\t<div class=\"box-text-inner blog-post-inner\">\n\n\t\t\t\t\t\n\t\t\t\t\t\t\t\t\t\t\t<p class=\"cat-label tag-label is-xxsmall op-7 uppercase\">\n\t\t\t\t\tboletines de prensa \t\t\t\t\t<\/p>\n\t\t\t\t\t\t\t\t\t\t<h5 class=\"post-title is-large \">\n\t\t\t\t\t\t<a href=\"https:\/\/www.icesi.edu.co\/oem\/proteger-la-expresion-o-normalizar-la-agresion-el-reto-de-las-politicas-de-meta\/\" class=\"plain\">\u00bfProteger la expresi\u00f3n o normalizar la agresi\u00f3n? El reto de las pol\u00edticas de Meta<\/a>\n\t\t\t\t\t<\/h5>\n\t\t\t\t\t\t\t\t\t\t<div class=\"is-divider\"><\/div>\n\t\t\t\t\t\t\t\t\t\t<p class=\"from_the_blog_excerpt \">\n\t\t\t\t\t\t\t\t\t\t\t<\/p>\n\t\t\t\t\t                    \n\t\t\t\t\t\t\t\t\t\t\t<a href=\"https:\/\/www.icesi.edu.co\/oem\/proteger-la-expresion-o-normalizar-la-agresion-el-reto-de-las-politicas-de-meta\/\" class=\"button  is-link is-xsmall mb-0\">\n\t\t\t\t\t\t\tLeer m\u00e1s\t\t\t\t\t\t<\/a>\n\t\t\t\t\t\n\t\t\t\t\t\n\t\t\t\t\t<\/div>\n\t\t\t\t\t<\/div>\n\t\t\t\t\t\t\t\t\t\t\t\t\t\t\t\t<div class=\"badge absolute top post-date badge-circle\">\n\t\t\t\t\t\t\t<div class=\"badge-inner\">\n\t\t\t\t\t\t\t\t<span class=\"post-date-day\">15<\/span><br>\n\t\t\t\t\t\t\t\t<span class=\"post-date-month is-xsmall\">Ene<\/span>\n\t\t\t\t\t\t\t<\/div>\n\t\t\t\t\t\t<\/div>\n\t\t\t\t\t\t\t\t\t<\/div>\n\t\t\t<\/div>\n\t\t<\/div><div class=\"col post-item\" >\n\t\t\t<div class=\"col-inner\">\n\t\t\t\t<div class=\"box box-vertical box-text-bottom box-blog-post has-hover\">\n            \t\t\t\t\t<div class=\"box-image\" style=\"width:30%;\">\n  \t\t\t\t\t\t<div class=\"image-cover\" style=\"padding-top:56%;\">\n\t\t\t\t\t\t\t<a href=\"https:\/\/www.icesi.edu.co\/oem\/desafiar-el-statu-quo-la-formacion-en-genero-como-herramienta-de-cambio\/\" class=\"plain\" aria-label=\"Desafiar el statu quo: La formaci\u00f3n en g\u00e9nero como herramienta de cambio\">\n\t\t\t\t\t\t\t\t<img loading=\"lazy\" decoding=\"async\" width=\"300\" height=\"169\" src=\"https:\/\/www.icesi.edu.co\/oem\/wp-content\/uploads\/2024\/10\/Desafiar-1024x576-1-300x169.jpeg\" class=\"attachment-medium size-medium wp-post-image\" alt=\"\" srcset=\"https:\/\/www.icesi.edu.co\/oem\/wp-content\/uploads\/2024\/10\/Desafiar-1024x576-1-300x169.jpeg 300w, https:\/\/www.icesi.edu.co\/oem\/wp-content\/uploads\/2024\/10\/Desafiar-1024x576-1-768x432.jpeg 768w, https:\/\/www.icesi.edu.co\/oem\/wp-content\/uploads\/2024\/10\/Desafiar-1024x576-1.jpeg 1024w\" sizes=\"auto, (max-width: 300px) 100vw, 300px\" \/>\t\t\t\t\t\t\t<\/a>\n  \t\t\t\t\t\t\t  \t\t\t\t\t\t\t  \t\t\t\t\t\t<\/div>\n  \t\t\t\t\t\t  \t\t\t\t\t<\/div>\n          \t\t\t\t\t<div class=\"box-text text-left is-small\" >\n\t\t\t\t\t<div class=\"box-text-inner blog-post-inner\">\n\n\t\t\t\t\t\n\t\t\t\t\t\t\t\t\t\t\t<p class=\"cat-label tag-label is-xxsmall op-7 uppercase\">\n\t\t\t\t\tboletines de prensa \t\t\t\t\t<\/p>\n\t\t\t\t\t\t\t\t\t\t<h5 class=\"post-title is-large \">\n\t\t\t\t\t\t<a href=\"https:\/\/www.icesi.edu.co\/oem\/desafiar-el-statu-quo-la-formacion-en-genero-como-herramienta-de-cambio\/\" class=\"plain\">Desafiar el statu quo: La formaci\u00f3n en g\u00e9nero como herramienta de cambio<\/a>\n\t\t\t\t\t<\/h5>\n\t\t\t\t\t\t\t\t\t\t<div class=\"is-divider\"><\/div>\n\t\t\t\t\t\t\t\t\t\t<p class=\"from_the_blog_excerpt \">\n\t\t\t\t\t\t\t\t\t\t\t<\/p>\n\t\t\t\t\t                    \n\t\t\t\t\t\t\t\t\t\t\t<a href=\"https:\/\/www.icesi.edu.co\/oem\/desafiar-el-statu-quo-la-formacion-en-genero-como-herramienta-de-cambio\/\" class=\"button  is-link is-xsmall mb-0\">\n\t\t\t\t\t\t\tLeer m\u00e1s\t\t\t\t\t\t<\/a>\n\t\t\t\t\t\n\t\t\t\t\t\n\t\t\t\t\t<\/div>\n\t\t\t\t\t<\/div>\n\t\t\t\t\t\t\t\t\t\t\t\t\t\t\t\t<div class=\"badge absolute top post-date badge-circle\">\n\t\t\t\t\t\t\t<div class=\"badge-inner\">\n\t\t\t\t\t\t\t\t<span class=\"post-date-day\">19<\/span><br>\n\t\t\t\t\t\t\t\t<span class=\"post-date-month is-xsmall\">Oct<\/span>\n\t\t\t\t\t\t\t<\/div>\n\t\t\t\t\t\t<\/div>\n\t\t\t\t\t\t\t\t\t<\/div>\n\t\t\t<\/div>\n\t\t<\/div><div class=\"col post-item\" >\n\t\t\t<div class=\"col-inner\">\n\t\t\t\t<div class=\"box box-vertical box-text-bottom box-blog-post has-hover\">\n            \t\t\t\t\t<div class=\"box-image\" style=\"width:30%;\">\n  \t\t\t\t\t\t<div class=\"image-cover\" style=\"padding-top:56%;\">\n\t\t\t\t\t\t\t<a href=\"https:\/\/www.icesi.edu.co\/oem\/hasta-que-la-verguenza-cambie-de-bando\/\" class=\"plain\" aria-label=\"Hasta que la verg\u00fcenza cambie de bando\">\n\t\t\t\t\t\t\t\t<img loading=\"lazy\" decoding=\"async\" width=\"300\" height=\"169\" src=\"https:\/\/www.icesi.edu.co\/oem\/wp-content\/uploads\/2024\/09\/cambie-de-bando-300x169.png\" class=\"attachment-medium size-medium wp-post-image\" alt=\"\" srcset=\"https:\/\/www.icesi.edu.co\/oem\/wp-content\/uploads\/2024\/09\/cambie-de-bando-300x169.png 300w, https:\/\/www.icesi.edu.co\/oem\/wp-content\/uploads\/2024\/09\/cambie-de-bando.png 752w\" sizes=\"auto, (max-width: 300px) 100vw, 300px\" \/>\t\t\t\t\t\t\t<\/a>\n  \t\t\t\t\t\t\t  \t\t\t\t\t\t\t  \t\t\t\t\t\t<\/div>\n  \t\t\t\t\t\t  \t\t\t\t\t<\/div>\n          \t\t\t\t\t<div class=\"box-text text-left is-small\" >\n\t\t\t\t\t<div class=\"box-text-inner blog-post-inner\">\n\n\t\t\t\t\t\n\t\t\t\t\t\t\t\t\t\t\t<p class=\"cat-label tag-label is-xxsmall op-7 uppercase\">\n\t\t\t\t\tboletines de prensa \t\t\t\t\t<\/p>\n\t\t\t\t\t\t\t\t\t\t<h5 class=\"post-title is-large \">\n\t\t\t\t\t\t<a href=\"https:\/\/www.icesi.edu.co\/oem\/hasta-que-la-verguenza-cambie-de-bando\/\" class=\"plain\">Hasta que la verg\u00fcenza cambie de bando<\/a>\n\t\t\t\t\t<\/h5>\n\t\t\t\t\t\t\t\t\t\t<div class=\"is-divider\"><\/div>\n\t\t\t\t\t\t\t\t\t\t<p class=\"from_the_blog_excerpt \">\n\t\t\t\t\t\t\t\t\t\t\t<\/p>\n\t\t\t\t\t                    \n\t\t\t\t\t\t\t\t\t\t\t<a href=\"https:\/\/www.icesi.edu.co\/oem\/hasta-que-la-verguenza-cambie-de-bando\/\" class=\"button  is-link is-xsmall mb-0\">\n\t\t\t\t\t\t\tLeer m\u00e1s\t\t\t\t\t\t<\/a>\n\t\t\t\t\t\n\t\t\t\t\t\n\t\t\t\t\t<\/div>\n\t\t\t\t\t<\/div>\n\t\t\t\t\t\t\t\t\t\t\t\t\t\t\t\t<div class=\"badge absolute top post-date badge-circle\">\n\t\t\t\t\t\t\t<div class=\"badge-inner\">\n\t\t\t\t\t\t\t\t<span class=\"post-date-day\">07<\/span><br>\n\t\t\t\t\t\t\t\t<span class=\"post-date-month is-xsmall\">Sep<\/span>\n\t\t\t\t\t\t\t<\/div>\n\t\t\t\t\t\t<\/div>\n\t\t\t\t\t\t\t\t\t<\/div>\n\t\t\t<\/div>\n\t\t<\/div><div class=\"col post-item\" >\n\t\t\t<div class=\"col-inner\">\n\t\t\t\t<div class=\"box box-vertical box-text-bottom box-blog-post has-hover\">\n            \t\t\t\t\t<div class=\"box-image\" style=\"width:30%;\">\n  \t\t\t\t\t\t<div class=\"image-cover\" style=\"padding-top:56%;\">\n\t\t\t\t\t\t\t<a href=\"https:\/\/www.icesi.edu.co\/oem\/la-villa-olimpica-y-los-padres-cuando-los-veremos-luchando-por-guarderias\/\" class=\"plain\" aria-label=\"La Villa ol\u00edmpica y los padres: \u00bfcu\u00e1ndo los veremos luchando por guarder\u00edas?\">\n\t\t\t\t\t\t\t\t<img loading=\"lazy\" decoding=\"async\" width=\"300\" height=\"169\" src=\"https:\/\/www.icesi.edu.co\/oem\/wp-content\/uploads\/2024\/08\/villa-olimpica-300x169.png\" class=\"attachment-medium size-medium wp-post-image\" alt=\"\" srcset=\"https:\/\/www.icesi.edu.co\/oem\/wp-content\/uploads\/2024\/08\/villa-olimpica-300x169.png 300w, https:\/\/www.icesi.edu.co\/oem\/wp-content\/uploads\/2024\/08\/villa-olimpica.png 752w\" sizes=\"auto, (max-width: 300px) 100vw, 300px\" \/>\t\t\t\t\t\t\t<\/a>\n  \t\t\t\t\t\t\t  \t\t\t\t\t\t\t  \t\t\t\t\t\t<\/div>\n  \t\t\t\t\t\t  \t\t\t\t\t<\/div>\n          \t\t\t\t\t<div class=\"box-text text-left is-small\" >\n\t\t\t\t\t<div class=\"box-text-inner blog-post-inner\">\n\n\t\t\t\t\t\n\t\t\t\t\t\t\t\t\t\t\t<p class=\"cat-label tag-label is-xxsmall op-7 uppercase\">\n\t\t\t\t\tboletines de prensa \t\t\t\t\t<\/p>\n\t\t\t\t\t\t\t\t\t\t<h5 class=\"post-title is-large \">\n\t\t\t\t\t\t<a href=\"https:\/\/www.icesi.edu.co\/oem\/la-villa-olimpica-y-los-padres-cuando-los-veremos-luchando-por-guarderias\/\" class=\"plain\">La Villa ol\u00edmpica y los padres: \u00bfcu\u00e1ndo los veremos luchando por guarder\u00edas?<\/a>\n\t\t\t\t\t<\/h5>\n\t\t\t\t\t\t\t\t\t\t<div class=\"is-divider\"><\/div>\n\t\t\t\t\t\t\t\t\t\t<p class=\"from_the_blog_excerpt \">\n\t\t\t\t\t\t\t\t\t\t\t<\/p>\n\t\t\t\t\t                    \n\t\t\t\t\t\t\t\t\t\t\t<a href=\"https:\/\/www.icesi.edu.co\/oem\/la-villa-olimpica-y-los-padres-cuando-los-veremos-luchando-por-guarderias\/\" class=\"button  is-link is-xsmall mb-0\">\n\t\t\t\t\t\t\tLeer m\u00e1s\t\t\t\t\t\t<\/a>\n\t\t\t\t\t\n\t\t\t\t\t\n\t\t\t\t\t<\/div>\n\t\t\t\t\t<\/div>\n\t\t\t\t\t\t\t\t\t\t\t\t\t\t\t\t<div class=\"badge absolute top post-date badge-circle\">\n\t\t\t\t\t\t\t<div class=\"badge-inner\">\n\t\t\t\t\t\t\t\t<span class=\"post-date-day\">15<\/span><br>\n\t\t\t\t\t\t\t\t<span class=\"post-date-month is-xsmall\">Ago<\/span>\n\t\t\t\t\t\t\t<\/div>\n\t\t\t\t\t\t<\/div>\n\t\t\t\t\t\t\t\t\t<\/div>\n\t\t\t<\/div>\n\t\t<\/div><div class=\"col post-item\" >\n\t\t\t<div class=\"col-inner\">\n\t\t\t\t<div class=\"box box-vertical box-text-bottom box-blog-post has-hover\">\n            \t\t\t\t\t<div class=\"box-image\" style=\"width:30%;\">\n  \t\t\t\t\t\t<div class=\"image-cover\" style=\"padding-top:56%;\">\n\t\t\t\t\t\t\t<a href=\"https:\/\/www.icesi.edu.co\/oem\/que-puede-aprender-el-mundo-corporativo-de-las-cuotas-de-genero\/\" class=\"plain\" aria-label=\"\u00bfQu\u00e9 puede aprender el mundo corporativo de las cuotas de g\u00e9nero?\">\n\t\t\t\t\t\t\t\t<img loading=\"lazy\" decoding=\"async\" width=\"300\" height=\"169\" src=\"https:\/\/www.icesi.edu.co\/oem\/wp-content\/uploads\/2024\/07\/mundo-corporativo-300x169.png\" class=\"attachment-medium size-medium wp-post-image\" alt=\"\" srcset=\"https:\/\/www.icesi.edu.co\/oem\/wp-content\/uploads\/2024\/07\/mundo-corporativo-300x169.png 300w, https:\/\/www.icesi.edu.co\/oem\/wp-content\/uploads\/2024\/07\/mundo-corporativo.png 752w\" sizes=\"auto, (max-width: 300px) 100vw, 300px\" \/>\t\t\t\t\t\t\t<\/a>\n  \t\t\t\t\t\t\t  \t\t\t\t\t\t\t  \t\t\t\t\t\t<\/div>\n  \t\t\t\t\t\t  \t\t\t\t\t<\/div>\n          \t\t\t\t\t<div class=\"box-text text-left is-small\" >\n\t\t\t\t\t<div class=\"box-text-inner blog-post-inner\">\n\n\t\t\t\t\t\n\t\t\t\t\t\t\t\t\t\t\t<p class=\"cat-label tag-label is-xxsmall op-7 uppercase\">\n\t\t\t\t\tboletines de prensa \t\t\t\t\t<\/p>\n\t\t\t\t\t\t\t\t\t\t<h5 class=\"post-title is-large \">\n\t\t\t\t\t\t<a href=\"https:\/\/www.icesi.edu.co\/oem\/que-puede-aprender-el-mundo-corporativo-de-las-cuotas-de-genero\/\" class=\"plain\">\u00bfQu\u00e9 puede aprender el mundo corporativo de las cuotas de g\u00e9nero?<\/a>\n\t\t\t\t\t<\/h5>\n\t\t\t\t\t\t\t\t\t\t<div class=\"is-divider\"><\/div>\n\t\t\t\t\t\t\t\t\t\t<p class=\"from_the_blog_excerpt \">\n\t\t\t\t\t\t\t\t\t\t\t<\/p>\n\t\t\t\t\t                    \n\t\t\t\t\t\t\t\t\t\t\t<a href=\"https:\/\/www.icesi.edu.co\/oem\/que-puede-aprender-el-mundo-corporativo-de-las-cuotas-de-genero\/\" class=\"button  is-link is-xsmall mb-0\">\n\t\t\t\t\t\t\tLeer m\u00e1s\t\t\t\t\t\t<\/a>\n\t\t\t\t\t\n\t\t\t\t\t\n\t\t\t\t\t<\/div>\n\t\t\t\t\t<\/div>\n\t\t\t\t\t\t\t\t\t\t\t\t\t\t\t\t<div class=\"badge absolute top post-date badge-circle\">\n\t\t\t\t\t\t\t<div class=\"badge-inner\">\n\t\t\t\t\t\t\t\t<span class=\"post-date-day\">31<\/span><br>\n\t\t\t\t\t\t\t\t<span class=\"post-date-month is-xsmall\">Jul<\/span>\n\t\t\t\t\t\t\t<\/div>\n\t\t\t\t\t\t<\/div>\n\t\t\t\t\t\t\t\t\t<\/div>\n\t\t\t<\/div>\n\t\t<\/div><div class=\"col post-item\" >\n\t\t\t<div class=\"col-inner\">\n\t\t\t\t<div class=\"box box-vertical box-text-bottom box-blog-post has-hover\">\n            \t\t\t\t\t<div class=\"box-image\" style=\"width:30%;\">\n  \t\t\t\t\t\t<div class=\"image-cover\" style=\"padding-top:56%;\">\n\t\t\t\t\t\t\t<a href=\"https:\/\/www.icesi.edu.co\/oem\/las-organizaciones-necesitan-mas-relaciones-de-ecosistemas-y-menos-recetas-para-avanzar-en-diversidad-equidad-e-inclusion\/\" class=\"plain\" aria-label=\"Las organizaciones necesitan m\u00e1s relaciones de ecosistemas y menos recetas para avanzar en diversidad, equidad e inclusi\u00f3n\">\n\t\t\t\t\t\t\t\t<img loading=\"lazy\" decoding=\"async\" width=\"300\" height=\"169\" src=\"https:\/\/www.icesi.edu.co\/oem\/wp-content\/uploads\/2024\/06\/ecosistema-300x169.png\" class=\"attachment-medium size-medium wp-post-image\" alt=\"\" srcset=\"https:\/\/www.icesi.edu.co\/oem\/wp-content\/uploads\/2024\/06\/ecosistema-300x169.png 300w, https:\/\/www.icesi.edu.co\/oem\/wp-content\/uploads\/2024\/06\/ecosistema.png 752w\" sizes=\"auto, (max-width: 300px) 100vw, 300px\" \/>\t\t\t\t\t\t\t<\/a>\n  \t\t\t\t\t\t\t  \t\t\t\t\t\t\t  \t\t\t\t\t\t<\/div>\n  \t\t\t\t\t\t  \t\t\t\t\t<\/div>\n          \t\t\t\t\t<div class=\"box-text text-left is-small\" >\n\t\t\t\t\t<div class=\"box-text-inner blog-post-inner\">\n\n\t\t\t\t\t\n\t\t\t\t\t\t\t\t\t\t\t<p class=\"cat-label tag-label is-xxsmall op-7 uppercase\">\n\t\t\t\t\tboletines de prensa \t\t\t\t\t<\/p>\n\t\t\t\t\t\t\t\t\t\t<h5 class=\"post-title is-large \">\n\t\t\t\t\t\t<a href=\"https:\/\/www.icesi.edu.co\/oem\/las-organizaciones-necesitan-mas-relaciones-de-ecosistemas-y-menos-recetas-para-avanzar-en-diversidad-equidad-e-inclusion\/\" class=\"plain\">Las organizaciones necesitan m\u00e1s relaciones de ecosistemas y menos recetas para avanzar en diversidad, equidad e inclusi\u00f3n<\/a>\n\t\t\t\t\t<\/h5>\n\t\t\t\t\t\t\t\t\t\t<div class=\"is-divider\"><\/div>\n\t\t\t\t\t\t\t\t\t\t<p class=\"from_the_blog_excerpt \">\n\t\t\t\t\t\t\t\t\t\t\t<\/p>\n\t\t\t\t\t                    \n\t\t\t\t\t\t\t\t\t\t\t<a href=\"https:\/\/www.icesi.edu.co\/oem\/las-organizaciones-necesitan-mas-relaciones-de-ecosistemas-y-menos-recetas-para-avanzar-en-diversidad-equidad-e-inclusion\/\" class=\"button  is-link is-xsmall mb-0\">\n\t\t\t\t\t\t\tLeer m\u00e1s\t\t\t\t\t\t<\/a>\n\t\t\t\t\t\n\t\t\t\t\t\n\t\t\t\t\t<\/div>\n\t\t\t\t\t<\/div>\n\t\t\t\t\t\t\t\t\t\t\t\t\t\t\t\t<div class=\"badge absolute top post-date badge-circle\">\n\t\t\t\t\t\t\t<div class=\"badge-inner\">\n\t\t\t\t\t\t\t\t<span class=\"post-date-day\">25<\/span><br>\n\t\t\t\t\t\t\t\t<span class=\"post-date-month is-xsmall\">Jun<\/span>\n\t\t\t\t\t\t\t<\/div>\n\t\t\t\t\t\t<\/div>\n\t\t\t\t\t\t\t\t\t<\/div>\n\t\t\t<\/div>\n\t\t<\/div><div class=\"col post-item\" >\n\t\t\t<div class=\"col-inner\">\n\t\t\t\t<div class=\"box box-vertical box-text-bottom box-blog-post has-hover\">\n            \t\t\t\t\t<div class=\"box-image\" style=\"width:30%;\">\n  \t\t\t\t\t\t<div class=\"image-cover\" style=\"padding-top:56%;\">\n\t\t\t\t\t\t\t<a href=\"https:\/\/www.icesi.edu.co\/oem\/expertas-nacionales-e-internacionales-llegan-a-cali-para-evento-gratuito-sobre-derecho-arte-y-genero-2\/\" class=\"plain\" aria-label=\"Mujeres en Cali podr\u00e1n participar en diplomado gratuito, certificado por la universidad Icesi\">\n\t\t\t\t\t\t\t\t<img loading=\"lazy\" decoding=\"async\" width=\"300\" height=\"200\" src=\"https:\/\/www.icesi.edu.co\/oem\/wp-content\/uploads\/2024\/06\/Diplomado-OEM-4-300x200.jpg\" class=\"attachment-medium size-medium wp-post-image\" alt=\"\" srcset=\"https:\/\/www.icesi.edu.co\/oem\/wp-content\/uploads\/2024\/06\/Diplomado-OEM-4-300x200.jpg 300w, https:\/\/www.icesi.edu.co\/oem\/wp-content\/uploads\/2024\/06\/Diplomado-OEM-4-1024x683.jpg 1024w, https:\/\/www.icesi.edu.co\/oem\/wp-content\/uploads\/2024\/06\/Diplomado-OEM-4-768x512.jpg 768w, https:\/\/www.icesi.edu.co\/oem\/wp-content\/uploads\/2024\/06\/Diplomado-OEM-4-1536x1024.jpg 1536w, https:\/\/www.icesi.edu.co\/oem\/wp-content\/uploads\/2024\/06\/Diplomado-OEM-4-2048x1365.jpg 2048w\" sizes=\"auto, (max-width: 300px) 100vw, 300px\" \/>\t\t\t\t\t\t\t<\/a>\n  \t\t\t\t\t\t\t  \t\t\t\t\t\t\t  \t\t\t\t\t\t<\/div>\n  \t\t\t\t\t\t  \t\t\t\t\t<\/div>\n          \t\t\t\t\t<div class=\"box-text text-left is-small\" >\n\t\t\t\t\t<div class=\"box-text-inner blog-post-inner\">\n\n\t\t\t\t\t\n\t\t\t\t\t\t\t\t\t\t\t<p class=\"cat-label tag-label is-xxsmall op-7 uppercase\">\n\t\t\t\t\tboletines de prensa \t\t\t\t\t<\/p>\n\t\t\t\t\t\t\t\t\t\t<h5 class=\"post-title is-large \">\n\t\t\t\t\t\t<a href=\"https:\/\/www.icesi.edu.co\/oem\/expertas-nacionales-e-internacionales-llegan-a-cali-para-evento-gratuito-sobre-derecho-arte-y-genero-2\/\" class=\"plain\">Mujeres en Cali podr\u00e1n participar en diplomado gratuito, certificado por la universidad Icesi<\/a>\n\t\t\t\t\t<\/h5>\n\t\t\t\t\t\t\t\t\t\t<div class=\"is-divider\"><\/div>\n\t\t\t\t\t\t\t\t\t\t<p class=\"from_the_blog_excerpt \">\n\t\t\t\t\t\t\t\t\t\t\t<\/p>\n\t\t\t\t\t                    \n\t\t\t\t\t\t\t\t\t\t\t<a href=\"https:\/\/www.icesi.edu.co\/oem\/expertas-nacionales-e-internacionales-llegan-a-cali-para-evento-gratuito-sobre-derecho-arte-y-genero-2\/\" class=\"button  is-link is-xsmall mb-0\">\n\t\t\t\t\t\t\tLeer m\u00e1s\t\t\t\t\t\t<\/a>\n\t\t\t\t\t\n\t\t\t\t\t\n\t\t\t\t\t<\/div>\n\t\t\t\t\t<\/div>\n\t\t\t\t\t\t\t\t\t\t\t\t\t\t\t\t<div class=\"badge absolute top post-date badge-circle\">\n\t\t\t\t\t\t\t<div class=\"badge-inner\">\n\t\t\t\t\t\t\t\t<span class=\"post-date-day\">20<\/span><br>\n\t\t\t\t\t\t\t\t<span class=\"post-date-month is-xsmall\">Jun<\/span>\n\t\t\t\t\t\t\t<\/div>\n\t\t\t\t\t\t<\/div>\n\t\t\t\t\t\t\t\t\t<\/div>\n\t\t\t<\/div>\n\t\t<\/div><div class=\"col post-item\" >\n\t\t\t<div class=\"col-inner\">\n\t\t\t\t<div class=\"box box-vertical box-text-bottom box-blog-post has-hover\">\n            \t\t\t\t\t<div class=\"box-image\" style=\"width:30%;\">\n  \t\t\t\t\t\t<div class=\"image-cover\" style=\"padding-top:56%;\">\n\t\t\t\t\t\t\t<a href=\"https:\/\/www.icesi.edu.co\/oem\/expertas-nacionales-e-internacionales-llegan-a-cali-para-evento-gratuito-sobre-derecho-arte-y-genero\/\" class=\"plain\" aria-label=\"Expertas nacionales e internacionales llegan a Cali para evento gratuito sobre derecho, arte y g\u00e9nero\">\n\t\t\t\t\t\t\t\t<img loading=\"lazy\" decoding=\"async\" width=\"300\" height=\"169\" src=\"https:\/\/www.icesi.edu.co\/oem\/wp-content\/uploads\/2024\/05\/expertas-300x169.jpg\" class=\"attachment-medium size-medium wp-post-image\" alt=\"\" srcset=\"https:\/\/www.icesi.edu.co\/oem\/wp-content\/uploads\/2024\/05\/expertas-300x169.jpg 300w, https:\/\/www.icesi.edu.co\/oem\/wp-content\/uploads\/2024\/05\/expertas.jpg 512w\" sizes=\"auto, (max-width: 300px) 100vw, 300px\" \/>\t\t\t\t\t\t\t<\/a>\n  \t\t\t\t\t\t\t  \t\t\t\t\t\t\t  \t\t\t\t\t\t<\/div>\n  \t\t\t\t\t\t  \t\t\t\t\t<\/div>\n          \t\t\t\t\t<div class=\"box-text text-left is-small\" >\n\t\t\t\t\t<div class=\"box-text-inner blog-post-inner\">\n\n\t\t\t\t\t\n\t\t\t\t\t\t\t\t\t\t\t<p class=\"cat-label tag-label is-xxsmall op-7 uppercase\">\n\t\t\t\t\tboletines de prensa \t\t\t\t\t<\/p>\n\t\t\t\t\t\t\t\t\t\t<h5 class=\"post-title is-large \">\n\t\t\t\t\t\t<a href=\"https:\/\/www.icesi.edu.co\/oem\/expertas-nacionales-e-internacionales-llegan-a-cali-para-evento-gratuito-sobre-derecho-arte-y-genero\/\" class=\"plain\">Expertas nacionales e internacionales llegan a Cali para evento gratuito sobre derecho, arte y g\u00e9nero<\/a>\n\t\t\t\t\t<\/h5>\n\t\t\t\t\t\t\t\t\t\t<div class=\"is-divider\"><\/div>\n\t\t\t\t\t\t\t\t\t\t<p class=\"from_the_blog_excerpt \">\n\t\t\t\t\t\t\t\t\t\t\t<\/p>\n\t\t\t\t\t                    \n\t\t\t\t\t\t\t\t\t\t\t<a href=\"https:\/\/www.icesi.edu.co\/oem\/expertas-nacionales-e-internacionales-llegan-a-cali-para-evento-gratuito-sobre-derecho-arte-y-genero\/\" class=\"button  is-link is-xsmall mb-0\">\n\t\t\t\t\t\t\tLeer m\u00e1s\t\t\t\t\t\t<\/a>\n\t\t\t\t\t\n\t\t\t\t\t\n\t\t\t\t\t<\/div>\n\t\t\t\t\t<\/div>\n\t\t\t\t\t\t\t\t\t\t\t\t\t\t\t\t<div class=\"badge absolute top post-date badge-circle\">\n\t\t\t\t\t\t\t<div class=\"badge-inner\">\n\t\t\t\t\t\t\t\t<span class=\"post-date-day\">22<\/span><br>\n\t\t\t\t\t\t\t\t<span class=\"post-date-month is-xsmall\">Abr<\/span>\n\t\t\t\t\t\t\t<\/div>\n\t\t\t\t\t\t<\/div>\n\t\t\t\t\t\t\t\t\t<\/div>\n\t\t\t<\/div>\n\t\t<\/div><div class=\"col post-item\" >\n\t\t\t<div class=\"col-inner\">\n\t\t\t\t<div class=\"box box-vertical box-text-bottom box-blog-post has-hover\">\n            \t\t\t\t\t<div class=\"box-image\" style=\"width:30%;\">\n  \t\t\t\t\t\t<div class=\"image-cover\" style=\"padding-top:56%;\">\n\t\t\t\t\t\t\t<a href=\"https:\/\/www.icesi.edu.co\/oem\/estudio-presenta-cifras-sobre-el-acoso-sexual-que-viven-las-vallecaucanas-en-las-calles\/\" class=\"plain\" aria-label=\"Estudio presenta cifras sobre el acoso sexual que viven las vallecaucanas en las calles\">\n\t\t\t\t\t\t\t\t<img loading=\"lazy\" decoding=\"async\" width=\"225\" height=\"300\" src=\"https:\/\/www.icesi.edu.co\/oem\/wp-content\/uploads\/2024\/05\/estudio-cifras-acoso-225x300.png\" class=\"attachment-medium size-medium wp-post-image\" alt=\"\" srcset=\"https:\/\/www.icesi.edu.co\/oem\/wp-content\/uploads\/2024\/05\/estudio-cifras-acoso-225x300.png 225w, https:\/\/www.icesi.edu.co\/oem\/wp-content\/uploads\/2024\/05\/estudio-cifras-acoso.png 384w\" sizes=\"auto, (max-width: 225px) 100vw, 225px\" \/>\t\t\t\t\t\t\t<\/a>\n  \t\t\t\t\t\t\t  \t\t\t\t\t\t\t  \t\t\t\t\t\t<\/div>\n  \t\t\t\t\t\t  \t\t\t\t\t<\/div>\n          \t\t\t\t\t<div class=\"box-text text-left is-small\" >\n\t\t\t\t\t<div class=\"box-text-inner blog-post-inner\">\n\n\t\t\t\t\t\n\t\t\t\t\t\t\t\t\t\t\t<p class=\"cat-label tag-label is-xxsmall op-7 uppercase\">\n\t\t\t\t\tboletines de prensa \t\t\t\t\t<\/p>\n\t\t\t\t\t\t\t\t\t\t<h5 class=\"post-title is-large \">\n\t\t\t\t\t\t<a href=\"https:\/\/www.icesi.edu.co\/oem\/estudio-presenta-cifras-sobre-el-acoso-sexual-que-viven-las-vallecaucanas-en-las-calles\/\" class=\"plain\">Estudio presenta cifras sobre el acoso sexual que viven las vallecaucanas en las calles<\/a>\n\t\t\t\t\t<\/h5>\n\t\t\t\t\t\t\t\t\t\t<div class=\"is-divider\"><\/div>\n\t\t\t\t\t\t\t\t\t\t<p class=\"from_the_blog_excerpt \">\n\t\t\t\t\t\t\t\t\t\t\t<\/p>\n\t\t\t\t\t                    \n\t\t\t\t\t\t\t\t\t\t\t<a href=\"https:\/\/www.icesi.edu.co\/oem\/estudio-presenta-cifras-sobre-el-acoso-sexual-que-viven-las-vallecaucanas-en-las-calles\/\" class=\"button  is-link is-xsmall mb-0\">\n\t\t\t\t\t\t\tLeer m\u00e1s\t\t\t\t\t\t<\/a>\n\t\t\t\t\t\n\t\t\t\t\t\n\t\t\t\t\t<\/div>\n\t\t\t\t\t<\/div>\n\t\t\t\t\t\t\t\t\t\t\t\t\t\t\t\t<div class=\"badge absolute top post-date badge-circle\">\n\t\t\t\t\t\t\t<div class=\"badge-inner\">\n\t\t\t\t\t\t\t\t<span class=\"post-date-day\">14<\/span><br>\n\t\t\t\t\t\t\t\t<span class=\"post-date-month is-xsmall\">Abr<\/span>\n\t\t\t\t\t\t\t<\/div>\n\t\t\t\t\t\t<\/div>\n\t\t\t\t\t\t\t\t\t<\/div>\n\t\t\t<\/div>\n\t\t<\/div><div class=\"col post-item\" >\n\t\t\t<div class=\"col-inner\">\n\t\t\t\t<div class=\"box box-vertical box-text-bottom box-blog-post has-hover\">\n            \t\t\t\t\t<div class=\"box-image\" style=\"width:30%;\">\n  \t\t\t\t\t\t<div class=\"image-cover\" style=\"padding-top:56%;\">\n\t\t\t\t\t\t\t<a href=\"https:\/\/www.icesi.edu.co\/oem\/proyecto-de-ley-en-colombia-que-busca-licencia-de-maternidad-diferencial-para-mujeres-en-politica-fue-aprobado-en-primer-debate-que-tan-necesaria-es-esta-medida\/\" class=\"plain\" aria-label=\"Proyecto de ley en Colombia que busca licencia de maternidad diferencial para mujeres en pol\u00edtica fue aprobado en primer debate: \u00bfqu\u00e9 tan necesaria es esta medida?\">\n\t\t\t\t\t\t\t\t<img loading=\"lazy\" decoding=\"async\" width=\"300\" height=\"200\" src=\"https:\/\/www.icesi.edu.co\/oem\/wp-content\/uploads\/2024\/05\/mujeres-embarazadas-trabajo-300x200.jpg\" class=\"attachment-medium size-medium wp-post-image\" alt=\"\" srcset=\"https:\/\/www.icesi.edu.co\/oem\/wp-content\/uploads\/2024\/05\/mujeres-embarazadas-trabajo-300x200.jpg 300w, https:\/\/www.icesi.edu.co\/oem\/wp-content\/uploads\/2024\/05\/mujeres-embarazadas-trabajo.jpg 600w\" sizes=\"auto, (max-width: 300px) 100vw, 300px\" \/>\t\t\t\t\t\t\t<\/a>\n  \t\t\t\t\t\t\t  \t\t\t\t\t\t\t  \t\t\t\t\t\t<\/div>\n  \t\t\t\t\t\t  \t\t\t\t\t<\/div>\n          \t\t\t\t\t<div class=\"box-text text-left is-small\" >\n\t\t\t\t\t<div class=\"box-text-inner blog-post-inner\">\n\n\t\t\t\t\t\n\t\t\t\t\t\t\t\t\t\t\t<p class=\"cat-label tag-label is-xxsmall op-7 uppercase\">\n\t\t\t\t\tboletines de prensa \t\t\t\t\t<\/p>\n\t\t\t\t\t\t\t\t\t\t<h5 class=\"post-title is-large \">\n\t\t\t\t\t\t<a href=\"https:\/\/www.icesi.edu.co\/oem\/proyecto-de-ley-en-colombia-que-busca-licencia-de-maternidad-diferencial-para-mujeres-en-politica-fue-aprobado-en-primer-debate-que-tan-necesaria-es-esta-medida\/\" class=\"plain\">Proyecto de ley en Colombia que busca licencia de maternidad diferencial para mujeres en pol\u00edtica fue aprobado en primer debate: \u00bfqu\u00e9 tan necesaria es esta medida?<\/a>\n\t\t\t\t\t<\/h5>\n\t\t\t\t\t\t\t\t\t\t<div class=\"is-divider\"><\/div>\n\t\t\t\t\t\t\t\t\t\t<p class=\"from_the_blog_excerpt \">\n\t\t\t\t\t\t\t\t\t\t\t<\/p>\n\t\t\t\t\t                    \n\t\t\t\t\t\t\t\t\t\t\t<a href=\"https:\/\/www.icesi.edu.co\/oem\/proyecto-de-ley-en-colombia-que-busca-licencia-de-maternidad-diferencial-para-mujeres-en-politica-fue-aprobado-en-primer-debate-que-tan-necesaria-es-esta-medida\/\" class=\"button  is-link is-xsmall mb-0\">\n\t\t\t\t\t\t\tLeer m\u00e1s\t\t\t\t\t\t<\/a>\n\t\t\t\t\t\n\t\t\t\t\t\n\t\t\t\t\t<\/div>\n\t\t\t\t\t<\/div>\n\t\t\t\t\t\t\t\t\t\t\t\t\t\t\t\t<div class=\"badge absolute top post-date badge-circle\">\n\t\t\t\t\t\t\t<div class=\"badge-inner\">\n\t\t\t\t\t\t\t\t<span class=\"post-date-day\">16<\/span><br>\n\t\t\t\t\t\t\t\t<span class=\"post-date-month is-xsmall\">Mar<\/span>\n\t\t\t\t\t\t\t<\/div>\n\t\t\t\t\t\t<\/div>\n\t\t\t\t\t\t\t\t\t<\/div>\n\t\t\t<\/div>\n\t\t<\/div><div class=\"col post-item\" >\n\t\t\t<div class=\"col-inner\">\n\t\t\t\t<div class=\"box box-vertical box-text-bottom box-blog-post has-hover\">\n            \t\t\t\t\t<div class=\"box-image\" style=\"width:30%;\">\n  \t\t\t\t\t\t<div class=\"image-cover\" style=\"padding-top:56%;\">\n\t\t\t\t\t\t\t<a href=\"https:\/\/www.icesi.edu.co\/oem\/aporta-a-la-economia-que-las-empresas-tengan-ecosistemas-de-diversidad-equidad-e-inclusion-esto-opinan-expertas\/\" class=\"plain\" aria-label=\"\u00bfAporta a la econom\u00eda que las empresas tengan ecosistemas de diversidad, equidad e inclusi\u00f3n? Esto opinan expertas\">\n\t\t\t\t\t\t\t\t<img loading=\"lazy\" decoding=\"async\" width=\"300\" height=\"225\" src=\"https:\/\/www.icesi.edu.co\/oem\/wp-content\/uploads\/2024\/05\/Economia-empresas-ecosistema-diversidad-300x225.png\" class=\"attachment-medium size-medium wp-post-image\" alt=\"\" srcset=\"https:\/\/www.icesi.edu.co\/oem\/wp-content\/uploads\/2024\/05\/Economia-empresas-ecosistema-diversidad-300x225.png 300w, https:\/\/www.icesi.edu.co\/oem\/wp-content\/uploads\/2024\/05\/Economia-empresas-ecosistema-diversidad.png 512w\" sizes=\"auto, (max-width: 300px) 100vw, 300px\" \/>\t\t\t\t\t\t\t<\/a>\n  \t\t\t\t\t\t\t  \t\t\t\t\t\t\t  \t\t\t\t\t\t<\/div>\n  \t\t\t\t\t\t  \t\t\t\t\t<\/div>\n          \t\t\t\t\t<div class=\"box-text text-left is-small\" >\n\t\t\t\t\t<div class=\"box-text-inner blog-post-inner\">\n\n\t\t\t\t\t\n\t\t\t\t\t\t\t\t\t\t\t<p class=\"cat-label tag-label is-xxsmall op-7 uppercase\">\n\t\t\t\t\tboletines de prensa \t\t\t\t\t<\/p>\n\t\t\t\t\t\t\t\t\t\t<h5 class=\"post-title is-large \">\n\t\t\t\t\t\t<a href=\"https:\/\/www.icesi.edu.co\/oem\/aporta-a-la-economia-que-las-empresas-tengan-ecosistemas-de-diversidad-equidad-e-inclusion-esto-opinan-expertas\/\" class=\"plain\">\u00bfAporta a la econom\u00eda que las empresas tengan ecosistemas de diversidad, equidad e inclusi\u00f3n? Esto opinan expertas<\/a>\n\t\t\t\t\t<\/h5>\n\t\t\t\t\t\t\t\t\t\t<div class=\"is-divider\"><\/div>\n\t\t\t\t\t\t\t\t\t\t<p class=\"from_the_blog_excerpt \">\n\t\t\t\t\t\t\t\t\t\t\t<\/p>\n\t\t\t\t\t                    \n\t\t\t\t\t\t\t\t\t\t\t<a href=\"https:\/\/www.icesi.edu.co\/oem\/aporta-a-la-economia-que-las-empresas-tengan-ecosistemas-de-diversidad-equidad-e-inclusion-esto-opinan-expertas\/\" class=\"button  is-link is-xsmall mb-0\">\n\t\t\t\t\t\t\tLeer m\u00e1s\t\t\t\t\t\t<\/a>\n\t\t\t\t\t\n\t\t\t\t\t\n\t\t\t\t\t<\/div>\n\t\t\t\t\t<\/div>\n\t\t\t\t\t\t\t\t\t\t\t\t\t\t\t\t<div class=\"badge absolute top post-date badge-circle\">\n\t\t\t\t\t\t\t<div class=\"badge-inner\">\n\t\t\t\t\t\t\t\t<span class=\"post-date-day\">15<\/span><br>\n\t\t\t\t\t\t\t\t<span class=\"post-date-month is-xsmall\">Mar<\/span>\n\t\t\t\t\t\t\t<\/div>\n\t\t\t\t\t\t<\/div>\n\t\t\t\t\t\t\t\t\t<\/div>\n\t\t\t<\/div>\n\t\t<\/div><div class=\"col post-item\" >\n\t\t\t<div class=\"col-inner\">\n\t\t\t\t<div class=\"box box-vertical box-text-bottom box-blog-post has-hover\">\n            \t\t\t\t\t<div class=\"box-image\" style=\"width:30%;\">\n  \t\t\t\t\t\t<div class=\"image-cover\" style=\"padding-top:56%;\">\n\t\t\t\t\t\t\t<a href=\"https:\/\/www.icesi.edu.co\/oem\/el-respeto-por-las-mujeres-un-asunto-pendiente-en-cali\/\" class=\"plain\" aria-label=\"El respeto por las mujeres, un asunto pendiente en Cali\">\n\t\t\t\t\t\t\t\t<img loading=\"lazy\" decoding=\"async\" width=\"300\" height=\"200\" src=\"https:\/\/www.icesi.edu.co\/oem\/wp-content\/uploads\/2024\/05\/Respeto-por-la-mujer-300x200.jpg\" class=\"attachment-medium size-medium wp-post-image\" alt=\"\" srcset=\"https:\/\/www.icesi.edu.co\/oem\/wp-content\/uploads\/2024\/05\/Respeto-por-la-mujer-300x200.jpg 300w, https:\/\/www.icesi.edu.co\/oem\/wp-content\/uploads\/2024\/05\/Respeto-por-la-mujer.jpg 512w\" sizes=\"auto, (max-width: 300px) 100vw, 300px\" \/>\t\t\t\t\t\t\t<\/a>\n  \t\t\t\t\t\t\t  \t\t\t\t\t\t\t  \t\t\t\t\t\t<\/div>\n  \t\t\t\t\t\t  \t\t\t\t\t<\/div>\n          \t\t\t\t\t<div class=\"box-text text-left is-small\" >\n\t\t\t\t\t<div class=\"box-text-inner blog-post-inner\">\n\n\t\t\t\t\t\n\t\t\t\t\t\t\t\t\t\t\t<p class=\"cat-label tag-label is-xxsmall op-7 uppercase\">\n\t\t\t\t\tboletines de prensa \t\t\t\t\t<\/p>\n\t\t\t\t\t\t\t\t\t\t<h5 class=\"post-title is-large \">\n\t\t\t\t\t\t<a href=\"https:\/\/www.icesi.edu.co\/oem\/el-respeto-por-las-mujeres-un-asunto-pendiente-en-cali\/\" class=\"plain\">El respeto por las mujeres, un asunto pendiente en Cali<\/a>\n\t\t\t\t\t<\/h5>\n\t\t\t\t\t\t\t\t\t\t<div class=\"is-divider\"><\/div>\n\t\t\t\t\t\t\t\t\t\t<p class=\"from_the_blog_excerpt \">\n\t\t\t\t\t\t\t\t\t\t\t<\/p>\n\t\t\t\t\t                    \n\t\t\t\t\t\t\t\t\t\t\t<a href=\"https:\/\/www.icesi.edu.co\/oem\/el-respeto-por-las-mujeres-un-asunto-pendiente-en-cali\/\" class=\"button  is-link is-xsmall mb-0\">\n\t\t\t\t\t\t\tLeer m\u00e1s\t\t\t\t\t\t<\/a>\n\t\t\t\t\t\n\t\t\t\t\t\n\t\t\t\t\t<\/div>\n\t\t\t\t\t<\/div>\n\t\t\t\t\t\t\t\t\t\t\t\t\t\t\t\t<div class=\"badge absolute top post-date badge-circle\">\n\t\t\t\t\t\t\t<div class=\"badge-inner\">\n\t\t\t\t\t\t\t\t<span class=\"post-date-day\">08<\/span><br>\n\t\t\t\t\t\t\t\t<span class=\"post-date-month is-xsmall\">Mar<\/span>\n\t\t\t\t\t\t\t<\/div>\n\t\t\t\t\t\t<\/div>\n\t\t\t\t\t\t\t\t\t<\/div>\n\t\t\t<\/div>\n\t\t<\/div><div class=\"col post-item\" >\n\t\t\t<div class=\"col-inner\">\n\t\t\t\t<div class=\"box box-vertical box-text-bottom box-blog-post has-hover\">\n            \t\t\t\t\t<div class=\"box-image\" style=\"width:30%;\">\n  \t\t\t\t\t\t<div class=\"image-cover\" style=\"padding-top:56%;\">\n\t\t\t\t\t\t\t<a href=\"https:\/\/www.icesi.edu.co\/oem\/empleo-y-carga-de-cuidado-preocupan-a-las-mujeres-de-cali\/\" class=\"plain\" aria-label=\"Empleo y carga de cuidado preocupan a las mujeres de Cali\">\n\t\t\t\t\t\t\t\t<img loading=\"lazy\" decoding=\"async\" width=\"300\" height=\"200\" src=\"https:\/\/www.icesi.edu.co\/oem\/wp-content\/uploads\/2024\/05\/Empleo-y-cargo-mujeres-en-Cali-300x200.jpg\" class=\"attachment-medium size-medium wp-post-image\" alt=\"\" srcset=\"https:\/\/www.icesi.edu.co\/oem\/wp-content\/uploads\/2024\/05\/Empleo-y-cargo-mujeres-en-Cali-300x200.jpg 300w, https:\/\/www.icesi.edu.co\/oem\/wp-content\/uploads\/2024\/05\/Empleo-y-cargo-mujeres-en-Cali.jpg 512w\" sizes=\"auto, (max-width: 300px) 100vw, 300px\" \/>\t\t\t\t\t\t\t<\/a>\n  \t\t\t\t\t\t\t  \t\t\t\t\t\t\t  \t\t\t\t\t\t<\/div>\n  \t\t\t\t\t\t  \t\t\t\t\t<\/div>\n          \t\t\t\t\t<div class=\"box-text text-left is-small\" >\n\t\t\t\t\t<div class=\"box-text-inner blog-post-inner\">\n\n\t\t\t\t\t\n\t\t\t\t\t\t\t\t\t\t\t<p class=\"cat-label tag-label is-xxsmall op-7 uppercase\">\n\t\t\t\t\tboletines de prensa \t\t\t\t\t<\/p>\n\t\t\t\t\t\t\t\t\t\t<h5 class=\"post-title is-large \">\n\t\t\t\t\t\t<a href=\"https:\/\/www.icesi.edu.co\/oem\/empleo-y-carga-de-cuidado-preocupan-a-las-mujeres-de-cali\/\" class=\"plain\">Empleo y carga de cuidado preocupan a las mujeres de Cali<\/a>\n\t\t\t\t\t<\/h5>\n\t\t\t\t\t\t\t\t\t\t<div class=\"is-divider\"><\/div>\n\t\t\t\t\t\t\t\t\t\t<p class=\"from_the_blog_excerpt \">\n\t\t\t\t\t\t\t\t\t\t\t<\/p>\n\t\t\t\t\t                    \n\t\t\t\t\t\t\t\t\t\t\t<a href=\"https:\/\/www.icesi.edu.co\/oem\/empleo-y-carga-de-cuidado-preocupan-a-las-mujeres-de-cali\/\" class=\"button  is-link is-xsmall mb-0\">\n\t\t\t\t\t\t\tLeer m\u00e1s\t\t\t\t\t\t<\/a>\n\t\t\t\t\t\n\t\t\t\t\t\n\t\t\t\t\t<\/div>\n\t\t\t\t\t<\/div>\n\t\t\t\t\t\t\t\t\t\t\t\t\t\t\t\t<div class=\"badge absolute top post-date badge-circle\">\n\t\t\t\t\t\t\t<div class=\"badge-inner\">\n\t\t\t\t\t\t\t\t<span class=\"post-date-day\">07<\/span><br>\n\t\t\t\t\t\t\t\t<span class=\"post-date-month is-xsmall\">Mar<\/span>\n\t\t\t\t\t\t\t<\/div>\n\t\t\t\t\t\t<\/div>\n\t\t\t\t\t\t\t\t\t<\/div>\n\t\t\t<\/div>\n\t\t<\/div><div class=\"col post-item\" >\n\t\t\t<div class=\"col-inner\">\n\t\t\t\t<div class=\"box box-vertical box-text-bottom box-blog-post has-hover\">\n            \t\t\t\t\t<div class=\"box-image\" style=\"width:30%;\">\n  \t\t\t\t\t\t<div class=\"image-cover\" style=\"padding-top:56%;\">\n\t\t\t\t\t\t\t<a href=\"https:\/\/www.icesi.edu.co\/oem\/como-lograr-un-ecosistema-de-diversidad-equidad-de-genero-e-inclusion-estos-son-los-retos-para-gobernantes-y-sector-privado\/\" class=\"plain\" aria-label=\"\u00bfC\u00f3mo lograr un ecosistema de diversidad, equidad de g\u00e9nero e inclusi\u00f3n? Estos son los retos para gobernantes y sector privado\">\n\t\t\t\t\t\t\t\t<img loading=\"lazy\" decoding=\"async\" width=\"300\" height=\"225\" src=\"https:\/\/www.icesi.edu.co\/oem\/wp-content\/uploads\/2024\/05\/ecosistema-de-diversidad-300x225.png\" class=\"attachment-medium size-medium wp-post-image\" alt=\"\" srcset=\"https:\/\/www.icesi.edu.co\/oem\/wp-content\/uploads\/2024\/05\/ecosistema-de-diversidad-300x225.png 300w, https:\/\/www.icesi.edu.co\/oem\/wp-content\/uploads\/2024\/05\/ecosistema-de-diversidad.png 512w\" sizes=\"auto, (max-width: 300px) 100vw, 300px\" \/>\t\t\t\t\t\t\t<\/a>\n  \t\t\t\t\t\t\t  \t\t\t\t\t\t\t  \t\t\t\t\t\t<\/div>\n  \t\t\t\t\t\t  \t\t\t\t\t<\/div>\n          \t\t\t\t\t<div class=\"box-text text-left is-small\" >\n\t\t\t\t\t<div class=\"box-text-inner blog-post-inner\">\n\n\t\t\t\t\t\n\t\t\t\t\t\t\t\t\t\t\t<p class=\"cat-label tag-label is-xxsmall op-7 uppercase\">\n\t\t\t\t\tboletines de prensa \t\t\t\t\t<\/p>\n\t\t\t\t\t\t\t\t\t\t<h5 class=\"post-title is-large \">\n\t\t\t\t\t\t<a href=\"https:\/\/www.icesi.edu.co\/oem\/como-lograr-un-ecosistema-de-diversidad-equidad-de-genero-e-inclusion-estos-son-los-retos-para-gobernantes-y-sector-privado\/\" class=\"plain\">\u00bfC\u00f3mo lograr un ecosistema de diversidad, equidad de g\u00e9nero e inclusi\u00f3n? Estos son los retos para gobernantes y sector privado<\/a>\n\t\t\t\t\t<\/h5>\n\t\t\t\t\t\t\t\t\t\t<div class=\"is-divider\"><\/div>\n\t\t\t\t\t\t\t\t\t\t<p class=\"from_the_blog_excerpt \">\n\t\t\t\t\t\t\t\t\t\t\t<\/p>\n\t\t\t\t\t                    \n\t\t\t\t\t\t\t\t\t\t\t<a href=\"https:\/\/www.icesi.edu.co\/oem\/como-lograr-un-ecosistema-de-diversidad-equidad-de-genero-e-inclusion-estos-son-los-retos-para-gobernantes-y-sector-privado\/\" class=\"button  is-link is-xsmall mb-0\">\n\t\t\t\t\t\t\tLeer m\u00e1s\t\t\t\t\t\t<\/a>\n\t\t\t\t\t\n\t\t\t\t\t\n\t\t\t\t\t<\/div>\n\t\t\t\t\t<\/div>\n\t\t\t\t\t\t\t\t\t\t\t\t\t\t\t\t<div class=\"badge absolute top post-date badge-circle\">\n\t\t\t\t\t\t\t<div class=\"badge-inner\">\n\t\t\t\t\t\t\t\t<span class=\"post-date-day\">06<\/span><br>\n\t\t\t\t\t\t\t\t<span class=\"post-date-month is-xsmall\">Mar<\/span>\n\t\t\t\t\t\t\t<\/div>\n\t\t\t\t\t\t<\/div>\n\t\t\t\t\t\t\t\t\t<\/div>\n\t\t\t<\/div>\n\t\t<\/div><div class=\"col post-item\" >\n\t\t\t<div class=\"col-inner\">\n\t\t\t\t<div class=\"box box-vertical box-text-bottom box-blog-post has-hover\">\n            \t\t\t\t\t<div class=\"box-image\" style=\"width:30%;\">\n  \t\t\t\t\t\t<div class=\"image-cover\" style=\"padding-top:56%;\">\n\t\t\t\t\t\t\t<a href=\"https:\/\/www.icesi.edu.co\/oem\/21f-dos-anos-despues-de-la-despenalizacion-del-aborto-en-colombia-organizaciones-feministas-reclaman-cumplimiento-y-descentralizacion-de-este-derecho\/\" class=\"plain\" aria-label=\"21F: Dos a\u00f1os despu\u00e9s de la despenalizaci\u00f3n del aborto en Colombia, organizaciones feministas reclaman cumplimiento y descentralizaci\u00f3n de este derecho\">\n\t\t\t\t\t\t\t\t<img loading=\"lazy\" decoding=\"async\" width=\"300\" height=\"199\" src=\"https:\/\/www.icesi.edu.co\/oem\/wp-content\/uploads\/2024\/05\/21f-300x199.jpg\" class=\"attachment-medium size-medium wp-post-image\" alt=\"\" srcset=\"https:\/\/www.icesi.edu.co\/oem\/wp-content\/uploads\/2024\/05\/21f-300x199.jpg 300w, https:\/\/www.icesi.edu.co\/oem\/wp-content\/uploads\/2024\/05\/21f.jpg 512w\" sizes=\"auto, (max-width: 300px) 100vw, 300px\" \/>\t\t\t\t\t\t\t<\/a>\n  \t\t\t\t\t\t\t  \t\t\t\t\t\t\t  \t\t\t\t\t\t<\/div>\n  \t\t\t\t\t\t  \t\t\t\t\t<\/div>\n          \t\t\t\t\t<div class=\"box-text text-left is-small\" >\n\t\t\t\t\t<div class=\"box-text-inner blog-post-inner\">\n\n\t\t\t\t\t\n\t\t\t\t\t\t\t\t\t\t\t<p class=\"cat-label tag-label is-xxsmall op-7 uppercase\">\n\t\t\t\t\tboletines de prensa \t\t\t\t\t<\/p>\n\t\t\t\t\t\t\t\t\t\t<h5 class=\"post-title is-large \">\n\t\t\t\t\t\t<a href=\"https:\/\/www.icesi.edu.co\/oem\/21f-dos-anos-despues-de-la-despenalizacion-del-aborto-en-colombia-organizaciones-feministas-reclaman-cumplimiento-y-descentralizacion-de-este-derecho\/\" class=\"plain\">21F: Dos a\u00f1os despu\u00e9s de la despenalizaci\u00f3n del aborto en Colombia, organizaciones feministas reclaman cumplimiento y descentralizaci\u00f3n de este derecho<\/a>\n\t\t\t\t\t<\/h5>\n\t\t\t\t\t\t\t\t\t\t<div class=\"is-divider\"><\/div>\n\t\t\t\t\t\t\t\t\t\t<p class=\"from_the_blog_excerpt \">\n\t\t\t\t\t\t\t\t\t\t\t<\/p>\n\t\t\t\t\t                    \n\t\t\t\t\t\t\t\t\t\t\t<a href=\"https:\/\/www.icesi.edu.co\/oem\/21f-dos-anos-despues-de-la-despenalizacion-del-aborto-en-colombia-organizaciones-feministas-reclaman-cumplimiento-y-descentralizacion-de-este-derecho\/\" class=\"button  is-link is-xsmall mb-0\">\n\t\t\t\t\t\t\tLeer m\u00e1s\t\t\t\t\t\t<\/a>\n\t\t\t\t\t\n\t\t\t\t\t\n\t\t\t\t\t<\/div>\n\t\t\t\t\t<\/div>\n\t\t\t\t\t\t\t\t\t\t\t\t\t\t\t\t<div class=\"badge absolute top post-date badge-circle\">\n\t\t\t\t\t\t\t<div class=\"badge-inner\">\n\t\t\t\t\t\t\t\t<span class=\"post-date-day\">16<\/span><br>\n\t\t\t\t\t\t\t\t<span class=\"post-date-month is-xsmall\">Feb<\/span>\n\t\t\t\t\t\t\t<\/div>\n\t\t\t\t\t\t<\/div>\n\t\t\t\t\t\t\t\t\t<\/div>\n\t\t\t<\/div>\n\t\t<\/div><div class=\"col post-item\" >\n\t\t\t<div class=\"col-inner\">\n\t\t\t\t<div class=\"box box-vertical box-text-bottom box-blog-post has-hover\">\n            \t\t\t\t\t<div class=\"box-image\" style=\"width:30%;\">\n  \t\t\t\t\t\t<div class=\"image-cover\" style=\"padding-top:56%;\">\n\t\t\t\t\t\t\t<a href=\"https:\/\/www.icesi.edu.co\/oem\/tras-alerta-de-la-procuraduria-el-observatorio-para-la-equidad-de-las-mujeres-llama-la-atencion-por-feminicidios-en-cali-y-denuncias-por-violencia-intrafamiliar-o-sexual\/\" class=\"plain\" aria-label=\"Tras alerta de la Procuradur\u00eda, el Observatorio para la Equidad de las Mujeres llama la atenci\u00f3n por feminicidios en Cali y denuncias por violencia intrafamiliar o sexual\">\n\t\t\t\t\t\t\t\t<img loading=\"lazy\" decoding=\"async\" width=\"300\" height=\"185\" src=\"https:\/\/www.icesi.edu.co\/oem\/wp-content\/uploads\/2023\/11\/feminicidios-en-cali-300x185.jpeg\" class=\"attachment-medium size-medium wp-post-image\" alt=\"\" srcset=\"https:\/\/www.icesi.edu.co\/oem\/wp-content\/uploads\/2023\/11\/feminicidios-en-cali-300x185.jpeg 300w, https:\/\/www.icesi.edu.co\/oem\/wp-content\/uploads\/2023\/11\/feminicidios-en-cali.jpeg 730w\" sizes=\"auto, (max-width: 300px) 100vw, 300px\" \/>\t\t\t\t\t\t\t<\/a>\n  \t\t\t\t\t\t\t  \t\t\t\t\t\t\t  \t\t\t\t\t\t<\/div>\n  \t\t\t\t\t\t  \t\t\t\t\t<\/div>\n          \t\t\t\t\t<div class=\"box-text text-left is-small\" >\n\t\t\t\t\t<div class=\"box-text-inner blog-post-inner\">\n\n\t\t\t\t\t\n\t\t\t\t\t\t\t\t\t\t\t<p class=\"cat-label tag-label is-xxsmall op-7 uppercase\">\n\t\t\t\t\tboletines de prensa \t\t\t\t\t<\/p>\n\t\t\t\t\t\t\t\t\t\t<h5 class=\"post-title is-large \">\n\t\t\t\t\t\t<a href=\"https:\/\/www.icesi.edu.co\/oem\/tras-alerta-de-la-procuraduria-el-observatorio-para-la-equidad-de-las-mujeres-llama-la-atencion-por-feminicidios-en-cali-y-denuncias-por-violencia-intrafamiliar-o-sexual\/\" class=\"plain\">Tras alerta de la Procuradur\u00eda, el Observatorio para la Equidad de las Mujeres llama la atenci\u00f3n por feminicidios en Cali y denuncias por violencia intrafamiliar o sexual<\/a>\n\t\t\t\t\t<\/h5>\n\t\t\t\t\t\t\t\t\t\t<div class=\"is-divider\"><\/div>\n\t\t\t\t\t\t\t\t\t\t<p class=\"from_the_blog_excerpt \">\n\t\t\t\t\t\t\t\t\t\t\t<\/p>\n\t\t\t\t\t                    \n\t\t\t\t\t\t\t\t\t\t\t<a href=\"https:\/\/www.icesi.edu.co\/oem\/tras-alerta-de-la-procuraduria-el-observatorio-para-la-equidad-de-las-mujeres-llama-la-atencion-por-feminicidios-en-cali-y-denuncias-por-violencia-intrafamiliar-o-sexual\/\" class=\"button  is-link is-xsmall mb-0\">\n\t\t\t\t\t\t\tLeer m\u00e1s\t\t\t\t\t\t<\/a>\n\t\t\t\t\t\n\t\t\t\t\t\n\t\t\t\t\t<\/div>\n\t\t\t\t\t<\/div>\n\t\t\t\t\t\t\t\t\t\t\t\t\t\t\t\t<div class=\"badge absolute top post-date badge-circle\">\n\t\t\t\t\t\t\t<div class=\"badge-inner\">\n\t\t\t\t\t\t\t\t<span class=\"post-date-day\">03<\/span><br>\n\t\t\t\t\t\t\t\t<span class=\"post-date-month is-xsmall\">Nov<\/span>\n\t\t\t\t\t\t\t<\/div>\n\t\t\t\t\t\t<\/div>\n\t\t\t\t\t\t\t\t\t<\/div>\n\t\t\t<\/div>\n\t\t<\/div><div class=\"col post-item\" >\n\t\t\t<div class=\"col-inner\">\n\t\t\t\t<div class=\"box box-vertical box-text-bottom box-blog-post has-hover\">\n            \t\t\t\t\t<div class=\"box-image\" style=\"width:30%;\">\n  \t\t\t\t\t\t<div class=\"image-cover\" style=\"padding-top:56%;\">\n\t\t\t\t\t\t\t<a href=\"https:\/\/www.icesi.edu.co\/oem\/mas-de-la-mitad-de-las-mujeres-que-trabajan-con-internet-han-recibido-contenido-ofensivo-o-sexual-sin-autorizacion-segun-encuesta\/\" class=\"plain\" aria-label=\"M\u00e1s de la mitad de las mujeres que trabajan con internet han recibido contenido ofensivo o sexual sin autorizaci\u00f3n, seg\u00fan encuesta\">\n\t\t\t\t\t\t\t\t<img loading=\"lazy\" decoding=\"async\" width=\"300\" height=\"196\" src=\"https:\/\/www.icesi.edu.co\/oem\/wp-content\/uploads\/2023\/09\/Mas-de-la-mitad-de-las-mujeres-que-trabajan-con-internet-han-recibido-300x196.jpg\" class=\"attachment-medium size-medium wp-post-image\" alt=\"\" srcset=\"https:\/\/www.icesi.edu.co\/oem\/wp-content\/uploads\/2023\/09\/Mas-de-la-mitad-de-las-mujeres-que-trabajan-con-internet-han-recibido-300x196.jpg 300w, https:\/\/www.icesi.edu.co\/oem\/wp-content\/uploads\/2023\/09\/Mas-de-la-mitad-de-las-mujeres-que-trabajan-con-internet-han-recibido.jpg 684w\" sizes=\"auto, (max-width: 300px) 100vw, 300px\" \/>\t\t\t\t\t\t\t<\/a>\n  \t\t\t\t\t\t\t  \t\t\t\t\t\t\t  \t\t\t\t\t\t<\/div>\n  \t\t\t\t\t\t  \t\t\t\t\t<\/div>\n          \t\t\t\t\t<div class=\"box-text text-left is-small\" >\n\t\t\t\t\t<div class=\"box-text-inner blog-post-inner\">\n\n\t\t\t\t\t\n\t\t\t\t\t\t\t\t\t\t\t<p class=\"cat-label tag-label is-xxsmall op-7 uppercase\">\n\t\t\t\t\tboletines de prensa \t\t\t\t\t<\/p>\n\t\t\t\t\t\t\t\t\t\t<h5 class=\"post-title is-large \">\n\t\t\t\t\t\t<a href=\"https:\/\/www.icesi.edu.co\/oem\/mas-de-la-mitad-de-las-mujeres-que-trabajan-con-internet-han-recibido-contenido-ofensivo-o-sexual-sin-autorizacion-segun-encuesta\/\" class=\"plain\">M\u00e1s de la mitad de las mujeres que trabajan con internet han recibido contenido ofensivo o sexual sin autorizaci\u00f3n, seg\u00fan encuesta<\/a>\n\t\t\t\t\t<\/h5>\n\t\t\t\t\t\t\t\t\t\t<div class=\"is-divider\"><\/div>\n\t\t\t\t\t\t\t\t\t\t<p class=\"from_the_blog_excerpt \">\n\t\t\t\t\t\t\t\t\t\t\t<\/p>\n\t\t\t\t\t                    \n\t\t\t\t\t\t\t\t\t\t\t<a href=\"https:\/\/www.icesi.edu.co\/oem\/mas-de-la-mitad-de-las-mujeres-que-trabajan-con-internet-han-recibido-contenido-ofensivo-o-sexual-sin-autorizacion-segun-encuesta\/\" class=\"button  is-link is-xsmall mb-0\">\n\t\t\t\t\t\t\tLeer m\u00e1s\t\t\t\t\t\t<\/a>\n\t\t\t\t\t\n\t\t\t\t\t\n\t\t\t\t\t<\/div>\n\t\t\t\t\t<\/div>\n\t\t\t\t\t\t\t\t\t\t\t\t\t\t\t\t<div class=\"badge absolute top post-date badge-circle\">\n\t\t\t\t\t\t\t<div class=\"badge-inner\">\n\t\t\t\t\t\t\t\t<span class=\"post-date-day\">10<\/span><br>\n\t\t\t\t\t\t\t\t<span class=\"post-date-month is-xsmall\">Oct<\/span>\n\t\t\t\t\t\t\t<\/div>\n\t\t\t\t\t\t<\/div>\n\t\t\t\t\t\t\t\t\t<\/div>\n\t\t\t<\/div>\n\t\t<\/div><div class=\"col post-item\" >\n\t\t\t<div class=\"col-inner\">\n\t\t\t\t<div class=\"box box-vertical box-text-bottom box-blog-post has-hover\">\n            \t\t\t\t\t<div class=\"box-image\" style=\"width:30%;\">\n  \t\t\t\t\t\t<div class=\"image-cover\" style=\"padding-top:56%;\">\n\t\t\t\t\t\t\t<a href=\"https:\/\/www.icesi.edu.co\/oem\/tumaco-1-de-4-mujeres-se-ha-ido-a-trabajar-a-otra-region-o-pais\/\" class=\"plain\" aria-label=\"Tumaco:\u00a01 de 4 mujeres se ha ido a trabajar a otra regi\u00f3n o pa\u00eds\">\n\t\t\t\t\t\t\t\t<img loading=\"lazy\" decoding=\"async\" width=\"300\" height=\"143\" src=\"https:\/\/www.icesi.edu.co\/oem\/wp-content\/uploads\/2023\/08\/tumaco-1-de-4-mujeres-se-ha-ido-a-trabajar-a-otra-region-o-pais-01-05-2023-772x369-1-300x143.jpg\" class=\"attachment-medium size-medium wp-post-image\" alt=\"\" srcset=\"https:\/\/www.icesi.edu.co\/oem\/wp-content\/uploads\/2023\/08\/tumaco-1-de-4-mujeres-se-ha-ido-a-trabajar-a-otra-region-o-pais-01-05-2023-772x369-1-300x143.jpg 300w, https:\/\/www.icesi.edu.co\/oem\/wp-content\/uploads\/2023\/08\/tumaco-1-de-4-mujeres-se-ha-ido-a-trabajar-a-otra-region-o-pais-01-05-2023-772x369-1-768x367.jpg 768w, https:\/\/www.icesi.edu.co\/oem\/wp-content\/uploads\/2023\/08\/tumaco-1-de-4-mujeres-se-ha-ido-a-trabajar-a-otra-region-o-pais-01-05-2023-772x369-1.jpg 772w\" sizes=\"auto, (max-width: 300px) 100vw, 300px\" \/>\t\t\t\t\t\t\t<\/a>\n  \t\t\t\t\t\t\t  \t\t\t\t\t\t\t  \t\t\t\t\t\t<\/div>\n  \t\t\t\t\t\t  \t\t\t\t\t<\/div>\n          \t\t\t\t\t<div class=\"box-text text-left is-small\" >\n\t\t\t\t\t<div class=\"box-text-inner blog-post-inner\">\n\n\t\t\t\t\t\n\t\t\t\t\t\t\t\t\t\t\t<p class=\"cat-label tag-label is-xxsmall op-7 uppercase\">\n\t\t\t\t\tboletines de prensa VBG en medios \t\t\t\t\t<\/p>\n\t\t\t\t\t\t\t\t\t\t<h5 class=\"post-title is-large \">\n\t\t\t\t\t\t<a href=\"https:\/\/www.icesi.edu.co\/oem\/tumaco-1-de-4-mujeres-se-ha-ido-a-trabajar-a-otra-region-o-pais\/\" class=\"plain\">Tumaco:\u00a01 de 4 mujeres se ha ido a trabajar a otra regi\u00f3n o pa\u00eds<\/a>\n\t\t\t\t\t<\/h5>\n\t\t\t\t\t\t\t\t\t\t<div class=\"is-divider\"><\/div>\n\t\t\t\t\t\t\t\t\t\t<p class=\"from_the_blog_excerpt \">\n\t\t\t\t\t\t\t\t\t\t\t<\/p>\n\t\t\t\t\t                    \n\t\t\t\t\t\t\t\t\t\t\t<a href=\"https:\/\/www.icesi.edu.co\/oem\/tumaco-1-de-4-mujeres-se-ha-ido-a-trabajar-a-otra-region-o-pais\/\" class=\"button  is-link is-xsmall mb-0\">\n\t\t\t\t\t\t\tLeer m\u00e1s\t\t\t\t\t\t<\/a>\n\t\t\t\t\t\n\t\t\t\t\t\n\t\t\t\t\t<\/div>\n\t\t\t\t\t<\/div>\n\t\t\t\t\t\t\t\t\t\t\t\t\t\t\t\t<div class=\"badge absolute top post-date badge-circle\">\n\t\t\t\t\t\t\t<div class=\"badge-inner\">\n\t\t\t\t\t\t\t\t<span class=\"post-date-day\">15<\/span><br>\n\t\t\t\t\t\t\t\t<span class=\"post-date-month is-xsmall\">Ago<\/span>\n\t\t\t\t\t\t\t<\/div>\n\t\t\t\t\t\t<\/div>\n\t\t\t\t\t\t\t\t\t<\/div>\n\t\t\t<\/div>\n\t\t<\/div><div class=\"col post-item\" >\n\t\t\t<div class=\"col-inner\">\n\t\t\t\t<div class=\"box box-vertical box-text-bottom box-blog-post has-hover\">\n            \t\t\t\t\t<div class=\"box-image\" style=\"width:30%;\">\n  \t\t\t\t\t\t<div class=\"image-cover\" style=\"padding-top:56%;\">\n\t\t\t\t\t\t\t<a href=\"https:\/\/www.icesi.edu.co\/oem\/comunicado-a-la-opinion-publica-y-a-los-medios-de-comunicacion\/\" class=\"plain\" aria-label=\"Comunicado a la opini\u00f3n p\u00fablica y a los medios de comunicaci\u00f3n\">\n\t\t\t\t\t\t\t\t<img loading=\"lazy\" decoding=\"async\" width=\"300\" height=\"156\" src=\"https:\/\/www.icesi.edu.co\/oem\/wp-content\/uploads\/2023\/07\/GettyImages-1289905472-1-modified-300x156.jpg\" class=\"attachment-medium size-medium wp-post-image\" alt=\"\" srcset=\"https:\/\/www.icesi.edu.co\/oem\/wp-content\/uploads\/2023\/07\/GettyImages-1289905472-1-modified-300x156.jpg 300w, https:\/\/www.icesi.edu.co\/oem\/wp-content\/uploads\/2023\/07\/GettyImages-1289905472-1-modified-1024x533.jpg 1024w, https:\/\/www.icesi.edu.co\/oem\/wp-content\/uploads\/2023\/07\/GettyImages-1289905472-1-modified-768x400.jpg 768w, https:\/\/www.icesi.edu.co\/oem\/wp-content\/uploads\/2023\/07\/GettyImages-1289905472-1-modified.jpg 1200w\" sizes=\"auto, (max-width: 300px) 100vw, 300px\" \/>\t\t\t\t\t\t\t<\/a>\n  \t\t\t\t\t\t\t  \t\t\t\t\t\t\t  \t\t\t\t\t\t<\/div>\n  \t\t\t\t\t\t  \t\t\t\t\t\t\t<div class=\"absolute no-click x50 y50 md-x50 md-y50 lg-x50 lg-y50\">\n  \t\t\t\t            \t<div class=\"overlay-icon\">\n  \t\t\t\t                    <i class=\"icon-play\" aria-hidden=\"true\"><\/i>  \t\t\t\t                <\/div>\n  \t\t\t\t            <\/div>\n  \t\t\t\t\t\t  \t\t\t\t\t<\/div>\n          \t\t\t\t\t<div class=\"box-text text-left is-small\" >\n\t\t\t\t\t<div class=\"box-text-inner blog-post-inner\">\n\n\t\t\t\t\t\n\t\t\t\t\t\t\t\t\t\t\t<p class=\"cat-label tag-label is-xxsmall op-7 uppercase\">\n\t\t\t\t\tboletines de prensa noticias \t\t\t\t\t<\/p>\n\t\t\t\t\t\t\t\t\t\t<h5 class=\"post-title is-large \">\n\t\t\t\t\t\t<a href=\"https:\/\/www.icesi.edu.co\/oem\/comunicado-a-la-opinion-publica-y-a-los-medios-de-comunicacion\/\" class=\"plain\">Comunicado a la opini\u00f3n p\u00fablica y a los medios de comunicaci\u00f3n<\/a>\n\t\t\t\t\t<\/h5>\n\t\t\t\t\t\t\t\t\t\t<div class=\"is-divider\"><\/div>\n\t\t\t\t\t\t\t\t\t\t<p class=\"from_the_blog_excerpt \">\n\t\t\t\t\t\tAnte las recientes declaraciones del ex subdirector t\u00e9cnico de Juventudes del Valle del Cauca sobre [...]\t\t\t\t\t<\/p>\n\t\t\t\t\t                    \n\t\t\t\t\t\t\t\t\t\t\t<a href=\"https:\/\/www.icesi.edu.co\/oem\/comunicado-a-la-opinion-publica-y-a-los-medios-de-comunicacion\/\" class=\"button  is-link is-xsmall mb-0\">\n\t\t\t\t\t\t\tLeer m\u00e1s\t\t\t\t\t\t<\/a>\n\t\t\t\t\t\n\t\t\t\t\t\n\t\t\t\t\t<\/div>\n\t\t\t\t\t<\/div>\n\t\t\t\t\t\t\t\t\t\t\t\t\t\t\t\t<div class=\"badge absolute top post-date badge-circle\">\n\t\t\t\t\t\t\t<div class=\"badge-inner\">\n\t\t\t\t\t\t\t\t<span class=\"post-date-day\">04<\/span><br>\n\t\t\t\t\t\t\t\t<span class=\"post-date-month is-xsmall\">Jul<\/span>\n\t\t\t\t\t\t\t<\/div>\n\t\t\t\t\t\t<\/div>\n\t\t\t\t\t\t\t\t\t<\/div>\n\t\t\t<\/div>\n\t\t<\/div><div class=\"col post-item\" >\n\t\t\t<div class=\"col-inner\">\n\t\t\t\t<div class=\"box box-vertical box-text-bottom box-blog-post has-hover\">\n            \t\t\t\t\t<div class=\"box-image\" style=\"width:30%;\">\n  \t\t\t\t\t\t<div class=\"image-cover\" style=\"padding-top:56%;\">\n\t\t\t\t\t\t\t<a href=\"https:\/\/www.icesi.edu.co\/oem\/cali-sera-sede-de-encuentro-sobre-politicas-publicas-y-economia-del-cuidado-en-america-latina\/\" class=\"plain\" aria-label=\"Cali ser\u00e1 sede de encuentro sobre pol\u00edticas p\u00fablicas y econom\u00eda del cuidado en Am\u00e9rica Latina\">\n\t\t\t\t\t\t\t\t<img loading=\"lazy\" decoding=\"async\" width=\"300\" height=\"225\" src=\"https:\/\/www.icesi.edu.co\/oem\/wp-content\/uploads\/2023\/06\/IMG_6488-300x225.jpg\" class=\"attachment-medium size-medium wp-post-image\" alt=\"\" srcset=\"https:\/\/www.icesi.edu.co\/oem\/wp-content\/uploads\/2023\/06\/IMG_6488-300x225.jpg 300w, https:\/\/www.icesi.edu.co\/oem\/wp-content\/uploads\/2023\/06\/IMG_6488-1024x768.jpg 1024w, https:\/\/www.icesi.edu.co\/oem\/wp-content\/uploads\/2023\/06\/IMG_6488-768x576.jpg 768w, https:\/\/www.icesi.edu.co\/oem\/wp-content\/uploads\/2023\/06\/IMG_6488-1536x1152.jpg 1536w, https:\/\/www.icesi.edu.co\/oem\/wp-content\/uploads\/2023\/06\/IMG_6488-2048x1536.jpg 2048w\" sizes=\"auto, (max-width: 300px) 100vw, 300px\" \/>\t\t\t\t\t\t\t<\/a>\n  \t\t\t\t\t\t\t  \t\t\t\t\t\t\t  \t\t\t\t\t\t<\/div>\n  \t\t\t\t\t\t  \t\t\t\t\t<\/div>\n          \t\t\t\t\t<div class=\"box-text text-left is-small\" >\n\t\t\t\t\t<div class=\"box-text-inner blog-post-inner\">\n\n\t\t\t\t\t\n\t\t\t\t\t\t\t\t\t\t\t<p class=\"cat-label tag-label is-xxsmall op-7 uppercase\">\n\t\t\t\t\tboletines de prensa \t\t\t\t\t<\/p>\n\t\t\t\t\t\t\t\t\t\t<h5 class=\"post-title is-large \">\n\t\t\t\t\t\t<a href=\"https:\/\/www.icesi.edu.co\/oem\/cali-sera-sede-de-encuentro-sobre-politicas-publicas-y-economia-del-cuidado-en-america-latina\/\" class=\"plain\">Cali ser\u00e1 sede de encuentro sobre pol\u00edticas p\u00fablicas y econom\u00eda del cuidado en Am\u00e9rica Latina<\/a>\n\t\t\t\t\t<\/h5>\n\t\t\t\t\t\t\t\t\t\t<div class=\"is-divider\"><\/div>\n\t\t\t\t\t\t\t\t\t\t<p class=\"from_the_blog_excerpt \">\n\t\t\t\t\t\t\t\t\t\t\t<\/p>\n\t\t\t\t\t                    \n\t\t\t\t\t\t\t\t\t\t\t<a href=\"https:\/\/www.icesi.edu.co\/oem\/cali-sera-sede-de-encuentro-sobre-politicas-publicas-y-economia-del-cuidado-en-america-latina\/\" class=\"button  is-link is-xsmall mb-0\">\n\t\t\t\t\t\t\tLeer m\u00e1s\t\t\t\t\t\t<\/a>\n\t\t\t\t\t\n\t\t\t\t\t\n\t\t\t\t\t<\/div>\n\t\t\t\t\t<\/div>\n\t\t\t\t\t\t\t\t\t\t\t\t\t\t\t\t<div class=\"badge absolute top post-date badge-circle\">\n\t\t\t\t\t\t\t<div class=\"badge-inner\">\n\t\t\t\t\t\t\t\t<span class=\"post-date-day\">03<\/span><br>\n\t\t\t\t\t\t\t\t<span class=\"post-date-month is-xsmall\">Jun<\/span>\n\t\t\t\t\t\t\t<\/div>\n\t\t\t\t\t\t<\/div>\n\t\t\t\t\t\t\t\t\t<\/div>\n\t\t\t<\/div>\n\t\t<\/div><div class=\"col post-item\" >\n\t\t\t<div class=\"col-inner\">\n\t\t\t\t<div class=\"box box-vertical box-text-bottom box-blog-post has-hover\">\n            \t\t\t\t\t<div class=\"box-image\" style=\"width:30%;\">\n  \t\t\t\t\t\t<div class=\"image-cover\" style=\"padding-top:56%;\">\n\t\t\t\t\t\t\t<a href=\"https:\/\/www.icesi.edu.co\/oem\/mujeres-lideresas-del-norte-del-cauca-culminaron-un-proceso-de-empoderamiento-y-liderazgo\/\" class=\"plain\" aria-label=\"Mujeres lideresas del norte del Cauca culminaron un proceso de empoderamiento y liderazgo\">\n\t\t\t\t\t\t\t\t<img loading=\"lazy\" decoding=\"async\" width=\"300\" height=\"225\" src=\"https:\/\/www.icesi.edu.co\/oem\/wp-content\/uploads\/2023\/11\/Mujeres-lideresas-del-norte-del-Cauca-culminaron-un-proceso-de-empoderamiento-300x225.jpg\" class=\"attachment-medium size-medium wp-post-image\" alt=\"\" srcset=\"https:\/\/www.icesi.edu.co\/oem\/wp-content\/uploads\/2023\/11\/Mujeres-lideresas-del-norte-del-Cauca-culminaron-un-proceso-de-empoderamiento-300x225.jpg 300w, https:\/\/www.icesi.edu.co\/oem\/wp-content\/uploads\/2023\/11\/Mujeres-lideresas-del-norte-del-Cauca-culminaron-un-proceso-de-empoderamiento-768x576.jpg 768w, https:\/\/www.icesi.edu.co\/oem\/wp-content\/uploads\/2023\/11\/Mujeres-lideresas-del-norte-del-Cauca-culminaron-un-proceso-de-empoderamiento.jpg 950w\" sizes=\"auto, (max-width: 300px) 100vw, 300px\" \/>\t\t\t\t\t\t\t<\/a>\n  \t\t\t\t\t\t\t  \t\t\t\t\t\t\t  \t\t\t\t\t\t<\/div>\n  \t\t\t\t\t\t  \t\t\t\t\t<\/div>\n          \t\t\t\t\t<div class=\"box-text text-left is-small\" >\n\t\t\t\t\t<div class=\"box-text-inner blog-post-inner\">\n\n\t\t\t\t\t\n\t\t\t\t\t\t\t\t\t\t\t<p class=\"cat-label tag-label is-xxsmall op-7 uppercase\">\n\t\t\t\t\tboletines de prensa \t\t\t\t\t<\/p>\n\t\t\t\t\t\t\t\t\t\t<h5 class=\"post-title is-large \">\n\t\t\t\t\t\t<a href=\"https:\/\/www.icesi.edu.co\/oem\/mujeres-lideresas-del-norte-del-cauca-culminaron-un-proceso-de-empoderamiento-y-liderazgo\/\" class=\"plain\">Mujeres lideresas del norte del Cauca culminaron un proceso de empoderamiento y liderazgo<\/a>\n\t\t\t\t\t<\/h5>\n\t\t\t\t\t\t\t\t\t\t<div class=\"is-divider\"><\/div>\n\t\t\t\t\t\t\t\t\t\t<p class=\"from_the_blog_excerpt \">\n\t\t\t\t\t\t\t\t\t\t\t<\/p>\n\t\t\t\t\t                    \n\t\t\t\t\t\t\t\t\t\t\t<a href=\"https:\/\/www.icesi.edu.co\/oem\/mujeres-lideresas-del-norte-del-cauca-culminaron-un-proceso-de-empoderamiento-y-liderazgo\/\" class=\"button  is-link is-xsmall mb-0\">\n\t\t\t\t\t\t\tLeer m\u00e1s\t\t\t\t\t\t<\/a>\n\t\t\t\t\t\n\t\t\t\t\t\n\t\t\t\t\t<\/div>\n\t\t\t\t\t<\/div>\n\t\t\t\t\t\t\t\t\t\t\t\t\t\t\t\t<div class=\"badge absolute top post-date badge-circle\">\n\t\t\t\t\t\t\t<div class=\"badge-inner\">\n\t\t\t\t\t\t\t\t<span class=\"post-date-day\">19<\/span><br>\n\t\t\t\t\t\t\t\t<span class=\"post-date-month is-xsmall\">May<\/span>\n\t\t\t\t\t\t\t<\/div>\n\t\t\t\t\t\t<\/div>\n\t\t\t\t\t\t\t\t\t<\/div>\n\t\t\t<\/div>\n\t\t<\/div><div class=\"col post-item\" >\n\t\t\t<div class=\"col-inner\">\n\t\t\t\t<div class=\"box box-vertical box-text-bottom box-blog-post has-hover\">\n            \t\t\t\t\t<div class=\"box-image\" style=\"width:30%;\">\n  \t\t\t\t\t\t<div class=\"image-cover\" style=\"padding-top:56%;\">\n\t\t\t\t\t\t\t<a href=\"https:\/\/www.icesi.edu.co\/oem\/mas-de-la-mitad-de-las-mujeres-de-tumaco-no-tienen-un-trabajo-remunerado\/\" class=\"plain\" aria-label=\"M\u00e1s de la mitad de las mujeres de Tumaco no tienen un trabajo remunerado\">\n\t\t\t\t\t\t\t\t<img loading=\"lazy\" decoding=\"async\" width=\"300\" height=\"200\" src=\"https:\/\/www.icesi.edu.co\/oem\/wp-content\/uploads\/2023\/11\/Las-mujeres-de-tumaco-no-tiene-trabajo-no-remunerado-300x200.jpg\" class=\"attachment-medium size-medium wp-post-image\" alt=\"\" srcset=\"https:\/\/www.icesi.edu.co\/oem\/wp-content\/uploads\/2023\/11\/Las-mujeres-de-tumaco-no-tiene-trabajo-no-remunerado-300x200.jpg 300w, https:\/\/www.icesi.edu.co\/oem\/wp-content\/uploads\/2023\/11\/Las-mujeres-de-tumaco-no-tiene-trabajo-no-remunerado-768x512.jpg 768w, https:\/\/www.icesi.edu.co\/oem\/wp-content\/uploads\/2023\/11\/Las-mujeres-de-tumaco-no-tiene-trabajo-no-remunerado.jpg 950w\" sizes=\"auto, (max-width: 300px) 100vw, 300px\" \/>\t\t\t\t\t\t\t<\/a>\n  \t\t\t\t\t\t\t  \t\t\t\t\t\t\t  \t\t\t\t\t\t<\/div>\n  \t\t\t\t\t\t  \t\t\t\t\t<\/div>\n          \t\t\t\t\t<div class=\"box-text text-left is-small\" >\n\t\t\t\t\t<div class=\"box-text-inner blog-post-inner\">\n\n\t\t\t\t\t\n\t\t\t\t\t\t\t\t\t\t\t<p class=\"cat-label tag-label is-xxsmall op-7 uppercase\">\n\t\t\t\t\tboletines de prensa \t\t\t\t\t<\/p>\n\t\t\t\t\t\t\t\t\t\t<h5 class=\"post-title is-large \">\n\t\t\t\t\t\t<a href=\"https:\/\/www.icesi.edu.co\/oem\/mas-de-la-mitad-de-las-mujeres-de-tumaco-no-tienen-un-trabajo-remunerado\/\" class=\"plain\">M\u00e1s de la mitad de las mujeres de Tumaco no tienen un trabajo remunerado<\/a>\n\t\t\t\t\t<\/h5>\n\t\t\t\t\t\t\t\t\t\t<div class=\"is-divider\"><\/div>\n\t\t\t\t\t\t\t\t\t\t<p class=\"from_the_blog_excerpt \">\n\t\t\t\t\t\t\t\t\t\t\t<\/p>\n\t\t\t\t\t                    \n\t\t\t\t\t\t\t\t\t\t\t<a href=\"https:\/\/www.icesi.edu.co\/oem\/mas-de-la-mitad-de-las-mujeres-de-tumaco-no-tienen-un-trabajo-remunerado\/\" class=\"button  is-link is-xsmall mb-0\">\n\t\t\t\t\t\t\tLeer m\u00e1s\t\t\t\t\t\t<\/a>\n\t\t\t\t\t\n\t\t\t\t\t\n\t\t\t\t\t<\/div>\n\t\t\t\t\t<\/div>\n\t\t\t\t\t\t\t\t\t\t\t\t\t\t\t\t<div class=\"badge absolute top post-date badge-circle\">\n\t\t\t\t\t\t\t<div class=\"badge-inner\">\n\t\t\t\t\t\t\t\t<span class=\"post-date-day\">03<\/span><br>\n\t\t\t\t\t\t\t\t<span class=\"post-date-month is-xsmall\">May<\/span>\n\t\t\t\t\t\t\t<\/div>\n\t\t\t\t\t\t<\/div>\n\t\t\t\t\t\t\t\t\t<\/div>\n\t\t\t<\/div>\n\t\t<\/div><div class=\"col post-item\" >\n\t\t\t<div class=\"col-inner\">\n\t\t\t\t<div class=\"box box-vertical box-text-bottom box-blog-post has-hover\">\n            \t\t\t\t\t<div class=\"box-image\" style=\"width:30%;\">\n  \t\t\t\t\t\t<div class=\"image-cover\" style=\"padding-top:56%;\">\n\t\t\t\t\t\t\t<a href=\"https:\/\/www.icesi.edu.co\/oem\/dia-de-las-madres-el-24-de-las-mujeres-en-cali-estan-preparando-a-sus-hijos-para-que-las-mantengan-en-la-vejez\/\" class=\"plain\" aria-label=\"D\u00eda de las Madres: el 24% de las mujeres en Cali est\u00e1n preparando a sus hijos para que las mantengan en la vejez\">\n\t\t\t\t\t\t\t\t<img loading=\"lazy\" decoding=\"async\" width=\"300\" height=\"169\" src=\"https:\/\/www.icesi.edu.co\/oem\/wp-content\/uploads\/2023\/05\/DSC05192-300x169.jpg\" class=\"attachment-medium size-medium wp-post-image\" alt=\"\" srcset=\"https:\/\/www.icesi.edu.co\/oem\/wp-content\/uploads\/2023\/05\/DSC05192-300x169.jpg 300w, https:\/\/www.icesi.edu.co\/oem\/wp-content\/uploads\/2023\/05\/DSC05192-1024x576.jpg 1024w, https:\/\/www.icesi.edu.co\/oem\/wp-content\/uploads\/2023\/05\/DSC05192-768x432.jpg 768w, https:\/\/www.icesi.edu.co\/oem\/wp-content\/uploads\/2023\/05\/DSC05192-1536x864.jpg 1536w, https:\/\/www.icesi.edu.co\/oem\/wp-content\/uploads\/2023\/05\/DSC05192-2048x1152.jpg 2048w\" sizes=\"auto, (max-width: 300px) 100vw, 300px\" \/>\t\t\t\t\t\t\t<\/a>\n  \t\t\t\t\t\t\t  \t\t\t\t\t\t\t  \t\t\t\t\t\t<\/div>\n  \t\t\t\t\t\t  \t\t\t\t\t\t\t<div class=\"absolute no-click x50 y50 md-x50 md-y50 lg-x50 lg-y50\">\n  \t\t\t\t            \t<div class=\"overlay-icon\">\n  \t\t\t\t                    <i class=\"icon-play\" aria-hidden=\"true\"><\/i>  \t\t\t\t                <\/div>\n  \t\t\t\t            <\/div>\n  \t\t\t\t\t\t  \t\t\t\t\t<\/div>\n          \t\t\t\t\t<div class=\"box-text text-left is-small\" >\n\t\t\t\t\t<div class=\"box-text-inner blog-post-inner\">\n\n\t\t\t\t\t\n\t\t\t\t\t\t\t\t\t\t\t<p class=\"cat-label tag-label is-xxsmall op-7 uppercase\">\n\t\t\t\t\tboletines de prensa noticias \t\t\t\t\t<\/p>\n\t\t\t\t\t\t\t\t\t\t<h5 class=\"post-title is-large \">\n\t\t\t\t\t\t<a href=\"https:\/\/www.icesi.edu.co\/oem\/dia-de-las-madres-el-24-de-las-mujeres-en-cali-estan-preparando-a-sus-hijos-para-que-las-mantengan-en-la-vejez\/\" class=\"plain\">D\u00eda de las Madres: el 24% de las mujeres en Cali est\u00e1n preparando a sus hijos para que las mantengan en la vejez<\/a>\n\t\t\t\t\t<\/h5>\n\t\t\t\t\t\t\t\t\t\t<div class=\"is-divider\"><\/div>\n\t\t\t\t\t\t\t\t\t\t<p class=\"from_the_blog_excerpt \">\n\t\t\t\t\t\tUn estudio del Observatorio para la Equidad de las Mujeres revel\u00f3 que el 24% de [...]\t\t\t\t\t<\/p>\n\t\t\t\t\t                    \n\t\t\t\t\t\t\t\t\t\t\t<a href=\"https:\/\/www.icesi.edu.co\/oem\/dia-de-las-madres-el-24-de-las-mujeres-en-cali-estan-preparando-a-sus-hijos-para-que-las-mantengan-en-la-vejez\/\" class=\"button  is-link is-xsmall mb-0\">\n\t\t\t\t\t\t\tLeer m\u00e1s\t\t\t\t\t\t<\/a>\n\t\t\t\t\t\n\t\t\t\t\t\n\t\t\t\t\t<\/div>\n\t\t\t\t\t<\/div>\n\t\t\t\t\t\t\t\t\t\t\t\t\t\t\t\t<div class=\"badge absolute top post-date badge-circle\">\n\t\t\t\t\t\t\t<div class=\"badge-inner\">\n\t\t\t\t\t\t\t\t<span class=\"post-date-day\">01<\/span><br>\n\t\t\t\t\t\t\t\t<span class=\"post-date-month is-xsmall\">May<\/span>\n\t\t\t\t\t\t\t<\/div>\n\t\t\t\t\t\t<\/div>\n\t\t\t\t\t\t\t\t\t<\/div>\n\t\t\t<\/div>\n\t\t<\/div><div class=\"col post-item\" >\n\t\t\t<div class=\"col-inner\">\n\t\t\t\t<div class=\"box box-vertical box-text-bottom box-blog-post has-hover\">\n            \t\t\t\t\t<div class=\"box-image\" style=\"width:30%;\">\n  \t\t\t\t\t\t<div class=\"image-cover\" style=\"padding-top:56%;\">\n\t\t\t\t\t\t\t<a href=\"https:\/\/www.icesi.edu.co\/oem\/estudio-revela-la-situacion-de-las-mujeres-en-tumaco-y-resalta-la-necesidad-de-crear-una-politica-nacional-de-cuidado\/\" class=\"plain\" aria-label=\"Estudio revela la situaci\u00f3n de las mujeres en Tumaco y resalta la necesidad de crear una pol\u00edtica nacional de cuidado\">\n\t\t\t\t\t\t\t\t<img loading=\"lazy\" decoding=\"async\" width=\"300\" height=\"225\" src=\"https:\/\/www.icesi.edu.co\/oem\/wp-content\/uploads\/2023\/11\/Estudio-revela-la-situacion-de-las-mujeres-en-Tumaco-300x225.jpg\" class=\"attachment-medium size-medium wp-post-image\" alt=\"\" srcset=\"https:\/\/www.icesi.edu.co\/oem\/wp-content\/uploads\/2023\/11\/Estudio-revela-la-situacion-de-las-mujeres-en-Tumaco-300x225.jpg 300w, https:\/\/www.icesi.edu.co\/oem\/wp-content\/uploads\/2023\/11\/Estudio-revela-la-situacion-de-las-mujeres-en-Tumaco-768x576.jpg 768w, https:\/\/www.icesi.edu.co\/oem\/wp-content\/uploads\/2023\/11\/Estudio-revela-la-situacion-de-las-mujeres-en-Tumaco.jpg 950w\" sizes=\"auto, (max-width: 300px) 100vw, 300px\" \/>\t\t\t\t\t\t\t<\/a>\n  \t\t\t\t\t\t\t  \t\t\t\t\t\t\t  \t\t\t\t\t\t<\/div>\n  \t\t\t\t\t\t  \t\t\t\t\t<\/div>\n          \t\t\t\t\t<div class=\"box-text text-left is-small\" >\n\t\t\t\t\t<div class=\"box-text-inner blog-post-inner\">\n\n\t\t\t\t\t\n\t\t\t\t\t\t\t\t\t\t\t<p class=\"cat-label tag-label is-xxsmall op-7 uppercase\">\n\t\t\t\t\tboletines de prensa \t\t\t\t\t<\/p>\n\t\t\t\t\t\t\t\t\t\t<h5 class=\"post-title is-large \">\n\t\t\t\t\t\t<a href=\"https:\/\/www.icesi.edu.co\/oem\/estudio-revela-la-situacion-de-las-mujeres-en-tumaco-y-resalta-la-necesidad-de-crear-una-politica-nacional-de-cuidado\/\" class=\"plain\">Estudio revela la situaci\u00f3n de las mujeres en Tumaco y resalta la necesidad de crear una pol\u00edtica nacional de cuidado<\/a>\n\t\t\t\t\t<\/h5>\n\t\t\t\t\t\t\t\t\t\t<div class=\"is-divider\"><\/div>\n\t\t\t\t\t\t\t\t\t\t<p class=\"from_the_blog_excerpt \">\n\t\t\t\t\t\t\t\t\t\t\t<\/p>\n\t\t\t\t\t                    \n\t\t\t\t\t\t\t\t\t\t\t<a href=\"https:\/\/www.icesi.edu.co\/oem\/estudio-revela-la-situacion-de-las-mujeres-en-tumaco-y-resalta-la-necesidad-de-crear-una-politica-nacional-de-cuidado\/\" class=\"button  is-link is-xsmall mb-0\">\n\t\t\t\t\t\t\tLeer m\u00e1s\t\t\t\t\t\t<\/a>\n\t\t\t\t\t\n\t\t\t\t\t\n\t\t\t\t\t<\/div>\n\t\t\t\t\t<\/div>\n\t\t\t\t\t\t\t\t\t\t\t\t\t\t\t\t<div class=\"badge absolute top post-date badge-circle\">\n\t\t\t\t\t\t\t<div class=\"badge-inner\">\n\t\t\t\t\t\t\t\t<span class=\"post-date-day\">03<\/span><br>\n\t\t\t\t\t\t\t\t<span class=\"post-date-month is-xsmall\">Abr<\/span>\n\t\t\t\t\t\t\t<\/div>\n\t\t\t\t\t\t<\/div>\n\t\t\t\t\t\t\t\t\t<\/div>\n\t\t\t<\/div>\n\t\t<\/div><div class=\"col post-item\" >\n\t\t\t<div class=\"col-inner\">\n\t\t\t\t<div class=\"box box-vertical box-text-bottom box-blog-post has-hover\">\n            \t\t\t\t\t<div class=\"box-image\" style=\"width:30%;\">\n  \t\t\t\t\t\t<div class=\"image-cover\" style=\"padding-top:56%;\">\n\t\t\t\t\t\t\t<a href=\"https:\/\/www.icesi.edu.co\/oem\/migrar-por-trabajo-1-de-cada-4-mujeres-de-tumaco-se-ha-ido-a-trabajar-a-otra-region-o-pais\/\" class=\"plain\" aria-label=\"Migrar por trabajo: 1 de cada 4 mujeres de Tumaco se ha ido a trabajar a otra regi\u00f3n o pa\u00eds\">\n\t\t\t\t\t\t\t\t<img loading=\"lazy\" decoding=\"async\" width=\"300\" height=\"200\" src=\"https:\/\/www.icesi.edu.co\/oem\/wp-content\/uploads\/2023\/11\/las-mujeres-de-tumaco-migran-en-busqueda-de-trabajo-300x200.jpg\" class=\"attachment-medium size-medium wp-post-image\" alt=\"\" srcset=\"https:\/\/www.icesi.edu.co\/oem\/wp-content\/uploads\/2023\/11\/las-mujeres-de-tumaco-migran-en-busqueda-de-trabajo-300x200.jpg 300w, https:\/\/www.icesi.edu.co\/oem\/wp-content\/uploads\/2023\/11\/las-mujeres-de-tumaco-migran-en-busqueda-de-trabajo-1024x683.jpg 1024w, https:\/\/www.icesi.edu.co\/oem\/wp-content\/uploads\/2023\/11\/las-mujeres-de-tumaco-migran-en-busqueda-de-trabajo-768x512.jpg 768w, https:\/\/www.icesi.edu.co\/oem\/wp-content\/uploads\/2023\/11\/las-mujeres-de-tumaco-migran-en-busqueda-de-trabajo.jpg 1500w\" sizes=\"auto, (max-width: 300px) 100vw, 300px\" \/>\t\t\t\t\t\t\t<\/a>\n  \t\t\t\t\t\t\t  \t\t\t\t\t\t\t  \t\t\t\t\t\t<\/div>\n  \t\t\t\t\t\t  \t\t\t\t\t<\/div>\n          \t\t\t\t\t<div class=\"box-text text-left is-small\" >\n\t\t\t\t\t<div class=\"box-text-inner blog-post-inner\">\n\n\t\t\t\t\t\n\t\t\t\t\t\t\t\t\t\t\t<p class=\"cat-label tag-label is-xxsmall op-7 uppercase\">\n\t\t\t\t\tboletines de prensa \t\t\t\t\t<\/p>\n\t\t\t\t\t\t\t\t\t\t<h5 class=\"post-title is-large \">\n\t\t\t\t\t\t<a href=\"https:\/\/www.icesi.edu.co\/oem\/migrar-por-trabajo-1-de-cada-4-mujeres-de-tumaco-se-ha-ido-a-trabajar-a-otra-region-o-pais\/\" class=\"plain\">Migrar por trabajo: 1 de cada 4 mujeres de Tumaco se ha ido a trabajar a otra regi\u00f3n o pa\u00eds<\/a>\n\t\t\t\t\t<\/h5>\n\t\t\t\t\t\t\t\t\t\t<div class=\"is-divider\"><\/div>\n\t\t\t\t\t\t\t\t\t\t<p class=\"from_the_blog_excerpt \">\n\t\t\t\t\t\t\t\t\t\t\t<\/p>\n\t\t\t\t\t                    \n\t\t\t\t\t\t\t\t\t\t\t<a href=\"https:\/\/www.icesi.edu.co\/oem\/migrar-por-trabajo-1-de-cada-4-mujeres-de-tumaco-se-ha-ido-a-trabajar-a-otra-region-o-pais\/\" class=\"button  is-link is-xsmall mb-0\">\n\t\t\t\t\t\t\tLeer m\u00e1s\t\t\t\t\t\t<\/a>\n\t\t\t\t\t\n\t\t\t\t\t\n\t\t\t\t\t<\/div>\n\t\t\t\t\t<\/div>\n\t\t\t\t\t\t\t\t\t\t\t\t\t\t\t\t<div class=\"badge absolute top post-date badge-circle\">\n\t\t\t\t\t\t\t<div class=\"badge-inner\">\n\t\t\t\t\t\t\t\t<span class=\"post-date-day\">03<\/span><br>\n\t\t\t\t\t\t\t\t<span class=\"post-date-month is-xsmall\">Abr<\/span>\n\t\t\t\t\t\t\t<\/div>\n\t\t\t\t\t\t<\/div>\n\t\t\t\t\t\t\t\t\t<\/div>\n\t\t\t<\/div>\n\t\t<\/div><div class=\"col post-item\" >\n\t\t\t<div class=\"col-inner\">\n\t\t\t\t<div class=\"box box-vertical box-text-bottom box-blog-post has-hover\">\n            \t\t\t\t\t<div class=\"box-image\" style=\"width:30%;\">\n  \t\t\t\t\t\t<div class=\"image-cover\" style=\"padding-top:56%;\">\n\t\t\t\t\t\t\t<a href=\"https:\/\/www.icesi.edu.co\/oem\/el-observatorio-para-la-equidad-de-las-mujeres-gano-el-galardon-de-la-mujer-vallecaucana\/\" class=\"plain\" aria-label=\"El Observatorio para la Equidad de las Mujeres gan\u00f3 el Galard\u00f3n de la Mujer Vallecaucana\">\n\t\t\t\t\t\t\t\t<img loading=\"lazy\" decoding=\"async\" width=\"300\" height=\"237\" src=\"https:\/\/www.icesi.edu.co\/oem\/wp-content\/uploads\/2023\/03\/Galardon-1-300x237.jpg\" class=\"attachment-medium size-medium wp-post-image\" alt=\"\" srcset=\"https:\/\/www.icesi.edu.co\/oem\/wp-content\/uploads\/2023\/03\/Galardon-1-300x237.jpg 300w, https:\/\/www.icesi.edu.co\/oem\/wp-content\/uploads\/2023\/03\/Galardon-1-768x607.jpg 768w, https:\/\/www.icesi.edu.co\/oem\/wp-content\/uploads\/2023\/03\/Galardon-1.jpg 828w\" sizes=\"auto, (max-width: 300px) 100vw, 300px\" \/>\t\t\t\t\t\t\t<\/a>\n  \t\t\t\t\t\t\t  \t\t\t\t\t\t\t  \t\t\t\t\t\t<\/div>\n  \t\t\t\t\t\t  \t\t\t\t\t<\/div>\n          \t\t\t\t\t<div class=\"box-text text-left is-small\" >\n\t\t\t\t\t<div class=\"box-text-inner blog-post-inner\">\n\n\t\t\t\t\t\n\t\t\t\t\t\t\t\t\t\t\t<p class=\"cat-label tag-label is-xxsmall op-7 uppercase\">\n\t\t\t\t\tboletines de prensa \t\t\t\t\t<\/p>\n\t\t\t\t\t\t\t\t\t\t<h5 class=\"post-title is-large \">\n\t\t\t\t\t\t<a href=\"https:\/\/www.icesi.edu.co\/oem\/el-observatorio-para-la-equidad-de-las-mujeres-gano-el-galardon-de-la-mujer-vallecaucana\/\" class=\"plain\">El Observatorio para la Equidad de las Mujeres gan\u00f3 el Galard\u00f3n de la Mujer Vallecaucana<\/a>\n\t\t\t\t\t<\/h5>\n\t\t\t\t\t\t\t\t\t\t<div class=\"is-divider\"><\/div>\n\t\t\t\t\t\t\t\t\t\t<p class=\"from_the_blog_excerpt \">\n\t\t\t\t\t\torem ipsum dolor sit amet, consectetuer adipiscing elit, sed diam nonummy nibh euismod . [...]\t\t\t\t\t<\/p>\n\t\t\t\t\t                    \n\t\t\t\t\t\t\t\t\t\t\t<a href=\"https:\/\/www.icesi.edu.co\/oem\/el-observatorio-para-la-equidad-de-las-mujeres-gano-el-galardon-de-la-mujer-vallecaucana\/\" class=\"button  is-link is-xsmall mb-0\">\n\t\t\t\t\t\t\tLeer m\u00e1s\t\t\t\t\t\t<\/a>\n\t\t\t\t\t\n\t\t\t\t\t\n\t\t\t\t\t<\/div>\n\t\t\t\t\t<\/div>\n\t\t\t\t\t\t\t\t\t\t\t\t\t\t\t\t<div class=\"badge absolute top post-date badge-circle\">\n\t\t\t\t\t\t\t<div class=\"badge-inner\">\n\t\t\t\t\t\t\t\t<span class=\"post-date-day\">30<\/span><br>\n\t\t\t\t\t\t\t\t<span class=\"post-date-month is-xsmall\">Mar<\/span>\n\t\t\t\t\t\t\t<\/div>\n\t\t\t\t\t\t<\/div>\n\t\t\t\t\t\t\t\t\t<\/div>\n\t\t\t<\/div>\n\t\t<\/div><\/div>\n\n\n\t\t<\/div>\n\t\t\t\t\t<\/div>\n\n\t\n\n<\/div>\n<div class=\"row\"  id=\"row-1883877039\">\n\n\n<\/div>\n\n","protected":false},"excerpt":{"rendered":"","protected":false},"author":1,"featured_media":0,"parent":0,"menu_order":0,"comment_status":"closed","ping_status":"closed","template":"page-blank.php","meta":{"footnotes":""},"class_list":["post-7904","page","type-page","status-publish","hentry"],"_links":{"self":[{"href":"https:\/\/www.icesi.edu.co\/oem\/wp-json\/wp\/v2\/pages\/7904","targetHints":{"allow":["GET"]}}],"collection":[{"href":"https:\/\/www.icesi.edu.co\/oem\/wp-json\/wp\/v2\/pages"}],"about":[{"href":"https:\/\/www.icesi.edu.co\/oem\/wp-json\/wp\/v2\/types\/page"}],"author":[{"embeddable":true,"href":"https:\/\/www.icesi.edu.co\/oem\/wp-json\/wp\/v2\/users\/1"}],"replies":[{"embeddable":true,"href":"https:\/\/www.icesi.edu.co\/oem\/wp-json\/wp\/v2\/comments?post=7904"}],"version-history":[{"count":12,"href":"https:\/\/www.icesi.edu.co\/oem\/wp-json\/wp\/v2\/pages\/7904\/revisions"}],"predecessor-version":[{"id":8446,"href":"https:\/\/www.icesi.edu.co\/oem\/wp-json\/wp\/v2\/pages\/7904\/revisions\/8446"}],"wp:attachment":[{"href":"https:\/\/www.icesi.edu.co\/oem\/wp-json\/wp\/v2\/media?parent=7904"}],"curies":[{"name":"wp","href":"https:\/\/api.w.org\/{rel}","templated":true}]}}